{"id":925,"date":"2018-10-19T09:01:06","date_gmt":"2018-10-19T08:01:06","guid":{"rendered":"http:\/\/pedagog.zsme.pl\/?page_id=925"},"modified":"2018-10-19T09:02:47","modified_gmt":"2018-10-19T08:02:47","slug":"dzien-promocji-zdrowia-psychicznego","status":"publish","type":"page","link":"http:\/\/pedagog.zsme.pl\/aktualnosci\/dzien-promocji-zdrowia-psychicznego\/","title":{"rendered":"Dzie\u0144 promocji zdrowia psychicznego"},"content":{"rendered":"<p>Uczniowie klas trzecich Technikum wzi\u0119li udzia\u0142 w \u201eRybnickich Dniach Zdrowia Psychicznego\u201d organizowanych przez \u201eStowarzyszenie pod Wie\u017c\u0105\u201d, dzia\u0142aj\u0105ce przy SPZOZ Pa\u0144stwowym Szpitalu dla Nerwowo i Psychicznie Chorych w Rybniku. Prelekcje prowadzone przez terapeut\u0119, lekarza i psychologa dotyczy\u0142y problematyki zdrowia psychicznego m\u0142odzie\u017cy. W\u015br\u00f3d poruszanych temat\u00f3w znalaz\u0142y si\u0119: \u201eDepresja i zachowania autodestrukcyjne wieku dorastania\u201d, \u201eM\u0142odzi ludzie w pu\u0142apce uzale\u017cnie\u0144<span class=\"text_exposed_show\">\u201d oraz \u201eZaburzenia natury psychicznej i depresyjnej\u201d. M\u0142odzi ludzie zwiedzili pracowni\u0119 r\u0119kodzie\u0142a oraz wzi\u0119li udzia\u0142 w warsztatach: \u201eWyra\u017a siebie przez sztuk\u0119\u201d. Zdrowie psychiczne to niezwykle wa\u017cny temat, kt\u00f3ry w obecnych czasach zaczyna interesowa\u0107 coraz wi\u0119ksz\u0105 cz\u0119\u015b\u0107 spo\u0142ecze\u0144stwa. Kiedy\u015b zdrowie psychiczne by\u0142o tematem tabu, a osoby borykaj\u0105ce si\u0119 z problemami natury psychicznej, jednocze\u015bnie musia\u0142y mierzy\u0107 si\u0119 z wykluczeniem spo\u0142ecznym.<\/span><\/p>\n<div id='gallery-1' class='gallery galleryid-925 gallery-columns-2 gallery-size-thumbnail'><figure class='gallery-item'>\n\t\t\t<div class='gallery-icon portrait'>\n\t\t\t\t<a href='http:\/\/pedagog.zsme.pl\/wp-content\/uploads\/2018\/10\/1.jpg'><img loading=\"lazy\" decoding=\"async\" width=\"150\" height=\"150\" src=\"http:\/\/pedagog.zsme.pl\/wp-content\/uploads\/2018\/10\/1-150x150.jpg\" class=\"attachment-thumbnail size-thumbnail\" alt=\"\" srcset=\"http:\/\/pedagog.zsme.pl\/wp-content\/uploads\/2018\/10\/1-150x150.jpg 150w, http:\/\/pedagog.zsme.pl\/wp-content\/uploads\/2018\/10\/1-100x100.jpg 100w\" sizes=\"(max-width: 150px) 85vw, 150px\" \/><\/a>\n\t\t\t<\/div><\/figure><figure class='gallery-item'>\n\t\t\t<div class='gallery-icon landscape'>\n\t\t\t\t<a href='http:\/\/pedagog.zsme.pl\/wp-content\/uploads\/2018\/10\/2.jpg'><img loading=\"lazy\" decoding=\"async\" width=\"150\" height=\"150\" src=\"http:\/\/pedagog.zsme.pl\/wp-content\/uploads\/2018\/10\/2-150x150.jpg\" class=\"attachment-thumbnail size-thumbnail\" alt=\"\" srcset=\"http:\/\/pedagog.zsme.pl\/wp-content\/uploads\/2018\/10\/2-150x150.jpg 150w, http:\/\/pedagog.zsme.pl\/wp-content\/uploads\/2018\/10\/2-100x100.jpg 100w\" sizes=\"(max-width: 150px) 85vw, 150px\" \/><\/a>\n\t\t\t<\/div><\/figure><figure class='gallery-item'>\n\t\t\t<div class='gallery-icon portrait'>\n\t\t\t\t<a href='http:\/\/pedagog.zsme.pl\/wp-content\/uploads\/2018\/10\/3.jpg'><img loading=\"lazy\" decoding=\"async\" width=\"150\" height=\"150\" src=\"http:\/\/pedagog.zsme.pl\/wp-content\/uploads\/2018\/10\/3-150x150.jpg\" class=\"attachment-thumbnail size-thumbnail\" alt=\"\" srcset=\"http:\/\/pedagog.zsme.pl\/wp-content\/uploads\/2018\/10\/3-150x150.jpg 150w, http:\/\/pedagog.zsme.pl\/wp-content\/uploads\/2018\/10\/3-100x100.jpg 100w\" sizes=\"(max-width: 150px) 85vw, 150px\" \/><\/a>\n\t\t\t<\/div><\/figure><figure class='gallery-item'>\n\t\t\t<div class='gallery-icon landscape'>\n\t\t\t\t<a href='http:\/\/pedagog.zsme.pl\/wp-content\/uploads\/2018\/10\/4.jpg'><img loading=\"lazy\" decoding=\"async\" width=\"150\" height=\"150\" src=\"http:\/\/pedagog.zsme.pl\/wp-content\/uploads\/2018\/10\/4-150x150.jpg\" class=\"attachment-thumbnail size-thumbnail\" alt=\"\" srcset=\"http:\/\/pedagog.zsme.pl\/wp-content\/uploads\/2018\/10\/4-150x150.jpg 150w, http:\/\/pedagog.zsme.pl\/wp-content\/uploads\/2018\/10\/4-100x100.jpg 100w\" sizes=\"(max-width: 150px) 85vw, 150px\" \/><\/a>\n\t\t\t<\/div><\/figure><figure class='gallery-item'>\n\t\t\t<div class='gallery-icon landscape'>\n\t\t\t\t<a href='http:\/\/pedagog.zsme.pl\/wp-content\/uploads\/2018\/10\/5.jpg'><img loading=\"lazy\" decoding=\"async\" width=\"150\" height=\"150\" src=\"http:\/\/pedagog.zsme.pl\/wp-content\/uploads\/2018\/10\/5-150x150.jpg\" class=\"attachment-thumbnail size-thumbnail\" alt=\"\" srcset=\"http:\/\/pedagog.zsme.pl\/wp-content\/uploads\/2018\/10\/5-150x150.jpg 150w, http:\/\/pedagog.zsme.pl\/wp-content\/uploads\/2018\/10\/5-100x100.jpg 100w\" sizes=\"(max-width: 150px) 85vw, 150px\" \/><\/a>\n\t\t\t<\/div><\/figure><figure class='gallery-item'>\n\t\t\t<div class='gallery-icon landscape'>\n\t\t\t\t<a href='http:\/\/pedagog.zsme.pl\/wp-content\/uploads\/2018\/10\/6.jpg'><img loading=\"lazy\" decoding=\"async\" width=\"150\" height=\"150\" src=\"http:\/\/pedagog.zsme.pl\/wp-content\/uploads\/2018\/10\/6-150x150.jpg\" class=\"attachment-thumbnail size-thumbnail\" alt=\"\" srcset=\"http:\/\/pedagog.zsme.pl\/wp-content\/uploads\/2018\/10\/6-150x150.jpg 150w, http:\/\/pedagog.zsme.pl\/wp-content\/uploads\/2018\/10\/6-100x100.jpg 100w\" sizes=\"(max-width: 150px) 85vw, 150px\" \/><\/a>\n\t\t\t<\/div><\/figure><figure class='gallery-item'>\n\t\t\t<div class='gallery-icon landscape'>\n\t\t\t\t<a href='http:\/\/pedagog.zsme.pl\/wp-content\/uploads\/2018\/10\/7.jpg'><img loading=\"lazy\" decoding=\"async\" width=\"150\" height=\"150\" src=\"http:\/\/pedagog.zsme.pl\/wp-content\/uploads\/2018\/10\/7-150x150.jpg\" class=\"attachment-thumbnail size-thumbnail\" alt=\"\" srcset=\"http:\/\/pedagog.zsme.pl\/wp-content\/uploads\/2018\/10\/7-150x150.jpg 150w, http:\/\/pedagog.zsme.pl\/wp-content\/uploads\/2018\/10\/7-100x100.jpg 100w\" sizes=\"(max-width: 150px) 85vw, 150px\" \/><\/a>\n\t\t\t<\/div><\/figure><figure class='gallery-item'>\n\t\t\t<div class='gallery-icon landscape'>\n\t\t\t\t<a href='http:\/\/pedagog.zsme.pl\/wp-content\/uploads\/2018\/10\/8.jpg'><img loading=\"lazy\" decoding=\"async\" width=\"150\" height=\"150\" src=\"http:\/\/pedagog.zsme.pl\/wp-content\/uploads\/2018\/10\/8-150x150.jpg\" class=\"attachment-thumbnail size-thumbnail\" alt=\"\" srcset=\"http:\/\/pedagog.zsme.pl\/wp-content\/uploads\/2018\/10\/8-150x150.jpg 150w, http:\/\/pedagog.zsme.pl\/wp-content\/uploads\/2018\/10\/8-100x100.jpg 100w\" sizes=\"(max-width: 150px) 85vw, 150px\" \/><\/a>\n\t\t\t<\/div><\/figure><figure class='gallery-item'>\n\t\t\t<div class='gallery-icon landscape'>\n\t\t\t\t<a href='http:\/\/pedagog.zsme.pl\/wp-content\/uploads\/2018\/10\/9.jpg'><img loading=\"lazy\" decoding=\"async\" width=\"150\" height=\"150\" src=\"http:\/\/pedagog.zsme.pl\/wp-content\/uploads\/2018\/10\/9-150x150.jpg\" class=\"attachment-thumbnail size-thumbnail\" alt=\"\" srcset=\"http:\/\/pedagog.zsme.pl\/wp-content\/uploads\/2018\/10\/9-150x150.jpg 150w, http:\/\/pedagog.zsme.pl\/wp-content\/uploads\/2018\/10\/9-100x100.jpg 100w\" sizes=\"(max-width: 150px) 85vw, 150px\" \/><\/a>\n\t\t\t<\/div><\/figure><figure class='gallery-item'>\n\t\t\t<div class='gallery-icon landscape'>\n\t\t\t\t<a href='http:\/\/pedagog.zsme.pl\/wp-content\/uploads\/2018\/10\/10.jpg'><img loading=\"lazy\" decoding=\"async\" width=\"150\" height=\"150\" src=\"http:\/\/pedagog.zsme.pl\/wp-content\/uploads\/2018\/10\/10-150x150.jpg\" class=\"attachment-thumbnail size-thumbnail\" alt=\"\" srcset=\"http:\/\/pedagog.zsme.pl\/wp-content\/uploads\/2018\/10\/10-150x150.jpg 150w, http:\/\/pedagog.zsme.pl\/wp-content\/uploads\/2018\/10\/10-100x100.jpg 100w\" sizes=\"(max-width: 150px) 85vw, 150px\" \/><\/a>\n\t\t\t<\/div><\/figure>\n\t\t<\/div>\n\n<p>Wi\u0119cej na ten temat:\u00a0<a href=\"https:\/\/www.rybnik.com.pl\/wiadomosci,rybnickie-dni-zdrowia-psychicznego-to-byl-strzal-w-10,wia5-3266-38383.html\">https:\/\/www.rybnik.com.pl\/wiadomosci,rybnickie-dni-zdrowia-psychicznego-to-byl-strzal-w-10,wia5-3266-38383.html<\/a><\/p>\n","protected":false},"excerpt":{"rendered":"<p>Uczniowie klas trzecich Technikum wzi\u0119li udzia\u0142 w \u201eRybnickich Dniach Zdrowia Psychicznego\u201d organizowanych przez \u201eStowarzyszenie pod Wie\u017c\u0105\u201d, dzia\u0142aj\u0105ce przy SPZOZ Pa\u0144stwowym Szpitalu dla Nerwowo i Psychicznie Chorych w Rybniku. Prelekcje prowadzone przez terapeut\u0119, lekarza i psychologa dotyczy\u0142y problematyki zdrowia psychicznego m\u0142odzie\u017cy. W\u015br\u00f3d poruszanych temat\u00f3w znalaz\u0142y si\u0119: \u201eDepresja i zachowania autodestrukcyjne wieku dorastania\u201d, \u201eM\u0142odzi ludzie w pu\u0142apce &hellip; <a href=\"http:\/\/pedagog.zsme.pl\/aktualnosci\/dzien-promocji-zdrowia-psychicznego\/\" class=\"more-link\">Czytaj dalej<span class=\"screen-reader-text\"> Dzie\u0144 promocji zdrowia psychicznego<\/span><\/a><\/p>\n","protected":false},"author":2,"featured_media":0,"parent":0,"menu_order":0,"comment_status":"closed","ping_status":"closed","template":"","meta":{"footnotes":""},"_links":{"self":[{"href":"http:\/\/pedagog.zsme.pl\/aktualnosci\/wp-json\/wp\/v2\/pages\/925"}],"collection":[{"href":"http:\/\/pedagog.zsme.pl\/aktualnosci\/wp-json\/wp\/v2\/pages"}],"about":[{"href":"http:\/\/pedagog.zsme.pl\/aktualnosci\/wp-json\/wp\/v2\/types\/page"}],"author":[{"embeddable":true,"href":"http:\/\/pedagog.zsme.pl\/aktualnosci\/wp-json\/wp\/v2\/users\/2"}],"replies":[{"embeddable":true,"href":"http:\/\/pedagog.zsme.pl\/aktualnosci\/wp-json\/wp\/v2\/comments?post=925"}],"version-history":[{"count":3,"href":"http:\/\/pedagog.zsme.pl\/aktualnosci\/wp-json\/wp\/v2\/pages\/925\/revisions"}],"predecessor-version":[{"id":939,"href":"http:\/\/pedagog.zsme.pl\/aktualnosci\/wp-json\/wp\/v2\/pages\/925\/revisions\/939"}],"wp:attachment":[{"href":"http:\/\/pedagog.zsme.pl\/aktualnosci\/wp-json\/wp\/v2\/media?parent=925"}],"curies":[{"name":"wp","href":"https:\/\/api.w.org\/{rel}","templated":true}]}}