{"id":203,"date":"2017-03-30T09:50:47","date_gmt":"2017-03-30T08:50:47","guid":{"rendered":"http:\/\/pedagog.zsme.pl\/wordpress\/?page_id=203"},"modified":"2020-04-06T20:17:24","modified_gmt":"2020-04-06T19:17:24","slug":"wolontariat","status":"publish","type":"page","link":"http:\/\/pedagog.zsme.pl\/aktualnosci\/wolontariat\/","title":{"rendered":"Wolontariat"},"content":{"rendered":"<h6>Nie mo\u017ce zabrakn\u0105\u0107 nam czu\u0142o\u015bci, bezpiecznych gest\u00f3w, kt\u00f3re przekazuj\u0105 dobro. W czasie epidemii zara\u017caj dobrem.<\/h6>\n<p><img loading=\"lazy\" decoding=\"async\" class=\"alignnone size-medium wp-image-1192\" src=\"https:\/\/pedagog.zsme.pl\/wp-content\/uploads\/2020\/04\/92341514_243903540068485_6791972088308563968_n-300x300.jpg\" alt=\"\" width=\"300\" height=\"300\" srcset=\"http:\/\/pedagog.zsme.pl\/wp-content\/uploads\/2020\/04\/92341514_243903540068485_6791972088308563968_n-300x300.jpg 300w, http:\/\/pedagog.zsme.pl\/wp-content\/uploads\/2020\/04\/92341514_243903540068485_6791972088308563968_n-150x150.jpg 150w, http:\/\/pedagog.zsme.pl\/wp-content\/uploads\/2020\/04\/92341514_243903540068485_6791972088308563968_n-768x768.jpg 768w, http:\/\/pedagog.zsme.pl\/wp-content\/uploads\/2020\/04\/92341514_243903540068485_6791972088308563968_n.jpg 959w\" sizes=\"(max-width: 300px) 85vw, 300px\" \/><\/p>\n<p>Realizujemy zdalnie projekt pt. \u201eIntegracja \u2013 wyczulenie na obecno\u015b\u0107 i potrzeby innych\u201d. Uczniowie Zespo\u0142u Szk\u00f3\u0142 Mechaniczno-Elektrycznych w Rybniku, ich bliscy, oraz uczennice Szko\u0142y Podstawowej nr 8 w Rybniku zdj\u0119ciami przywitali kwiecie\u0144 \u2013 miesi\u0105c wiedzy na temat autyzmu. Ubrali si\u0119 na niebiesko, na znak solidarno\u015bci z osobami z autyzmem.<\/p>\n<p><img loading=\"lazy\" decoding=\"async\" class=\"alignnone size-medium wp-image-1182\" src=\"https:\/\/pedagog.zsme.pl\/wp-content\/uploads\/2020\/04\/91775437_703192820423536_1970358762921263104_n-300x300.jpg\" alt=\"\" width=\"300\" height=\"300\" srcset=\"http:\/\/pedagog.zsme.pl\/wp-content\/uploads\/2020\/04\/91775437_703192820423536_1970358762921263104_n-300x300.jpg 300w, http:\/\/pedagog.zsme.pl\/wp-content\/uploads\/2020\/04\/91775437_703192820423536_1970358762921263104_n-150x150.jpg 150w, http:\/\/pedagog.zsme.pl\/wp-content\/uploads\/2020\/04\/91775437_703192820423536_1970358762921263104_n-768x768.jpg 768w, http:\/\/pedagog.zsme.pl\/wp-content\/uploads\/2020\/04\/91775437_703192820423536_1970358762921263104_n-1024x1024.jpg 1024w, http:\/\/pedagog.zsme.pl\/wp-content\/uploads\/2020\/04\/91775437_703192820423536_1970358762921263104_n-1200x1200.jpg 1200w, http:\/\/pedagog.zsme.pl\/wp-content\/uploads\/2020\/04\/91775437_703192820423536_1970358762921263104_n.jpg 2003w\" sizes=\"(max-width: 300px) 85vw, 300px\" \/><\/p>\n<h6>Dzie\u0144 tolerancji<\/h6>\n<p>26 lutego 2020 roku uczniowie klasy 2ZB oraz uczennice ze Szko\u0142y Podstawowej nr 18 im. Jana Brzechwy w Rybniku wraz z podopiecznymi Stowarzyszenia Oligos mieli okazj\u0119 wzi\u0105\u0107 udzia\u0142 w drugim ju\u017c spotkaniu z serii \u201cWyczulenie na obecno\u015b\u0107<br \/>\ni potrzeby innych\u201d. Ide\u0105 spotkania by\u0142a integracja w grupach oraz kszta\u0142towanie w\u0142a\u015bciwych postaw spo\u0142ecznych wobec os\u00f3b niepe\u0142nosprawnych.<br \/>\nUczniowie po spotkaniu tak je komentowali:<br \/>\n\u201cBardzo podoba\u0142o mi si\u0119 na dzisiejszych warsztatach. Super l<span class=\"text_exposed_show\">udzie, kt\u00f3rzy mimo tego, \u017ce s\u0105 chorzy maj\u0105 wi\u0119cej rado\u015bci z \u017cycia ni\u017c zdrowy cz\u0142owiek. Powinni\u015bmy bra\u0107 z nich przyk\u0142ad\u201d.<\/span><\/p>\n<div class=\"text_exposed_show\">\n<p>\u201cBy\u0142o fajnie. By\u0142o zaskakuj\u0105co. I by\u0142o \u015bmiesznie\u201d.<\/p>\n<p>\u201cBy\u0142o fajnie. W niekt\u00f3rych momentach zadziwiaj\u0105co\u201d.<\/p>\n<p>\u201cBardzo fajne prze\u017cycie. Ludzie bardzo w porz\u0105dku, ciesz\u0105 si\u0119 z najmniejszych rzeczy, kt\u00f3re dostan\u0105 albo zrobi\u0105. Powinni\u015bmy bra\u0107 z nich przyk\u0142ad\u201d.<\/p>\n<p>\u201cMoje wra\u017cenia z dzisiejszego dnia na warsztatach by\u0142y bardzo pozytywne. Troszk\u0119 ma\u0142y stresik na pocz\u0105tku, ale potem by\u0142o git\u201d.<\/p>\n<\/div>\n<div id='gallery-1' class='gallery galleryid-203 gallery-columns-3 gallery-size-thumbnail'><figure class='gallery-item'>\n\t\t\t<div class='gallery-icon landscape'>\n\t\t\t\t<a href='http:\/\/pedagog.zsme.pl\/wp-content\/uploads\/2020\/03\/2.jpg'><img loading=\"lazy\" decoding=\"async\" width=\"150\" height=\"150\" src=\"http:\/\/pedagog.zsme.pl\/wp-content\/uploads\/2020\/03\/2-150x150.jpg\" class=\"attachment-thumbnail size-thumbnail\" alt=\"\" \/><\/a>\n\t\t\t<\/div><\/figure><figure class='gallery-item'>\n\t\t\t<div class='gallery-icon landscape'>\n\t\t\t\t<a href='http:\/\/pedagog.zsme.pl\/wp-content\/uploads\/2020\/03\/3.jpg'><img loading=\"lazy\" decoding=\"async\" width=\"150\" height=\"150\" src=\"http:\/\/pedagog.zsme.pl\/wp-content\/uploads\/2020\/03\/3-150x150.jpg\" class=\"attachment-thumbnail size-thumbnail\" alt=\"\" \/><\/a>\n\t\t\t<\/div><\/figure><figure class='gallery-item'>\n\t\t\t<div class='gallery-icon portrait'>\n\t\t\t\t<a href='http:\/\/pedagog.zsme.pl\/wp-content\/uploads\/2020\/03\/89039334_2921289564597425_8993896224901824512_n.jpg'><img loading=\"lazy\" decoding=\"async\" width=\"150\" height=\"150\" src=\"http:\/\/pedagog.zsme.pl\/wp-content\/uploads\/2020\/03\/89039334_2921289564597425_8993896224901824512_n-150x150.jpg\" class=\"attachment-thumbnail size-thumbnail\" alt=\"\" \/><\/a>\n\t\t\t<\/div><\/figure><figure class='gallery-item'>\n\t\t\t<div class='gallery-icon landscape'>\n\t\t\t\t<a href='http:\/\/pedagog.zsme.pl\/wp-content\/uploads\/2020\/03\/89109523_2921289344597447_3566695328277069824_n.jpg'><img loading=\"lazy\" decoding=\"async\" width=\"150\" height=\"150\" src=\"http:\/\/pedagog.zsme.pl\/wp-content\/uploads\/2020\/03\/89109523_2921289344597447_3566695328277069824_n-150x150.jpg\" class=\"attachment-thumbnail size-thumbnail\" alt=\"\" \/><\/a>\n\t\t\t<\/div><\/figure><figure class='gallery-item'>\n\t\t\t<div class='gallery-icon portrait'>\n\t\t\t\t<a href='http:\/\/pedagog.zsme.pl\/wp-content\/uploads\/2020\/03\/89279686_2921289467930768_7729679073839939584_n.jpg'><img loading=\"lazy\" decoding=\"async\" width=\"150\" height=\"150\" src=\"http:\/\/pedagog.zsme.pl\/wp-content\/uploads\/2020\/03\/89279686_2921289467930768_7729679073839939584_n-150x150.jpg\" class=\"attachment-thumbnail size-thumbnail\" alt=\"\" \/><\/a>\n\t\t\t<\/div><\/figure><figure class='gallery-item'>\n\t\t\t<div class='gallery-icon landscape'>\n\t\t\t\t<a href='http:\/\/pedagog.zsme.pl\/wp-content\/uploads\/2020\/03\/89311299_2921289487930766_6623227753871179776_n.jpg'><img loading=\"lazy\" decoding=\"async\" width=\"150\" height=\"150\" src=\"http:\/\/pedagog.zsme.pl\/wp-content\/uploads\/2020\/03\/89311299_2921289487930766_6623227753871179776_n-150x150.jpg\" class=\"attachment-thumbnail size-thumbnail\" alt=\"\" \/><\/a>\n\t\t\t<\/div><\/figure>\n\t\t<\/div>\n\n<p>&nbsp;<\/p>\n<h6>Gala Barwy Wolontariatu Woj. \u015al\u0105skiego 2019 w Katowicach<\/h6>\n<h6><img loading=\"lazy\" decoding=\"async\" class=\"alignnone wp-image-1143 size-full\" src=\"https:\/\/pedagog.zsme.pl\/wp-content\/uploads\/2020\/01\/gala-wolontariay.jpg\" alt=\"\" width=\"960\" height=\"640\" srcset=\"http:\/\/pedagog.zsme.pl\/wp-content\/uploads\/2020\/01\/gala-wolontariay.jpg 960w, http:\/\/pedagog.zsme.pl\/wp-content\/uploads\/2020\/01\/gala-wolontariay-300x200.jpg 300w, http:\/\/pedagog.zsme.pl\/wp-content\/uploads\/2020\/01\/gala-wolontariay-768x512.jpg 768w\" sizes=\"(max-width: 709px) 85vw, (max-width: 909px) 67vw, (max-width: 1362px) 62vw, 840px\" \/><\/h6>\n<h6>Barwy wolontariatu<\/h6>\n<blockquote class=\"instagram-media\" style=\"background: #FFF; border: 0; border-radius: 3px; box-shadow: 0 0 1px 0 rgba(0,0,0,0.5),0 1px 10px 0 rgba(0,0,0,0.15); margin: 1px; max-width: 540px; min-width: 326px; padding: 0; width: calc(100% - 2px);\" data-instgrm-captioned=\"\" data-instgrm-permalink=\"https:\/\/www.instagram.com\/p\/B5V5StKDmQE\/?utm_source=ig_embed&amp;utm_campaign=loading\" data-instgrm-version=\"12\">\n<div style=\"padding: 16px;\">\n<p>&nbsp;<\/p>\n<div style=\"display: flex; flex-direction: row; align-items: center;\">\n<div style=\"background-color: #f4f4f4; border-radius: 50%; flex-grow: 0; height: 40px; margin-right: 14px; width: 40px;\"><\/div>\n<div style=\"display: flex; flex-direction: column; flex-grow: 1; justify-content: center;\">\n<div style=\"background-color: #f4f4f4; border-radius: 4px; flex-grow: 0; height: 14px; margin-bottom: 6px; width: 100px;\"><\/div>\n<div style=\"background-color: #f4f4f4; border-radius: 4px; flex-grow: 0; height: 14px; width: 60px;\"><\/div>\n<\/div>\n<\/div>\n<div style=\"padding: 19% 0;\"><\/div>\n<div style=\"display: block; height: 50px; margin: 0 auto 12px; width: 50px;\"><\/div>\n<div style=\"padding-top: 8px;\">\n<div style=\"color: #3897f0; font-family: Arial,sans-serif; font-size: 14px; font-style: normal; font-weight: 550; line-height: 18px;\">Wy\u015bwietl ten post na Instagramie.<\/div>\n<\/div>\n<div style=\"padding: 12.5% 0;\"><\/div>\n<div style=\"display: flex; flex-direction: row; margin-bottom: 14px; align-items: center;\">\n<div>\n<div style=\"background-color: #f4f4f4; border-radius: 50%; height: 12.5px; width: 12.5px; transform: translateX(0px) translateY(7px);\"><\/div>\n<div style=\"background-color: #f4f4f4; height: 12.5px; transform: rotate(-45deg) translateX(3px) translateY(1px); width: 12.5px; flex-grow: 0; margin-right: 14px; margin-left: 2px;\"><\/div>\n<div style=\"background-color: #f4f4f4; border-radius: 50%; height: 12.5px; width: 12.5px; transform: translateX(9px) translateY(-18px);\"><\/div>\n<\/div>\n<div style=\"margin-left: 8px;\">\n<div style=\"background-color: #f4f4f4; border-radius: 50%; flex-grow: 0; height: 20px; width: 20px;\"><\/div>\n<div style=\"width: 0; height: 0; border-top: 2px solid transparent; border-left: 6px solid #f4f4f4; border-bottom: 2px solid transparent; transform: translateX(16px) translateY(-4px) rotate(30deg);\"><\/div>\n<\/div>\n<div style=\"margin-left: auto;\">\n<div style=\"width: 0px; border-top: 8px solid #F4F4F4; border-right: 8px solid transparent; transform: translateY(16px);\"><\/div>\n<div style=\"background-color: #f4f4f4; flex-grow: 0; height: 12px; width: 16px; transform: translateY(-4px);\"><\/div>\n<div style=\"width: 0; height: 0; border-top: 8px solid #F4F4F4; border-left: 8px solid transparent; transform: translateY(-4px) translateX(8px);\"><\/div>\n<\/div>\n<\/div>\n<p>&nbsp;<\/p>\n<p style=\"margin: 8px 0 0 0; padding: 0 4px;\"><a style=\"color: #000; font-family: Arial,sans-serif; font-size: 14px; font-style: normal; font-weight: normal; line-height: 17px; text-decoration: none; word-wrap: break-word;\" href=\"https:\/\/www.instagram.com\/p\/B5V5StKDmQE\/?utm_source=ig_embed&amp;utm_campaign=loading\" target=\"_blank\" rel=\"noopener\">Obrady kapitu\u0142y #barwywolontariatu ju\u017c za nami &#x1f4aa;&#x1f60a; My ju\u017c wyniki znamy, Wy poznacie je podczas tegorocznej Gali Wolontariatu ju\u017c 12 grudnia! &#x1f632;&#x1f92b; #wolontariat #wolo #katowice #trzecisektor #rcw #rcwkato #\u015bl\u0105skiewolontariaty #silesia #silesianwolo #regionalnecentrumwolontariatu #centrumwolontariatu #galawolontariatu #nagroda #konkurs<\/a><\/p>\n<p style=\"color: #c9c8cd; font-family: Arial,sans-serif; font-size: 14px; line-height: 17px; margin-bottom: 0; margin-top: 8px; overflow: hidden; padding: 8px 0 7px; text-align: center; text-overflow: ellipsis; white-space: nowrap;\">Post udost\u0119pniony przez <a style=\"color: #c9c8cd; font-family: Arial,sans-serif; font-size: 14px; font-style: normal; font-weight: normal; line-height: 17px;\" href=\"https:\/\/www.instagram.com\/centrum_wolontariatu_katowice\/?utm_source=ig_embed&amp;utm_campaign=loading\" target=\"_blank\" rel=\"noopener\"> wolontariat w woj. \u015bl\u0105skim<\/a> (@centrum_wolontariatu_katowice) <time style=\"font-family: Arial,sans-serif; font-size: 14px; line-height: 17px;\" datetime=\"2019-11-26T20:30:23+00:00\">Lis 26, 2019 o 12:30 PST<\/time><\/p>\n<\/div>\n<\/blockquote>\n<p><script async src=\"\/\/www.instagram.com\/embed.js\"><\/script><\/p>\n<h6 class=\"news-title\">\u0141zy wzruszenia. Bezdomni otrzymali \u015bwi\u0105teczne paczki<\/h6>\n<p>Pi\u0119knym gestem wykazali si\u0119 uczniowie z\u00a0Zespo\u0142u Szkolno-Przedszkolnego w\u00a0Gminie Ornontowice oraz\u00a0Zespo\u0142u Szk\u00f3\u0142 Mechaniczno-Elektrycznych im. Tadeusza Ko\u015bciuszki w\u00a0Rybniku. &#8211; Przygotowali bowiem paczki \u015bwi\u0105teczne dla\u00a0os\u00f3b bezdomnych, w\u00a0kt\u00f3rych znalaz\u0142y si\u0119 m.in. artyku\u0142y spo\u017cywcze, bielizna, kosmetyki i\u00a0ubrania. Dodatkowo dzieci ze szko\u0142y z\u00a0Ornontowic, w\u0142asnor\u0119cznie wykona\u0142y kartki z\u00a0\u017cyczeniami \u2013 m\u00f3wi\u00a0<strong>sier\u017c. sztab. Dariusz Jaroszewski<\/strong>\u00a0z\u00a0rybnickiej policji.<\/p>\n<p>G\u0142\u00f3wnym inicjatorem akcji by\u0142 Zesp\u00f3\u0142 ds. Bezdomno\u015bci OPS w\u00a0Rybniku, kt\u00f3ry nawi\u0105za\u0142 kontakt ze szko\u0142ami i\u00a0zaprosi\u0142 do\u00a0wsp\u00f3\u0142pracy Policj\u0119 oraz\u00a0Stra\u017c Miejsk\u0105. &#8211; Wczoraj od\u00a0samego rana rozwo\u017cono paczki do\u00a0miejsc, w\u00a0kt\u00f3rych przebywaj\u0105 osoby bezdomne. Tym zadaniem zaj\u0119li si\u0119 rybniccy policjanci, stra\u017cnicy miejscy oraz\u00a0pracownik z\u00a0Zespo\u0142u ds. Bezdomno\u015bci OPS w\u00a0Rybniku. Obdarowane osoby nie kry\u0142y wzruszenia. Szczeg\u00f3ln\u0105 rado\u015b\u0107 sprawi\u0142y im\u00a0kartki \u015bwi\u0105teczne z\u00a0\u017cyczeniami od\u00a0dzieci \u2013 dowiadujemy si\u0119.<\/p>\n<div id='gallery-2' class='gallery galleryid-203 gallery-columns-3 gallery-size-thumbnail'><figure class='gallery-item'>\n\t\t\t<div class='gallery-icon landscape'>\n\t\t\t\t<a href='http:\/\/pedagog.zsme.pl\/wp-content\/uploads\/2019\/10\/1.jpg'><img loading=\"lazy\" decoding=\"async\" width=\"150\" height=\"150\" src=\"http:\/\/pedagog.zsme.pl\/wp-content\/uploads\/2019\/10\/1-150x150.jpg\" class=\"attachment-thumbnail size-thumbnail\" alt=\"\" \/><\/a>\n\t\t\t<\/div><\/figure><figure class='gallery-item'>\n\t\t\t<div class='gallery-icon landscape'>\n\t\t\t\t<a href='http:\/\/pedagog.zsme.pl\/wp-content\/uploads\/2019\/10\/2.jpg'><img loading=\"lazy\" decoding=\"async\" width=\"150\" height=\"150\" src=\"http:\/\/pedagog.zsme.pl\/wp-content\/uploads\/2019\/10\/2-150x150.jpg\" class=\"attachment-thumbnail size-thumbnail\" alt=\"\" \/><\/a>\n\t\t\t<\/div><\/figure><figure class='gallery-item'>\n\t\t\t<div class='gallery-icon landscape'>\n\t\t\t\t<a href='http:\/\/pedagog.zsme.pl\/wp-content\/uploads\/2019\/10\/3.jpg'><img loading=\"lazy\" decoding=\"async\" width=\"150\" height=\"150\" src=\"http:\/\/pedagog.zsme.pl\/wp-content\/uploads\/2019\/10\/3-150x150.jpg\" class=\"attachment-thumbnail size-thumbnail\" alt=\"\" \/><\/a>\n\t\t\t<\/div><\/figure><figure class='gallery-item'>\n\t\t\t<div class='gallery-icon landscape'>\n\t\t\t\t<a href='http:\/\/pedagog.zsme.pl\/wp-content\/uploads\/2019\/10\/4.jpg'><img loading=\"lazy\" decoding=\"async\" width=\"150\" height=\"150\" src=\"http:\/\/pedagog.zsme.pl\/wp-content\/uploads\/2019\/10\/4-150x150.jpg\" class=\"attachment-thumbnail size-thumbnail\" alt=\"\" \/><\/a>\n\t\t\t<\/div><\/figure><figure class='gallery-item'>\n\t\t\t<div class='gallery-icon landscape'>\n\t\t\t\t<a href='http:\/\/pedagog.zsme.pl\/wp-content\/uploads\/2019\/10\/5.jpg'><img loading=\"lazy\" decoding=\"async\" width=\"150\" height=\"150\" src=\"http:\/\/pedagog.zsme.pl\/wp-content\/uploads\/2019\/10\/5-150x150.jpg\" class=\"attachment-thumbnail size-thumbnail\" alt=\"\" \/><\/a>\n\t\t\t<\/div><\/figure><figure class='gallery-item'>\n\t\t\t<div class='gallery-icon landscape'>\n\t\t\t\t<a href='http:\/\/pedagog.zsme.pl\/wp-content\/uploads\/2019\/10\/6.jpg'><img loading=\"lazy\" decoding=\"async\" width=\"150\" height=\"150\" src=\"http:\/\/pedagog.zsme.pl\/wp-content\/uploads\/2019\/10\/6-150x150.jpg\" class=\"attachment-thumbnail size-thumbnail\" alt=\"\" \/><\/a>\n\t\t\t<\/div><\/figure><figure class='gallery-item'>\n\t\t\t<div class='gallery-icon landscape'>\n\t\t\t\t<a href='http:\/\/pedagog.zsme.pl\/wp-content\/uploads\/2019\/10\/7.jpg'><img loading=\"lazy\" decoding=\"async\" width=\"150\" height=\"150\" src=\"http:\/\/pedagog.zsme.pl\/wp-content\/uploads\/2019\/10\/7-150x150.jpg\" class=\"attachment-thumbnail size-thumbnail\" alt=\"\" \/><\/a>\n\t\t\t<\/div><\/figure><figure class='gallery-item'>\n\t\t\t<div class='gallery-icon landscape'>\n\t\t\t\t<a href='http:\/\/pedagog.zsme.pl\/wp-content\/uploads\/2019\/10\/8.jpg'><img loading=\"lazy\" decoding=\"async\" width=\"150\" height=\"150\" src=\"http:\/\/pedagog.zsme.pl\/wp-content\/uploads\/2019\/10\/8-150x150.jpg\" class=\"attachment-thumbnail size-thumbnail\" alt=\"\" \/><\/a>\n\t\t\t<\/div><\/figure><figure class='gallery-item'>\n\t\t\t<div class='gallery-icon landscape'>\n\t\t\t\t<a href='http:\/\/pedagog.zsme.pl\/wp-content\/uploads\/2019\/10\/9.jpg'><img loading=\"lazy\" decoding=\"async\" width=\"150\" height=\"150\" src=\"http:\/\/pedagog.zsme.pl\/wp-content\/uploads\/2019\/10\/9-150x150.jpg\" class=\"attachment-thumbnail size-thumbnail\" alt=\"\" \/><\/a>\n\t\t\t<\/div><\/figure>\n\t\t<\/div>\n\n<h6>Masz w sobie dobro &#8211; przeka\u017c dalej<\/h6>\n<p>\u201cMasz w sobie dobro \u2013 przeka\u017c dalej\u201d &#8211; to has\u0142o tegorocznych 4 Rybnickich Dni Integracji, w ramach kt\u00f3rych symboliczny klucz do bram miasta na dwa dni przej\u0119\u0142y osoby niepe\u0142nosprawne. Rybnickie Dni Integracji to cykliczna impreza, kt\u00f3rej celem jest pokazanie potencja\u0142u os\u00f3b z niepe\u0142nosprawno\u015bciami oraz zaanga\u017cowanie spo\u0142eczno\u015bci lokalnej we wsp\u00f3lne dzia\u0142anie. Nasi uczniowie: Anna Kawik, Szymon Kesten, Olaf Panek, Bartosz Korzeniowski, Jaros\u0142aw Gardian wzi\u0119li udzia\u0142 na terenie p\u0142ywalni krytej \u201eAkwarium\u201d w Rybniku &#8211; Boguszowicach , w Charytatywnym Maratonie P\u0142ywackim: \u201eP\u0142yniemy dla Alisi\u201d. Uczniowie klasy 2 TB: Jakub Jurczyk, Kacper Krzekotowski i Karol Nieszporek przeprowadzili zaj\u0119cia \u201eAkademia M\u0142odego Technika\u201d, kt\u00f3re cieszy\u0142y si\u0119 wielkim zainteresowaniem<\/p>\n<div id='gallery-3' class='gallery galleryid-203 gallery-columns-3 gallery-size-thumbnail'><figure class='gallery-item'>\n\t\t\t<div class='gallery-icon landscape'>\n\t\t\t\t<a href='http:\/\/pedagog.zsme.pl\/wp-content\/uploads\/2019\/09\/2-1.jpg'><img loading=\"lazy\" decoding=\"async\" width=\"150\" height=\"150\" src=\"http:\/\/pedagog.zsme.pl\/wp-content\/uploads\/2019\/09\/2-1-150x150.jpg\" class=\"attachment-thumbnail size-thumbnail\" alt=\"\" \/><\/a>\n\t\t\t<\/div><\/figure><figure class='gallery-item'>\n\t\t\t<div class='gallery-icon portrait'>\n\t\t\t\t<a href='http:\/\/pedagog.zsme.pl\/wp-content\/uploads\/2019\/09\/3-1.jpg'><img loading=\"lazy\" decoding=\"async\" width=\"150\" height=\"150\" src=\"http:\/\/pedagog.zsme.pl\/wp-content\/uploads\/2019\/09\/3-1-150x150.jpg\" class=\"attachment-thumbnail size-thumbnail\" alt=\"\" \/><\/a>\n\t\t\t<\/div><\/figure><figure class='gallery-item'>\n\t\t\t<div class='gallery-icon landscape'>\n\t\t\t\t<a href='http:\/\/pedagog.zsme.pl\/wp-content\/uploads\/2019\/09\/4-1.jpg'><img loading=\"lazy\" decoding=\"async\" width=\"150\" height=\"150\" src=\"http:\/\/pedagog.zsme.pl\/wp-content\/uploads\/2019\/09\/4-1-150x150.jpg\" class=\"attachment-thumbnail size-thumbnail\" alt=\"\" \/><\/a>\n\t\t\t<\/div><\/figure><figure class='gallery-item'>\n\t\t\t<div class='gallery-icon landscape'>\n\t\t\t\t<a href='http:\/\/pedagog.zsme.pl\/wp-content\/uploads\/2019\/09\/5-1.jpg'><img loading=\"lazy\" decoding=\"async\" width=\"150\" height=\"150\" src=\"http:\/\/pedagog.zsme.pl\/wp-content\/uploads\/2019\/09\/5-1-150x150.jpg\" class=\"attachment-thumbnail size-thumbnail\" alt=\"\" \/><\/a>\n\t\t\t<\/div><\/figure><figure class='gallery-item'>\n\t\t\t<div class='gallery-icon portrait'>\n\t\t\t\t<a href='http:\/\/pedagog.zsme.pl\/wp-content\/uploads\/2019\/09\/6-1.jpg'><img loading=\"lazy\" decoding=\"async\" width=\"150\" height=\"150\" src=\"http:\/\/pedagog.zsme.pl\/wp-content\/uploads\/2019\/09\/6-1-150x150.jpg\" class=\"attachment-thumbnail size-thumbnail\" alt=\"\" \/><\/a>\n\t\t\t<\/div><\/figure><figure class='gallery-item'>\n\t\t\t<div class='gallery-icon landscape'>\n\t\t\t\t<a href='http:\/\/pedagog.zsme.pl\/wp-content\/uploads\/2019\/09\/7-1.jpg'><img loading=\"lazy\" decoding=\"async\" width=\"150\" height=\"150\" src=\"http:\/\/pedagog.zsme.pl\/wp-content\/uploads\/2019\/09\/7-1-150x150.jpg\" class=\"attachment-thumbnail size-thumbnail\" alt=\"\" \/><\/a>\n\t\t\t<\/div><\/figure>\n\t\t<\/div>\n\n<h6><\/h6>\n<h6>Wolontariusze ZSME docenieni<\/h6>\n<p><img loading=\"lazy\" decoding=\"async\" class=\"size-medium wp-image-1060 aligncenter\" src=\"https:\/\/pedagog.zsme.pl\/wp-content\/uploads\/2019\/09\/tytulowe-213x300.jpg\" alt=\"\" width=\"213\" height=\"300\" srcset=\"http:\/\/pedagog.zsme.pl\/wp-content\/uploads\/2019\/09\/tytulowe-213x300.jpg 213w, http:\/\/pedagog.zsme.pl\/wp-content\/uploads\/2019\/09\/tytulowe.jpg 681w\" sizes=\"(max-width: 213px) 85vw, 213px\" \/><\/p>\n<div>W ramach Szkolnego Klubu Wolontariatu Mechanika przeprowadzili\u015bmy kilka akcji:<br \/>\n\uf0fc \u201ePieluszka dla Maluszka\u201d to og\u00f3lnopolska akcja, kt\u00f3ra ma na celu wsparcie dom\u00f3w samotnej matki, dom\u00f3w dziecka, hospicj\u00f3w a przede wszystkim rodzin wychowuj\u0105cych ma\u0142e dzieci w ich trudnej codzienno\u015bci.<br \/>\n\uf0fc Malowanie mieszkania dla p. Marii i jej niepe\u0142nosprawnej c\u00f3rki wykona\u0142o 4 uczni\u00f3w z klasy 3 TB.<br \/>\n\uf0fc Pomoc w przygotowaniu imprezy \u015brodowiskowej dla os\u00f3b starszych w Miejskim Domu Opieki Spo\u0142ecznej z<span class=\"text_exposed_show\">aanga\u017cowali si\u0119 uczniowie 2 TB.<br \/>\nZa dzia\u0142ania wolontaryjne w ramach Szkolnego Klubu Wolontariatu Mechanika w Konkursie dla Szk\u00f3\u0142 Ponadgimnazjalnych Wojew\u00f3dztwa \u015al\u0105skiego otrzymali\u015bmy tytu\u0142 &#8222;Lidera Dobroczynno\u015bci&#8221;. Celem konkursu by\u0142o promowanie wolontariatu, dobroczynno\u015bci, przedsi\u0119wzi\u0119\u0107 i akcji charytatywnych organizowanych przez m\u0142odych ludzi, uhonorowanie aktywnej spo\u0142ecznie m\u0142odzie\u017cy Szk\u00f3\u0142 Ponadgimnazjalnych Wojew\u00f3dztwa \u015al\u0105skiego, a tak\u017ce wymiana do\u015bwiadcze\u0144, pomys\u0142\u00f3w, inspiracji w zakresie dzia\u0142a\u0144 spo\u0142ecznych.<\/span><\/div>\n<div><\/div>\n<div><\/div>\n<div>\n<div id='gallery-4' class='gallery galleryid-203 gallery-columns-3 gallery-size-thumbnail'><figure class='gallery-item'>\n\t\t\t<div class='gallery-icon landscape'>\n\t\t\t\t<a href='http:\/\/pedagog.zsme.pl\/wp-content\/uploads\/2019\/09\/1.jpg'><img loading=\"lazy\" decoding=\"async\" width=\"150\" height=\"150\" src=\"http:\/\/pedagog.zsme.pl\/wp-content\/uploads\/2019\/09\/1-150x150.jpg\" class=\"attachment-thumbnail size-thumbnail\" alt=\"\" \/><\/a>\n\t\t\t<\/div><\/figure><figure class='gallery-item'>\n\t\t\t<div class='gallery-icon landscape'>\n\t\t\t\t<a href='http:\/\/pedagog.zsme.pl\/wp-content\/uploads\/2019\/09\/2.jpg'><img loading=\"lazy\" decoding=\"async\" width=\"150\" height=\"150\" src=\"http:\/\/pedagog.zsme.pl\/wp-content\/uploads\/2019\/09\/2-150x150.jpg\" class=\"attachment-thumbnail size-thumbnail\" alt=\"\" \/><\/a>\n\t\t\t<\/div><\/figure><figure class='gallery-item'>\n\t\t\t<div class='gallery-icon landscape'>\n\t\t\t\t<a href='http:\/\/pedagog.zsme.pl\/wp-content\/uploads\/2019\/09\/3.jpg'><img loading=\"lazy\" decoding=\"async\" width=\"150\" height=\"150\" src=\"http:\/\/pedagog.zsme.pl\/wp-content\/uploads\/2019\/09\/3-150x150.jpg\" class=\"attachment-thumbnail size-thumbnail\" alt=\"\" \/><\/a>\n\t\t\t<\/div><\/figure><figure class='gallery-item'>\n\t\t\t<div class='gallery-icon portrait'>\n\t\t\t\t<a href='http:\/\/pedagog.zsme.pl\/wp-content\/uploads\/2019\/09\/4.jpg'><img loading=\"lazy\" decoding=\"async\" width=\"150\" height=\"150\" src=\"http:\/\/pedagog.zsme.pl\/wp-content\/uploads\/2019\/09\/4-150x150.jpg\" class=\"attachment-thumbnail size-thumbnail\" alt=\"\" \/><\/a>\n\t\t\t<\/div><\/figure><figure class='gallery-item'>\n\t\t\t<div class='gallery-icon portrait'>\n\t\t\t\t<a href='http:\/\/pedagog.zsme.pl\/wp-content\/uploads\/2019\/09\/5.jpg'><img loading=\"lazy\" decoding=\"async\" width=\"150\" height=\"150\" src=\"http:\/\/pedagog.zsme.pl\/wp-content\/uploads\/2019\/09\/5-150x150.jpg\" class=\"attachment-thumbnail size-thumbnail\" alt=\"\" \/><\/a>\n\t\t\t<\/div><\/figure><figure class='gallery-item'>\n\t\t\t<div class='gallery-icon landscape'>\n\t\t\t\t<a href='http:\/\/pedagog.zsme.pl\/wp-content\/uploads\/2019\/09\/6.jpg'><img loading=\"lazy\" decoding=\"async\" width=\"150\" height=\"150\" src=\"http:\/\/pedagog.zsme.pl\/wp-content\/uploads\/2019\/09\/6-150x150.jpg\" class=\"attachment-thumbnail size-thumbnail\" alt=\"\" \/><\/a>\n\t\t\t<\/div><\/figure><figure class='gallery-item'>\n\t\t\t<div class='gallery-icon landscape'>\n\t\t\t\t<a href='http:\/\/pedagog.zsme.pl\/wp-content\/uploads\/2019\/09\/7.jpg'><img loading=\"lazy\" decoding=\"async\" width=\"150\" height=\"150\" src=\"http:\/\/pedagog.zsme.pl\/wp-content\/uploads\/2019\/09\/7-150x150.jpg\" class=\"attachment-thumbnail size-thumbnail\" alt=\"\" \/><\/a>\n\t\t\t<\/div><\/figure><figure class='gallery-item'>\n\t\t\t<div class='gallery-icon portrait'>\n\t\t\t\t<a href='http:\/\/pedagog.zsme.pl\/wp-content\/uploads\/2019\/09\/62550788_2373955725997481_8187777712945889280_n.jpg'><img loading=\"lazy\" decoding=\"async\" width=\"150\" height=\"150\" src=\"http:\/\/pedagog.zsme.pl\/wp-content\/uploads\/2019\/09\/62550788_2373955725997481_8187777712945889280_n-150x150.jpg\" class=\"attachment-thumbnail size-thumbnail\" alt=\"\" \/><\/a>\n\t\t\t<\/div><\/figure><figure class='gallery-item'>\n\t\t\t<div class='gallery-icon portrait'>\n\t\t\t\t<a href='http:\/\/pedagog.zsme.pl\/wp-content\/uploads\/2019\/09\/64366098_2373955709330816_7221500085270478848_n.jpg'><img loading=\"lazy\" decoding=\"async\" width=\"150\" height=\"150\" src=\"http:\/\/pedagog.zsme.pl\/wp-content\/uploads\/2019\/09\/64366098_2373955709330816_7221500085270478848_n-150x150.jpg\" class=\"attachment-thumbnail size-thumbnail\" alt=\"\" \/><\/a>\n\t\t\t<\/div><\/figure>\n\t\t<\/div>\n\n<\/div>\n<div><\/div>\n<div><\/div>\n<div><\/div>\n<div id=\"meta\" class=\"style-scope ytd-watch-flexy\">\n<div id=\"meta-contents\" class=\"style-scope ytd-watch-flexy\">\n<div id=\"container\" class=\"style-scope ytd-video-secondary-info-renderer\">\n<div id=\"content\" class=\"style-scope ytd-expander\">\n<div id=\"description\" class=\"style-scope ytd-video-secondary-info-renderer\">Szkolne Ko\u0142o Wolontariatu Mechanika dzia\u0142aj\u0105ce przy Zespole Szk\u00f3\u0142 Mechaniczno-Elektrycznych im. Tadeusza Ko\u015bciuszki w\u00a0Rybniku &#8211; laureaci I miejsca w konkursie Barwy Wolontariatu 2018 w wojew\u00f3dztwie \u015bl\u0105skim (kategoria grupowa).<\/div>\n<\/div>\n<\/div>\n<\/div>\n<\/div>\n<h6 data-ft=\"{&quot;tn&quot;:&quot;C&quot;}\"><iframe loading=\"lazy\" src=\"\/\/www.youtube.com\/embed\/aJTlixtwsdM\" width=\"560\" height=\"315\" frameborder=\"0\" allowfullscreen=\"allowfullscreen\"><\/iframe><\/h6>\n<p>W grudniu w auli budynku Wydzia\u0142u Teologicznego Uniwersytetu \u015al\u0105skiego w Katowicach podczas uroczystej Gali Wolontariatu Wojew\u00f3dztwa \u015al\u0105skiego Szkolne Ko\u0142o Wolontariatu Mechanika zosta\u0142o laureatem konkursu \u201eBarwy Wolontariatu 2018\u201d w wojew\u00f3dztwie \u015bl\u0105skim. Nagrod\u0119 otrzymali\u015bmy za dzia\u0142ania podj\u0119te na rzecz os\u00f3b z niepe\u0142nosprawno\u015bci\u0105, wspieranie ludzi w trudnych sytuacjach \u017cyciowych, remont budynku dla os\u00f3b niepe\u0142nosprawnych, akcj\u0119 charytatywn\u0105 \u201e\u015awi\u0105teczna paczka Mechanika\u201d, propagowanie idei wolontariatu, prowadzenie spotka\u0144 informacyjno &#8211; edukacyjnych dotycz\u0105cych transplantacji narz\u0105d\u00f3w, realizacj\u0119 projektu: \u201e Akademia M\u0142odego Technika\u201d oraz propagowanie ekonomii spo\u0142ecznej w ramach projektu: \u201eAkademia \u015awiadomego Ekonomisty \u2013 Bank Ambitnej M\u0142odzie\u017cy\u201d. Wszystkim Wolontariuszom i Spo\u0142eczno\u015bci Mechanika serdecznie gratulujemy.<\/p>\n<div id='gallery-5' class='gallery galleryid-203 gallery-columns-2 gallery-size-medium'><figure class='gallery-item'>\n\t\t\t<div class='gallery-icon landscape'>\n\t\t\t\t<a href='http:\/\/pedagog.zsme.pl\/wp-content\/uploads\/2019\/10\/1-2.jpg'><img loading=\"lazy\" decoding=\"async\" width=\"300\" height=\"224\" src=\"http:\/\/pedagog.zsme.pl\/wp-content\/uploads\/2019\/10\/1-2-300x224.jpg\" class=\"attachment-medium size-medium\" alt=\"\" srcset=\"http:\/\/pedagog.zsme.pl\/wp-content\/uploads\/2019\/10\/1-2-300x224.jpg 300w, http:\/\/pedagog.zsme.pl\/wp-content\/uploads\/2019\/10\/1-2-768x574.jpg 768w, http:\/\/pedagog.zsme.pl\/wp-content\/uploads\/2019\/10\/1-2.jpg 960w\" sizes=\"(max-width: 300px) 85vw, 300px\" \/><\/a>\n\t\t\t<\/div><\/figure><figure class='gallery-item'>\n\t\t\t<div class='gallery-icon landscape'>\n\t\t\t\t<a href='http:\/\/pedagog.zsme.pl\/wp-content\/uploads\/2019\/10\/2-2.jpg'><img loading=\"lazy\" decoding=\"async\" width=\"300\" height=\"224\" src=\"http:\/\/pedagog.zsme.pl\/wp-content\/uploads\/2019\/10\/2-2-300x224.jpg\" class=\"attachment-medium size-medium\" alt=\"\" srcset=\"http:\/\/pedagog.zsme.pl\/wp-content\/uploads\/2019\/10\/2-2-300x224.jpg 300w, http:\/\/pedagog.zsme.pl\/wp-content\/uploads\/2019\/10\/2-2-768x574.jpg 768w, http:\/\/pedagog.zsme.pl\/wp-content\/uploads\/2019\/10\/2-2.jpg 960w\" sizes=\"(max-width: 300px) 85vw, 300px\" \/><\/a>\n\t\t\t<\/div><\/figure>\n\t\t<\/div>\n\n<h6 data-ft=\"{&quot;tn&quot;:&quot;C&quot;}\"><img loading=\"lazy\" decoding=\"async\" class=\"size-medium wp-image-395 aligncenter\" src=\"http:\/\/pedagog.zsme.pl\/wp-content\/uploads\/2017\/03\/statuetka-169x300.jpg\" alt=\"\" width=\"169\" height=\"300\" srcset=\"http:\/\/pedagog.zsme.pl\/wp-content\/uploads\/2017\/03\/statuetka-169x300.jpg 169w, http:\/\/pedagog.zsme.pl\/wp-content\/uploads\/2017\/03\/statuetka.jpg 540w\" sizes=\"(max-width: 169px) 85vw, 169px\" \/><img loading=\"lazy\" decoding=\"async\" class=\"size-medium wp-image-1020 aligncenter\" src=\"http:\/\/pedagog.zsme.pl\/wp-content\/uploads\/2018\/12\/0-300x224.jpg\" alt=\"\" width=\"300\" height=\"224\" srcset=\"http:\/\/pedagog.zsme.pl\/wp-content\/uploads\/2018\/12\/0-300x224.jpg 300w, http:\/\/pedagog.zsme.pl\/wp-content\/uploads\/2018\/12\/0-768x574.jpg 768w, http:\/\/pedagog.zsme.pl\/wp-content\/uploads\/2018\/12\/0-1024x766.jpg 1024w, http:\/\/pedagog.zsme.pl\/wp-content\/uploads\/2018\/12\/0-1200x898.jpg 1200w, http:\/\/pedagog.zsme.pl\/wp-content\/uploads\/2018\/12\/0.jpg 2016w\" sizes=\"(max-width: 300px) 85vw, 300px\" \/><\/h6>\n<p>&nbsp;<\/p>\n<div id='gallery-6' class='gallery galleryid-203 gallery-columns-1 gallery-size-full'><figure class='gallery-item'>\n\t\t\t<div class='gallery-icon landscape'>\n\t\t\t\t<img loading=\"lazy\" decoding=\"async\" width=\"960\" height=\"434\" src=\"http:\/\/pedagog.zsme.pl\/wp-content\/uploads\/2019\/10\/1-3.jpg\" class=\"attachment-full size-full\" alt=\"\" srcset=\"http:\/\/pedagog.zsme.pl\/wp-content\/uploads\/2019\/10\/1-3.jpg 960w, http:\/\/pedagog.zsme.pl\/wp-content\/uploads\/2019\/10\/1-3-300x136.jpg 300w, http:\/\/pedagog.zsme.pl\/wp-content\/uploads\/2019\/10\/1-3-768x347.jpg 768w\" sizes=\"(max-width: 709px) 85vw, (max-width: 909px) 67vw, (max-width: 1362px) 62vw, 840px\" \/>\n\t\t\t<\/div><\/figure>\n\t\t<\/div>\n\n<p>\u015awi\u0119ta Bo\u017cego Narodzenia to wyj\u0105tkowy czas. Czas, w kt\u00f3rym odkrywamy nasze lepsze ja i szerzej otwieramy serce na drugiego cz\u0142owieka. Dzielimy si\u0119 tym co mamy, by potrzebuj\u0105cy pomocy r\u00f3wnie\u017c mogli poczu\u0107 \u015bwi\u0105teczn\u0105 atmosfer\u0119. Bywaj\u0105 trudne sytuacje \u017cyciowe, kt\u00f3re cz\u0119sto pojawiaj\u0105 si\u0119 w najmniej oczekiwanym momencie \u2013 wtedy w\u0142a\u015bnie pomoc ma najwi\u0119kszy sens. W tego<span class=\"text_exposed_show\">rocznej edycji \u015awi\u0105tecznej Paczki Mechanika zebrali\u015bmy 3120 z\u0142otych. Rado\u015b\u0107 sprawili\u015bmy pi\u0119ciu rodzinom. Dzi\u0119kujemy wszystkim za zaanga\u017cowanie i serce. Pami\u0119tajmy: Wi\u0119cej szcz\u0119\u015bcia jest w dawaniu, ani\u017celi w braniu. Dzi\u0119kujemy WSZYSTKIM za okazane serce i zaanga\u017cowanie w NASZ\u0104 WSP\u00d3LN\u0104 akcj\u0119!<br \/>\nNiech magiczna moc wigilijnego wieczoru przyniesie Wam spok\u00f3j i rado\u015b\u0107. Niech ka\u017cda chwila \u015bwi\u0105t Bo\u017cego Narodzenia \u017cyje w\u0142asnym pi\u0119knem, a Nowy Rok obdaruje Was pomy\u015blno\u015bci i szcz\u0119\u015bciem. Najpi\u0119kniejszych \u015bwi\u0105t Bo\u017cego Narodzenia \u017cyczy:<\/span><\/p>\n<p>DRU\u017bYNA \u015aWI\u0104TECZNEJ PACZKI MECHANIKA<\/p>\n<p><strong>Ko\u0142o Wolontariatu Mechanika laureatem w kategorii Grupa Wolontariacka 2018<\/strong><\/p>\n<p><img loading=\"lazy\" decoding=\"async\" class=\"alignnone size-medium wp-image-1030\" src=\"http:\/\/pedagog.zsme.pl\/wp-content\/uploads\/2018\/12\/8-1-300x169.jpg\" alt=\"\" width=\"300\" height=\"169\" srcset=\"http:\/\/pedagog.zsme.pl\/wp-content\/uploads\/2018\/12\/8-1-300x169.jpg 300w, http:\/\/pedagog.zsme.pl\/wp-content\/uploads\/2018\/12\/8-1-768x432.jpg 768w, http:\/\/pedagog.zsme.pl\/wp-content\/uploads\/2018\/12\/8-1-1024x576.jpg 1024w, http:\/\/pedagog.zsme.pl\/wp-content\/uploads\/2018\/12\/8-1.jpg 1200w\" sizes=\"(max-width: 300px) 85vw, 300px\" \/><\/p>\n<p><a href=\"https:\/\/www.radio90.pl\/kapitula-wybrala-wolontariusza-roku-w-rybniku.html\" target=\"_blank\" rel=\"noopener\">Kapitu\u0142a wybra\u0142a Wolontariusza Roku w Rybniku<\/a><\/p>\n<h6 data-ft=\"{&quot;tn&quot;:&quot;C&quot;}\"><strong>Wizyty studyjne w Stowarzyszeniu Oligos<\/strong><\/h6>\n<p>\u015arody w naszym o\u015brodku s\u0105 wyj\u0105tkowe, a to za spraw\u0105 wsp\u00f3lnych zaj\u0119\u0107 w ramach wizyt studyjnych uczni\u00f3w z Zespo\u0142u Szk\u00f3\u0142 Elektryczno &#8211; Mechanicznych.<\/p>\n<p><iframe loading=\"lazy\" width=\"840\" height=\"473\" src=\"https:\/\/www.youtube.com\/embed\/2EyxXcZw_34?feature=oembed\" frameborder=\"0\" allow=\"accelerometer; autoplay; encrypted-media; gyroscope; picture-in-picture\" allowfullscreen><\/iframe><\/p>\n<div id='gallery-7' class='gallery galleryid-203 gallery-columns-2 gallery-size-thumbnail'><figure class='gallery-item'>\n\t\t\t<div class='gallery-icon portrait'>\n\t\t\t\t<a href='http:\/\/pedagog.zsme.pl\/wp-content\/uploads\/2018\/12\/7-1.jpg'><img loading=\"lazy\" decoding=\"async\" width=\"150\" height=\"150\" src=\"http:\/\/pedagog.zsme.pl\/wp-content\/uploads\/2018\/12\/7-1-150x150.jpg\" class=\"attachment-thumbnail size-thumbnail\" alt=\"\" \/><\/a>\n\t\t\t<\/div><\/figure><figure class='gallery-item'>\n\t\t\t<div class='gallery-icon landscape'>\n\t\t\t\t<a href='http:\/\/pedagog.zsme.pl\/wp-content\/uploads\/2018\/11\/4.jpg'><img loading=\"lazy\" decoding=\"async\" width=\"150\" height=\"150\" src=\"http:\/\/pedagog.zsme.pl\/wp-content\/uploads\/2018\/11\/4-150x150.jpg\" class=\"attachment-thumbnail size-thumbnail\" alt=\"\" \/><\/a>\n\t\t\t<\/div><\/figure><figure class='gallery-item'>\n\t\t\t<div class='gallery-icon portrait'>\n\t\t\t\t<a href='http:\/\/pedagog.zsme.pl\/wp-content\/uploads\/2018\/11\/2-1.jpg'><img loading=\"lazy\" decoding=\"async\" width=\"150\" height=\"150\" src=\"http:\/\/pedagog.zsme.pl\/wp-content\/uploads\/2018\/11\/2-1-150x150.jpg\" class=\"attachment-thumbnail size-thumbnail\" alt=\"\" \/><\/a>\n\t\t\t<\/div><\/figure><figure class='gallery-item'>\n\t\t\t<div class='gallery-icon landscape'>\n\t\t\t\t<a href='http:\/\/pedagog.zsme.pl\/wp-content\/uploads\/2018\/11\/3-1.jpg'><img loading=\"lazy\" decoding=\"async\" width=\"150\" height=\"150\" src=\"http:\/\/pedagog.zsme.pl\/wp-content\/uploads\/2018\/11\/3-1-150x150.jpg\" class=\"attachment-thumbnail size-thumbnail\" alt=\"\" \/><\/a>\n\t\t\t<\/div><\/figure><figure class='gallery-item'>\n\t\t\t<div class='gallery-icon landscape'>\n\t\t\t\t<a href='http:\/\/pedagog.zsme.pl\/wp-content\/uploads\/2018\/11\/5-1.jpg'><img loading=\"lazy\" decoding=\"async\" width=\"150\" height=\"150\" src=\"http:\/\/pedagog.zsme.pl\/wp-content\/uploads\/2018\/11\/5-1-150x150.jpg\" class=\"attachment-thumbnail size-thumbnail\" alt=\"\" \/><\/a>\n\t\t\t<\/div><\/figure><figure class='gallery-item'>\n\t\t\t<div class='gallery-icon landscape'>\n\t\t\t\t<a href='http:\/\/pedagog.zsme.pl\/wp-content\/uploads\/2018\/11\/6.jpg'><img loading=\"lazy\" decoding=\"async\" width=\"150\" height=\"150\" src=\"http:\/\/pedagog.zsme.pl\/wp-content\/uploads\/2018\/11\/6-150x150.jpg\" class=\"attachment-thumbnail size-thumbnail\" alt=\"\" \/><\/a>\n\t\t\t<\/div><\/figure><figure class='gallery-item'>\n\t\t\t<div class='gallery-icon landscape'>\n\t\t\t\t<a href='http:\/\/pedagog.zsme.pl\/wp-content\/uploads\/2018\/11\/1-1.jpg'><img loading=\"lazy\" decoding=\"async\" width=\"150\" height=\"150\" src=\"http:\/\/pedagog.zsme.pl\/wp-content\/uploads\/2018\/11\/1-1-150x150.jpg\" class=\"attachment-thumbnail size-thumbnail\" alt=\"\" \/><\/a>\n\t\t\t<\/div><\/figure><figure class='gallery-item'>\n\t\t\t<div class='gallery-icon landscape'>\n\t\t\t\t<a href='http:\/\/pedagog.zsme.pl\/wp-content\/uploads\/2018\/11\/zdj8.jpg'><img loading=\"lazy\" decoding=\"async\" width=\"150\" height=\"150\" src=\"http:\/\/pedagog.zsme.pl\/wp-content\/uploads\/2018\/11\/zdj8-150x150.jpg\" class=\"attachment-thumbnail size-thumbnail\" alt=\"\" srcset=\"http:\/\/pedagog.zsme.pl\/wp-content\/uploads\/2018\/11\/zdj8-150x150.jpg 150w, http:\/\/pedagog.zsme.pl\/wp-content\/uploads\/2018\/11\/zdj8-100x100.jpg 100w\" sizes=\"(max-width: 150px) 85vw, 150px\" \/><\/a>\n\t\t\t<\/div><\/figure>\n\t\t<\/div>\n\n<h6 data-ft=\"{&quot;tn&quot;:&quot;C&quot;}\">&#8222;Wymiana ciep\u0142a&#8221;<\/h6>\n<p><em>Ju\u017c nie jeden, a dwa wieszaki s\u0142u\u017c\u0105 potrzebuj\u0105cym w akcji &#8222;Wymiana ciep\u0142a&#8221;. W jednym z pasa\u017cy przy ulicy Sobieskiego powsta\u0142o miejsce, gdzie mo\u017cna przynie\u015b\u0107 niepotrzebn\u0105 zimow\u0105 odzie\u017c, zostawi\u0107 j\u0105, a stamt\u0105d mog\u0105 j\u0105 zabra\u0107 osoby potrzebuj\u0105ce.<\/em><\/p>\n<div id='gallery-8' class='gallery galleryid-203 gallery-columns-2 gallery-size-thumbnail'><figure class='gallery-item'>\n\t\t\t<div class='gallery-icon landscape'>\n\t\t\t\t<a href='http:\/\/pedagog.zsme.pl\/wp-content\/uploads\/2019\/01\/1-1.jpg'><img loading=\"lazy\" decoding=\"async\" width=\"150\" height=\"150\" src=\"http:\/\/pedagog.zsme.pl\/wp-content\/uploads\/2019\/01\/1-1-150x150.jpg\" class=\"attachment-thumbnail size-thumbnail\" alt=\"\" \/><\/a>\n\t\t\t<\/div><\/figure><figure class='gallery-item'>\n\t\t\t<div class='gallery-icon portrait'>\n\t\t\t\t<a href='http:\/\/pedagog.zsme.pl\/wp-content\/uploads\/2019\/01\/2.jpg'><img loading=\"lazy\" decoding=\"async\" width=\"150\" height=\"150\" src=\"http:\/\/pedagog.zsme.pl\/wp-content\/uploads\/2019\/01\/2-150x150.jpg\" class=\"attachment-thumbnail size-thumbnail\" alt=\"\" \/><\/a>\n\t\t\t<\/div><\/figure><figure class='gallery-item'>\n\t\t\t<div class='gallery-icon landscape'>\n\t\t\t\t<a href='http:\/\/pedagog.zsme.pl\/wp-content\/uploads\/2019\/01\/3.jpg'><img loading=\"lazy\" decoding=\"async\" width=\"150\" height=\"150\" src=\"http:\/\/pedagog.zsme.pl\/wp-content\/uploads\/2019\/01\/3-150x150.jpg\" class=\"attachment-thumbnail size-thumbnail\" alt=\"\" \/><\/a>\n\t\t\t<\/div><\/figure><figure class='gallery-item'>\n\t\t\t<div class='gallery-icon portrait'>\n\t\t\t\t<a href='http:\/\/pedagog.zsme.pl\/wp-content\/uploads\/2019\/01\/4.jpg'><img loading=\"lazy\" decoding=\"async\" width=\"150\" height=\"150\" src=\"http:\/\/pedagog.zsme.pl\/wp-content\/uploads\/2019\/01\/4-150x150.jpg\" class=\"attachment-thumbnail size-thumbnail\" alt=\"\" \/><\/a>\n\t\t\t<\/div><\/figure>\n\t\t<\/div>\n\n<p><a href=\"https:\/\/www.radio90.pl\/trwa-akcja-wymiana-ciepla-w-rybniku.html\" target=\"_blank\" rel=\"noopener\">Zobacz wi\u0119cej<\/a><\/p>\n<h6 id=\"js_8r\" data-ft=\"{&quot;tn&quot;:&quot;C&quot;}\">\u00a0Wycieczka do Kopalni &#8211; Sztolnia Kr\u00f3lowa Luiza. Zabrze<\/h6>\n<p>Fotoreporta\u017c z wycieczki uczestnik\u00f3w \u015aDS pod opiek\u0105 terapeut\u00f3w i wolontariuszy z Zespo\u0142u Szk\u00f3\u0142 Elektryczno-Mechanicznych. Ch\u0142opcy wykonali zadanie na medal! DZI\u0118KUJEMY!<\/p>\n<div id='gallery-9' class='gallery galleryid-203 gallery-columns-2 gallery-size-thumbnail'><figure class='gallery-item'>\n\t\t\t<div class='gallery-icon landscape'>\n\t\t\t\t<a href='http:\/\/pedagog.zsme.pl\/wp-content\/uploads\/2017\/03\/0.jpg'><img loading=\"lazy\" decoding=\"async\" width=\"150\" height=\"150\" src=\"http:\/\/pedagog.zsme.pl\/wp-content\/uploads\/2017\/03\/0-150x150.jpg\" class=\"attachment-thumbnail size-thumbnail\" alt=\"\" srcset=\"http:\/\/pedagog.zsme.pl\/wp-content\/uploads\/2017\/03\/0-150x150.jpg 150w, http:\/\/pedagog.zsme.pl\/wp-content\/uploads\/2017\/03\/0-300x300.jpg 300w, http:\/\/pedagog.zsme.pl\/wp-content\/uploads\/2017\/03\/0-768x768.jpg 768w, http:\/\/pedagog.zsme.pl\/wp-content\/uploads\/2017\/03\/0-100x100.jpg 100w, http:\/\/pedagog.zsme.pl\/wp-content\/uploads\/2017\/03\/0.jpg 960w\" sizes=\"(max-width: 150px) 85vw, 150px\" \/><\/a>\n\t\t\t<\/div><\/figure><figure class='gallery-item'>\n\t\t\t<div class='gallery-icon portrait'>\n\t\t\t\t<a href='http:\/\/pedagog.zsme.pl\/wp-content\/uploads\/2017\/03\/1-18.jpg'><img loading=\"lazy\" decoding=\"async\" width=\"150\" height=\"150\" src=\"http:\/\/pedagog.zsme.pl\/wp-content\/uploads\/2017\/03\/1-18-150x150.jpg\" class=\"attachment-thumbnail size-thumbnail\" alt=\"\" srcset=\"http:\/\/pedagog.zsme.pl\/wp-content\/uploads\/2017\/03\/1-18-150x150.jpg 150w, http:\/\/pedagog.zsme.pl\/wp-content\/uploads\/2017\/03\/1-18-100x100.jpg 100w\" sizes=\"(max-width: 150px) 85vw, 150px\" \/><\/a>\n\t\t\t<\/div><\/figure><figure class='gallery-item'>\n\t\t\t<div class='gallery-icon landscape'>\n\t\t\t\t<a href='http:\/\/pedagog.zsme.pl\/wp-content\/uploads\/2017\/03\/2-14.jpg'><img loading=\"lazy\" decoding=\"async\" width=\"150\" height=\"150\" src=\"http:\/\/pedagog.zsme.pl\/wp-content\/uploads\/2017\/03\/2-14-150x150.jpg\" class=\"attachment-thumbnail size-thumbnail\" alt=\"\" srcset=\"http:\/\/pedagog.zsme.pl\/wp-content\/uploads\/2017\/03\/2-14-150x150.jpg 150w, http:\/\/pedagog.zsme.pl\/wp-content\/uploads\/2017\/03\/2-14-100x100.jpg 100w\" sizes=\"(max-width: 150px) 85vw, 150px\" \/><\/a>\n\t\t\t<\/div><\/figure><figure class='gallery-item'>\n\t\t\t<div class='gallery-icon portrait'>\n\t\t\t\t<a href='http:\/\/pedagog.zsme.pl\/wp-content\/uploads\/2017\/03\/3-8.jpg'><img loading=\"lazy\" decoding=\"async\" width=\"150\" height=\"150\" src=\"http:\/\/pedagog.zsme.pl\/wp-content\/uploads\/2017\/03\/3-8-150x150.jpg\" class=\"attachment-thumbnail size-thumbnail\" alt=\"\" srcset=\"http:\/\/pedagog.zsme.pl\/wp-content\/uploads\/2017\/03\/3-8-150x150.jpg 150w, http:\/\/pedagog.zsme.pl\/wp-content\/uploads\/2017\/03\/3-8-100x100.jpg 100w\" sizes=\"(max-width: 150px) 85vw, 150px\" \/><\/a>\n\t\t\t<\/div><\/figure><figure class='gallery-item'>\n\t\t\t<div class='gallery-icon landscape'>\n\t\t\t\t<a href='http:\/\/pedagog.zsme.pl\/wp-content\/uploads\/2017\/03\/4-8.jpg'><img loading=\"lazy\" decoding=\"async\" width=\"150\" height=\"150\" src=\"http:\/\/pedagog.zsme.pl\/wp-content\/uploads\/2017\/03\/4-8-150x150.jpg\" class=\"attachment-thumbnail size-thumbnail\" alt=\"\" srcset=\"http:\/\/pedagog.zsme.pl\/wp-content\/uploads\/2017\/03\/4-8-150x150.jpg 150w, http:\/\/pedagog.zsme.pl\/wp-content\/uploads\/2017\/03\/4-8-100x100.jpg 100w\" sizes=\"(max-width: 150px) 85vw, 150px\" \/><\/a>\n\t\t\t<\/div><\/figure><figure class='gallery-item'>\n\t\t\t<div class='gallery-icon landscape'>\n\t\t\t\t<a href='http:\/\/pedagog.zsme.pl\/wp-content\/uploads\/2017\/03\/5-6.jpg'><img loading=\"lazy\" decoding=\"async\" width=\"150\" height=\"150\" src=\"http:\/\/pedagog.zsme.pl\/wp-content\/uploads\/2017\/03\/5-6-150x150.jpg\" class=\"attachment-thumbnail size-thumbnail\" alt=\"\" srcset=\"http:\/\/pedagog.zsme.pl\/wp-content\/uploads\/2017\/03\/5-6-150x150.jpg 150w, http:\/\/pedagog.zsme.pl\/wp-content\/uploads\/2017\/03\/5-6-100x100.jpg 100w\" sizes=\"(max-width: 150px) 85vw, 150px\" \/><\/a>\n\t\t\t<\/div><\/figure><figure class='gallery-item'>\n\t\t\t<div class='gallery-icon landscape'>\n\t\t\t\t<a href='http:\/\/pedagog.zsme.pl\/wp-content\/uploads\/2017\/03\/6-7.jpg'><img loading=\"lazy\" decoding=\"async\" width=\"150\" height=\"150\" src=\"http:\/\/pedagog.zsme.pl\/wp-content\/uploads\/2017\/03\/6-7-150x150.jpg\" class=\"attachment-thumbnail size-thumbnail\" alt=\"\" srcset=\"http:\/\/pedagog.zsme.pl\/wp-content\/uploads\/2017\/03\/6-7-150x150.jpg 150w, http:\/\/pedagog.zsme.pl\/wp-content\/uploads\/2017\/03\/6-7-300x300.jpg 300w, http:\/\/pedagog.zsme.pl\/wp-content\/uploads\/2017\/03\/6-7-768x768.jpg 768w, http:\/\/pedagog.zsme.pl\/wp-content\/uploads\/2017\/03\/6-7-100x100.jpg 100w, http:\/\/pedagog.zsme.pl\/wp-content\/uploads\/2017\/03\/6-7.jpg 960w\" sizes=\"(max-width: 150px) 85vw, 150px\" \/><\/a>\n\t\t\t<\/div><\/figure><figure class='gallery-item'>\n\t\t\t<div class='gallery-icon portrait'>\n\t\t\t\t<a href='http:\/\/pedagog.zsme.pl\/wp-content\/uploads\/2017\/03\/7-3.jpg'><img loading=\"lazy\" decoding=\"async\" width=\"150\" height=\"150\" src=\"http:\/\/pedagog.zsme.pl\/wp-content\/uploads\/2017\/03\/7-3-150x150.jpg\" class=\"attachment-thumbnail size-thumbnail\" alt=\"\" srcset=\"http:\/\/pedagog.zsme.pl\/wp-content\/uploads\/2017\/03\/7-3-150x150.jpg 150w, http:\/\/pedagog.zsme.pl\/wp-content\/uploads\/2017\/03\/7-3-100x100.jpg 100w\" sizes=\"(max-width: 150px) 85vw, 150px\" \/><\/a>\n\t\t\t<\/div><\/figure>\n\t\t<\/div>\n\n<h6 style=\"background: white; margin: 0cm 0cm 4.5pt 0cm;\">Wizyta studyjna m\u0142odzie\u017cy w OLIGOS<\/h6>\n<p>Kolejna wizyta studyjna grupy z ZSME.<br \/>\nM\u0142odzie\u017c pracowa\u0142a w III grupach:<br \/>\nI &#8211; przy nasadzeniach tui, kt\u00f3re dotar\u0142y do nas jako darowizna z Zak\u0142adu Zieleni Miejskiej w Rybniku oraz Rybnickim S\u0142u\u017cbom Komunalnym, kt\u00f3re te drzewka do o\u015brodka przetransportowa\u0142y.<br \/>\nII &#8211; przy pracach porz\u0105dkowych w o\u015brodku<br \/>\nIII &#8211; asystowanie ON podczas terapii.<\/p>\n<div id='gallery-10' class='gallery galleryid-203 gallery-columns-3 gallery-size-thumbnail'><figure class='gallery-item'>\n\t\t\t<div class='gallery-icon portrait'>\n\t\t\t\t<a href='http:\/\/pedagog.zsme.pl\/wp-content\/uploads\/2017\/03\/1-16.jpg'><img loading=\"lazy\" decoding=\"async\" width=\"150\" height=\"150\" src=\"http:\/\/pedagog.zsme.pl\/wp-content\/uploads\/2017\/03\/1-16-150x150.jpg\" class=\"attachment-thumbnail size-thumbnail\" alt=\"\" srcset=\"http:\/\/pedagog.zsme.pl\/wp-content\/uploads\/2017\/03\/1-16-150x150.jpg 150w, http:\/\/pedagog.zsme.pl\/wp-content\/uploads\/2017\/03\/1-16-100x100.jpg 100w\" sizes=\"(max-width: 150px) 85vw, 150px\" \/><\/a>\n\t\t\t<\/div><\/figure><figure class='gallery-item'>\n\t\t\t<div class='gallery-icon portrait'>\n\t\t\t\t<a href='http:\/\/pedagog.zsme.pl\/wp-content\/uploads\/2017\/03\/2-12.jpg'><img loading=\"lazy\" decoding=\"async\" width=\"150\" height=\"150\" src=\"http:\/\/pedagog.zsme.pl\/wp-content\/uploads\/2017\/03\/2-12-150x150.jpg\" class=\"attachment-thumbnail size-thumbnail\" alt=\"\" srcset=\"http:\/\/pedagog.zsme.pl\/wp-content\/uploads\/2017\/03\/2-12-150x150.jpg 150w, http:\/\/pedagog.zsme.pl\/wp-content\/uploads\/2017\/03\/2-12-100x100.jpg 100w\" sizes=\"(max-width: 150px) 85vw, 150px\" \/><\/a>\n\t\t\t<\/div><\/figure><figure class='gallery-item'>\n\t\t\t<div class='gallery-icon portrait'>\n\t\t\t\t<a href='http:\/\/pedagog.zsme.pl\/wp-content\/uploads\/2017\/03\/3-6.jpg'><img loading=\"lazy\" decoding=\"async\" width=\"150\" height=\"150\" src=\"http:\/\/pedagog.zsme.pl\/wp-content\/uploads\/2017\/03\/3-6-150x150.jpg\" class=\"attachment-thumbnail size-thumbnail\" alt=\"\" srcset=\"http:\/\/pedagog.zsme.pl\/wp-content\/uploads\/2017\/03\/3-6-150x150.jpg 150w, http:\/\/pedagog.zsme.pl\/wp-content\/uploads\/2017\/03\/3-6-100x100.jpg 100w\" sizes=\"(max-width: 150px) 85vw, 150px\" \/><\/a>\n\t\t\t<\/div><\/figure><figure class='gallery-item'>\n\t\t\t<div class='gallery-icon landscape'>\n\t\t\t\t<a href='http:\/\/pedagog.zsme.pl\/wp-content\/uploads\/2017\/03\/4-6.jpg'><img loading=\"lazy\" decoding=\"async\" width=\"150\" height=\"150\" src=\"http:\/\/pedagog.zsme.pl\/wp-content\/uploads\/2017\/03\/4-6-150x150.jpg\" class=\"attachment-thumbnail size-thumbnail\" alt=\"\" srcset=\"http:\/\/pedagog.zsme.pl\/wp-content\/uploads\/2017\/03\/4-6-150x150.jpg 150w, http:\/\/pedagog.zsme.pl\/wp-content\/uploads\/2017\/03\/4-6-100x100.jpg 100w\" sizes=\"(max-width: 150px) 85vw, 150px\" \/><\/a>\n\t\t\t<\/div><\/figure><figure class='gallery-item'>\n\t\t\t<div class='gallery-icon portrait'>\n\t\t\t\t<a href='http:\/\/pedagog.zsme.pl\/wp-content\/uploads\/2017\/03\/5-5.jpg'><img loading=\"lazy\" decoding=\"async\" width=\"150\" height=\"150\" src=\"http:\/\/pedagog.zsme.pl\/wp-content\/uploads\/2017\/03\/5-5-150x150.jpg\" class=\"attachment-thumbnail size-thumbnail\" alt=\"\" srcset=\"http:\/\/pedagog.zsme.pl\/wp-content\/uploads\/2017\/03\/5-5-150x150.jpg 150w, http:\/\/pedagog.zsme.pl\/wp-content\/uploads\/2017\/03\/5-5-100x100.jpg 100w\" sizes=\"(max-width: 150px) 85vw, 150px\" \/><\/a>\n\t\t\t<\/div><\/figure><figure class='gallery-item'>\n\t\t\t<div class='gallery-icon portrait'>\n\t\t\t\t<a href='http:\/\/pedagog.zsme.pl\/wp-content\/uploads\/2017\/03\/6-6.jpg'><img loading=\"lazy\" decoding=\"async\" width=\"150\" height=\"150\" src=\"http:\/\/pedagog.zsme.pl\/wp-content\/uploads\/2017\/03\/6-6-150x150.jpg\" class=\"attachment-thumbnail size-thumbnail\" alt=\"\" srcset=\"http:\/\/pedagog.zsme.pl\/wp-content\/uploads\/2017\/03\/6-6-150x150.jpg 150w, http:\/\/pedagog.zsme.pl\/wp-content\/uploads\/2017\/03\/6-6-100x100.jpg 100w\" sizes=\"(max-width: 150px) 85vw, 150px\" \/><\/a>\n\t\t\t<\/div><\/figure>\n\t\t<\/div>\n\n<h6 style=\"background: white; margin: 0cm 0cm 4.5pt 0cm;\">Budowa \u015bcie\u017cki edukacyjnej dla niepe\u0142nosprawnych<\/h6>\n<p>Ruszamy z budow\u0105 edukacyjnej \u015bcie\u017cki do nauki poruszania si\u0119 na w\u00f3zku inwalidzkim.<br \/>\nPo kilku latach stara\u0144 autorski projekt naszej szefowej &#8211; El\u017cbiety Piotrowskiej doczeka\u0142 si\u0119 realizacji.<br \/>\nNa teranie Zespo\u0142u Szk\u00f3\u0142 Mechaniczno-Elektrycznych w Rybniku ul.T. Ko\u015bciuszki powstaje og\u00f3lnodost\u0119pna \u015bcie\u017cka (ok 100m), na kt\u00f3rej b\u0119d\u0105 wszelkie bariery, kt\u00f3re osoby na w\u00f3zkach i ich opiekunowie napotykaj\u0105 w \u017cyciu codziennym.<br \/>\nKa\u017cde stanowisko b\u0119dzie mia\u0142o tabliczk\u0119 z opisem, jak najbezpieczniej i z u\u017cyciem jak najmniejszej si\u0142y pokona\u0107 barier\u0119 &#8211; opisy opracowane zostan\u0105 przez zesp\u00f3\u0142 rehabilitant\u00f3w z Centrum Medyczno &#8211; Rehabilitacyjnego RELAX z Rybnika ul. Piasta.<br \/>\nB\u0119dzie mo\u017cliwo\u015b\u0107 nieodp\u0142atnego odbycia szkolenia po wcze\u015bniejszym uzgodnieniu terminu z rehabilitantem z RELAX-u lub trenerem specjalist\u0105 asystentury ON ze Stowarzyszenia OLIGOS.<br \/>\nOddanie \u015bcie\u017cki do u\u017cytku zaplanowano na koniec czerwca 2018r.<\/p>\n<p><img loading=\"lazy\" decoding=\"async\" class=\"alignnone size-full wp-image-881\" src=\"http:\/\/pedagog.zsme.pl\/wp-content\/uploads\/2018\/06\/budowa_sciezki.jpg\" alt=\"\" width=\"536\" height=\"960\" srcset=\"http:\/\/pedagog.zsme.pl\/wp-content\/uploads\/2018\/06\/budowa_sciezki.jpg 536w, http:\/\/pedagog.zsme.pl\/wp-content\/uploads\/2018\/06\/budowa_sciezki-168x300.jpg 168w\" sizes=\"(max-width: 536px) 85vw, 536px\" \/><\/p>\n<h6 style=\"background: white; margin: 0cm 0cm 4.5pt 0cm;\">Lider Dobroczynno\u015bci &#8211; Edycja IV<\/h6>\n<p><img loading=\"lazy\" decoding=\"async\" class=\"wp-image-853 size-medium aligncenter\" src=\"http:\/\/pedagog.zsme.pl\/wp-content\/uploads\/2018\/05\/plakat_lider_2018-213x300.jpg\" alt=\"\" width=\"213\" height=\"300\" srcset=\"http:\/\/pedagog.zsme.pl\/wp-content\/uploads\/2018\/05\/plakat_lider_2018-213x300.jpg 213w, http:\/\/pedagog.zsme.pl\/wp-content\/uploads\/2018\/05\/plakat_lider_2018-768x1081.jpg 768w, http:\/\/pedagog.zsme.pl\/wp-content\/uploads\/2018\/05\/plakat_lider_2018-727x1024.jpg 727w\" sizes=\"(max-width: 213px) 85vw, 213px\" \/><\/p>\n<p><strong>Konkurs dla Szk\u00f3\u0142 Ponadgimnazjalnych Wojew\u00f3dztwa \u015al\u0105skiego, na najlepsze akcje spo\u0142eczne zrealizowane w latach 2016-2018 pod has\u0142em \u201eLider Dobroczynno\u015bci\u201d<\/strong><\/p>\n<p>Kolejny raz Szkolne Ko\u0142o Wolontariatu Mechanika otrzyma\u0142o tytu\u0142 Lidera Dobroczynno\u015bci za przeprowadzone akcje wolontaryjne w latach 2016 &#8211; 2018.<br \/>\nCelem konkursu jest \u00a0promowanie wolontariatu, \u00a0dobroczynno\u015bci, przedsi\u0119wzi\u0119\u0107 i akcji charytatywnych organizowanych przez m\u0142odych ludzi, uhonorowanie aktywnej spo\u0142ecznie m\u0142odzie\u017cy Szk\u00f3\u0142 Ponadgimnazjalnych\u00a0 Wojew\u00f3dztwa \u015al\u0105skiego a tak\u017ce wymiana do\u015bwiadcze\u0144, pomys\u0142\u00f3w, inspiracji w zakresie dzia\u0142a\u0144 spo\u0142ecznych. Gratulujemy i dzi\u0119kujemy Dyrekcji, Nauczycielom a przede wszystkim Uczniom za wspania\u0142\u0105 postaw\u0119, zaanga\u017cowanie i wielkie serce. Wasze dzia\u0142ania w tym obszarze zosta\u0142y docenione!<\/p>\n<p><img loading=\"lazy\" decoding=\"async\" class=\"alignnone size-large wp-image-854\" src=\"http:\/\/pedagog.zsme.pl\/wp-content\/uploads\/2018\/05\/lider2-1024x760.jpg\" alt=\"\" width=\"525\" height=\"390\" srcset=\"http:\/\/pedagog.zsme.pl\/wp-content\/uploads\/2018\/05\/lider2-1024x760.jpg 1024w, http:\/\/pedagog.zsme.pl\/wp-content\/uploads\/2018\/05\/lider2-300x223.jpg 300w, http:\/\/pedagog.zsme.pl\/wp-content\/uploads\/2018\/05\/lider2-768x570.jpg 768w, http:\/\/pedagog.zsme.pl\/wp-content\/uploads\/2018\/05\/lider2.jpg 2048w\" sizes=\"(max-width: 525px) 85vw, 525px\" \/><\/p>\n<h6 style=\"background: white; margin: 0cm 0cm 4.5pt 0cm;\">Otwarcie XI Og\u00f3lnopolskich Letnich Igrzysk Olimpiad Specjalnych<\/h6>\n<div id=\"js_4lw\" class=\"_5pbx userContent _3576\" data-ft=\"{&quot;tn&quot;:&quot;K&quot;}\">\n<p>B\u0119dziemy tam! Ju\u017c w sobot\u0119 9 czerwca grupa m\u0142odzie\u017cy &#8211; nasi wolontariusze z Zespo\u0142u Szk\u00f3\u0142 Mechaniczno &#8211; Elektrycznych wsp\u00f3lnie z opiekunem b\u0119d\u0105 mieli nie lada prze\u017cycie. Czeka ich mega impreza.<\/p>\n<p><img loading=\"lazy\" decoding=\"async\" class=\"alignnone size-full wp-image-874\" src=\"http:\/\/pedagog.zsme.pl\/wp-content\/uploads\/2017\/03\/oligos_katowice.jpg\" alt=\"\" width=\"960\" height=\"502\" srcset=\"http:\/\/pedagog.zsme.pl\/wp-content\/uploads\/2017\/03\/oligos_katowice.jpg 960w, http:\/\/pedagog.zsme.pl\/wp-content\/uploads\/2017\/03\/oligos_katowice-300x157.jpg 300w, http:\/\/pedagog.zsme.pl\/wp-content\/uploads\/2017\/03\/oligos_katowice-768x402.jpg 768w\" sizes=\"(max-width: 709px) 85vw, (max-width: 909px) 67vw, (max-width: 1362px) 62vw, 840px\" \/><\/p>\n<\/div>\n<h6 style=\"background: white; margin: 0cm 0cm 4.5pt 0cm;\">II\u00a0edycja projektu Akademii M\u0142odego Technika<\/h6>\n<p style=\"background: white; margin: 0cm 0cm 4.5pt 0cm;\"><span style=\"color: #1d2129;\">Dzi\u0119ki wsp\u00f3\u0142pracy ze Stowarzyszeniem Inicjatyw Spo\u0142ecznych CRIS w Rybniku<br \/>\n<\/span>ruszy\u0142a II edycja projektu<span style=\"color: #1d2129;\">: Akademii M\u0142odego Technika &#8211; \u015ar\u00f3dmie\u015bcie reWITA \u2013 w\u0142\u0105cz si\u0119!\u201d Zaj\u0119cia odbywaj\u0105 si\u0119 w salach naszej szko\u0142y. Tym razem uczestnikami s\u0105 dzieci z Plac\u00f3wki Wsparcia Dziennego Centrum. Ka\u017cdy uczestnik dostaje indeks Akademii M\u0142odego Technika, gdzie otrzymuje piecz\u0105tk\u0119 zaliczenia danego warsztatu. Nauczyciele i uczniowie prowadz\u0105 zaj\u0119cia w ramach wolontariat<span class=\"textexposedshow\">u. Warsztaty z m\u0142odzie\u017c\u0105 maj\u0105 na celu przybli\u017cenie rozwi\u0105za\u0144 technicznych wykorzystywanych w \u017cyciu codziennym, jak r\u00f3wnie\u017c w zastosowaniu komercyjnym. Tematyka warsztat\u00f3w: Instalacje elektryczne z bliska &#8211; nie powinni\u015bmy si\u0119 ich ba\u0107. \u2013 prowadz\u0105cy Bartosz Ostrowski i Piotr Smusz.<\/span><\/span><\/p>\n<div id='gallery-11' class='gallery galleryid-203 gallery-columns-3 gallery-size-thumbnail'><figure class='gallery-item'>\n\t\t\t<div class='gallery-icon landscape'>\n\t\t\t\t<a href='http:\/\/pedagog.zsme.pl\/wp-content\/uploads\/2017\/03\/rewita-1.jpg'><img loading=\"lazy\" decoding=\"async\" width=\"150\" height=\"150\" src=\"http:\/\/pedagog.zsme.pl\/wp-content\/uploads\/2017\/03\/rewita-1-150x150.jpg\" class=\"attachment-thumbnail size-thumbnail\" alt=\"\" srcset=\"http:\/\/pedagog.zsme.pl\/wp-content\/uploads\/2017\/03\/rewita-1-150x150.jpg 150w, http:\/\/pedagog.zsme.pl\/wp-content\/uploads\/2017\/03\/rewita-1-100x100.jpg 100w\" sizes=\"(max-width: 150px) 85vw, 150px\" \/><\/a>\n\t\t\t<\/div><\/figure><figure class='gallery-item'>\n\t\t\t<div class='gallery-icon landscape'>\n\t\t\t\t<a href='http:\/\/pedagog.zsme.pl\/wp-content\/uploads\/2017\/03\/rewita-2.jpg'><img loading=\"lazy\" decoding=\"async\" width=\"150\" height=\"150\" src=\"http:\/\/pedagog.zsme.pl\/wp-content\/uploads\/2017\/03\/rewita-2-150x150.jpg\" class=\"attachment-thumbnail size-thumbnail\" alt=\"\" srcset=\"http:\/\/pedagog.zsme.pl\/wp-content\/uploads\/2017\/03\/rewita-2-150x150.jpg 150w, http:\/\/pedagog.zsme.pl\/wp-content\/uploads\/2017\/03\/rewita-2-100x100.jpg 100w\" sizes=\"(max-width: 150px) 85vw, 150px\" \/><\/a>\n\t\t\t<\/div><\/figure><figure class='gallery-item'>\n\t\t\t<div class='gallery-icon landscape'>\n\t\t\t\t<a href='http:\/\/pedagog.zsme.pl\/wp-content\/uploads\/2017\/03\/rewita-3.jpg'><img loading=\"lazy\" decoding=\"async\" width=\"150\" height=\"150\" src=\"http:\/\/pedagog.zsme.pl\/wp-content\/uploads\/2017\/03\/rewita-3-150x150.jpg\" class=\"attachment-thumbnail size-thumbnail\" alt=\"\" srcset=\"http:\/\/pedagog.zsme.pl\/wp-content\/uploads\/2017\/03\/rewita-3-150x150.jpg 150w, http:\/\/pedagog.zsme.pl\/wp-content\/uploads\/2017\/03\/rewita-3-100x100.jpg 100w\" sizes=\"(max-width: 150px) 85vw, 150px\" \/><\/a>\n\t\t\t<\/div><\/figure><figure class='gallery-item'>\n\t\t\t<div class='gallery-icon landscape'>\n\t\t\t\t<a href='http:\/\/pedagog.zsme.pl\/wp-content\/uploads\/2017\/03\/rewita-4.jpg'><img loading=\"lazy\" decoding=\"async\" width=\"150\" height=\"150\" src=\"http:\/\/pedagog.zsme.pl\/wp-content\/uploads\/2017\/03\/rewita-4-150x150.jpg\" class=\"attachment-thumbnail size-thumbnail\" alt=\"\" srcset=\"http:\/\/pedagog.zsme.pl\/wp-content\/uploads\/2017\/03\/rewita-4-150x150.jpg 150w, http:\/\/pedagog.zsme.pl\/wp-content\/uploads\/2017\/03\/rewita-4-100x100.jpg 100w\" sizes=\"(max-width: 150px) 85vw, 150px\" \/><\/a>\n\t\t\t<\/div><\/figure><figure class='gallery-item'>\n\t\t\t<div class='gallery-icon landscape'>\n\t\t\t\t<a href='http:\/\/pedagog.zsme.pl\/wp-content\/uploads\/2017\/03\/rewita-5.jpg'><img loading=\"lazy\" decoding=\"async\" width=\"150\" height=\"150\" src=\"http:\/\/pedagog.zsme.pl\/wp-content\/uploads\/2017\/03\/rewita-5-150x150.jpg\" class=\"attachment-thumbnail size-thumbnail\" alt=\"\" srcset=\"http:\/\/pedagog.zsme.pl\/wp-content\/uploads\/2017\/03\/rewita-5-150x150.jpg 150w, http:\/\/pedagog.zsme.pl\/wp-content\/uploads\/2017\/03\/rewita-5-100x100.jpg 100w\" sizes=\"(max-width: 150px) 85vw, 150px\" \/><\/a>\n\t\t\t<\/div><\/figure><figure class='gallery-item'>\n\t\t\t<div class='gallery-icon landscape'>\n\t\t\t\t<a href='http:\/\/pedagog.zsme.pl\/wp-content\/uploads\/2017\/03\/rewita-6.jpg'><img loading=\"lazy\" decoding=\"async\" width=\"150\" height=\"150\" src=\"http:\/\/pedagog.zsme.pl\/wp-content\/uploads\/2017\/03\/rewita-6-150x150.jpg\" class=\"attachment-thumbnail size-thumbnail\" alt=\"\" srcset=\"http:\/\/pedagog.zsme.pl\/wp-content\/uploads\/2017\/03\/rewita-6-150x150.jpg 150w, http:\/\/pedagog.zsme.pl\/wp-content\/uploads\/2017\/03\/rewita-6-100x100.jpg 100w\" sizes=\"(max-width: 150px) 85vw, 150px\" \/><\/a>\n\t\t\t<\/div><\/figure><figure class='gallery-item'>\n\t\t\t<div class='gallery-icon landscape'>\n\t\t\t\t<a href='http:\/\/pedagog.zsme.pl\/wp-content\/uploads\/2017\/03\/rewita-7.jpg'><img loading=\"lazy\" decoding=\"async\" width=\"150\" height=\"150\" src=\"http:\/\/pedagog.zsme.pl\/wp-content\/uploads\/2017\/03\/rewita-7-150x150.jpg\" class=\"attachment-thumbnail size-thumbnail\" alt=\"\" srcset=\"http:\/\/pedagog.zsme.pl\/wp-content\/uploads\/2017\/03\/rewita-7-150x150.jpg 150w, http:\/\/pedagog.zsme.pl\/wp-content\/uploads\/2017\/03\/rewita-7-100x100.jpg 100w\" sizes=\"(max-width: 150px) 85vw, 150px\" \/><\/a>\n\t\t\t<\/div><\/figure><figure class='gallery-item'>\n\t\t\t<div class='gallery-icon landscape'>\n\t\t\t\t<a href='http:\/\/pedagog.zsme.pl\/wp-content\/uploads\/2017\/03\/rewita-8.jpg'><img loading=\"lazy\" decoding=\"async\" width=\"150\" height=\"150\" src=\"http:\/\/pedagog.zsme.pl\/wp-content\/uploads\/2017\/03\/rewita-8-150x150.jpg\" class=\"attachment-thumbnail size-thumbnail\" alt=\"\" srcset=\"http:\/\/pedagog.zsme.pl\/wp-content\/uploads\/2017\/03\/rewita-8-150x150.jpg 150w, http:\/\/pedagog.zsme.pl\/wp-content\/uploads\/2017\/03\/rewita-8-100x100.jpg 100w\" sizes=\"(max-width: 150px) 85vw, 150px\" \/><\/a>\n\t\t\t<\/div><\/figure><figure class='gallery-item'>\n\t\t\t<div class='gallery-icon landscape'>\n\t\t\t\t<a href='http:\/\/pedagog.zsme.pl\/wp-content\/uploads\/2017\/03\/rewita-9jpg.jpg'><img loading=\"lazy\" decoding=\"async\" width=\"150\" height=\"150\" src=\"http:\/\/pedagog.zsme.pl\/wp-content\/uploads\/2017\/03\/rewita-9jpg-150x150.jpg\" class=\"attachment-thumbnail size-thumbnail\" alt=\"\" srcset=\"http:\/\/pedagog.zsme.pl\/wp-content\/uploads\/2017\/03\/rewita-9jpg-150x150.jpg 150w, http:\/\/pedagog.zsme.pl\/wp-content\/uploads\/2017\/03\/rewita-9jpg-300x300.jpg 300w, http:\/\/pedagog.zsme.pl\/wp-content\/uploads\/2017\/03\/rewita-9jpg-768x765.jpg 768w, http:\/\/pedagog.zsme.pl\/wp-content\/uploads\/2017\/03\/rewita-9jpg-100x100.jpg 100w, http:\/\/pedagog.zsme.pl\/wp-content\/uploads\/2017\/03\/rewita-9jpg.jpg 960w\" sizes=\"(max-width: 150px) 85vw, 150px\" \/><\/a>\n\t\t\t<\/div><\/figure>\n\t\t<\/div>\n\n<p>Ostatnie zaj\u0119cia Akademii M\u0142odego Technika odby\u0142y si\u0119 we wtorek 15.05.\u00a0<span id=\"u_0_w\" class=\"_ezo\">\u015awietnie<\/span>\u00a0si\u0119 bawili\u015bmy na zaj\u0119ciach z teleinformatyki, po prostu u\u017cywali\u015bmy telefon\u00f3w. Dzi\u0119kujemy Pani Paniczek oraz Zespo\u0142owi Szk\u00f3\u0142 Mechaniczno-Elektrycznych im. Tadeusza Ko\u015bciuszki w Rybniku.<\/p>\n<div id='gallery-12' class='gallery galleryid-203 gallery-columns-2 gallery-size-thumbnail'><figure class='gallery-item'>\n\t\t\t<div class='gallery-icon portrait'>\n\t\t\t\t<a href='http:\/\/pedagog.zsme.pl\/wp-content\/uploads\/2017\/03\/1-17.jpg'><img loading=\"lazy\" decoding=\"async\" width=\"150\" height=\"150\" src=\"http:\/\/pedagog.zsme.pl\/wp-content\/uploads\/2017\/03\/1-17-150x150.jpg\" class=\"attachment-thumbnail size-thumbnail\" alt=\"\" srcset=\"http:\/\/pedagog.zsme.pl\/wp-content\/uploads\/2017\/03\/1-17-150x150.jpg 150w, http:\/\/pedagog.zsme.pl\/wp-content\/uploads\/2017\/03\/1-17-100x100.jpg 100w\" sizes=\"(max-width: 150px) 85vw, 150px\" \/><\/a>\n\t\t\t<\/div><\/figure><figure class='gallery-item'>\n\t\t\t<div class='gallery-icon portrait'>\n\t\t\t\t<a href='http:\/\/pedagog.zsme.pl\/wp-content\/uploads\/2017\/03\/2-13.jpg'><img loading=\"lazy\" decoding=\"async\" width=\"150\" height=\"150\" src=\"http:\/\/pedagog.zsme.pl\/wp-content\/uploads\/2017\/03\/2-13-150x150.jpg\" class=\"attachment-thumbnail size-thumbnail\" alt=\"\" srcset=\"http:\/\/pedagog.zsme.pl\/wp-content\/uploads\/2017\/03\/2-13-150x150.jpg 150w, http:\/\/pedagog.zsme.pl\/wp-content\/uploads\/2017\/03\/2-13-100x100.jpg 100w\" sizes=\"(max-width: 150px) 85vw, 150px\" \/><\/a>\n\t\t\t<\/div><\/figure><figure class='gallery-item'>\n\t\t\t<div class='gallery-icon portrait'>\n\t\t\t\t<a href='http:\/\/pedagog.zsme.pl\/wp-content\/uploads\/2017\/03\/3-7.jpg'><img loading=\"lazy\" decoding=\"async\" width=\"150\" height=\"150\" src=\"http:\/\/pedagog.zsme.pl\/wp-content\/uploads\/2017\/03\/3-7-150x150.jpg\" class=\"attachment-thumbnail size-thumbnail\" alt=\"\" srcset=\"http:\/\/pedagog.zsme.pl\/wp-content\/uploads\/2017\/03\/3-7-150x150.jpg 150w, http:\/\/pedagog.zsme.pl\/wp-content\/uploads\/2017\/03\/3-7-100x100.jpg 100w\" sizes=\"(max-width: 150px) 85vw, 150px\" \/><\/a>\n\t\t\t<\/div><\/figure><figure class='gallery-item'>\n\t\t\t<div class='gallery-icon portrait'>\n\t\t\t\t<a href='http:\/\/pedagog.zsme.pl\/wp-content\/uploads\/2017\/03\/4-7.jpg'><img loading=\"lazy\" decoding=\"async\" width=\"150\" height=\"150\" src=\"http:\/\/pedagog.zsme.pl\/wp-content\/uploads\/2017\/03\/4-7-150x150.jpg\" class=\"attachment-thumbnail size-thumbnail\" alt=\"\" srcset=\"http:\/\/pedagog.zsme.pl\/wp-content\/uploads\/2017\/03\/4-7-150x150.jpg 150w, http:\/\/pedagog.zsme.pl\/wp-content\/uploads\/2017\/03\/4-7-100x100.jpg 100w\" sizes=\"(max-width: 150px) 85vw, 150px\" \/><\/a>\n\t\t\t<\/div><\/figure>\n\t\t<\/div>\n\n<h6><img loading=\"lazy\" decoding=\"async\" class=\"alignnone size-full wp-image-754\" src=\"http:\/\/pedagog.zsme.pl\/wp-content\/uploads\/2017\/03\/pomoc_drugiej_osobie.jpg\" alt=\"\" width=\"720\" height=\"627\" srcset=\"http:\/\/pedagog.zsme.pl\/wp-content\/uploads\/2017\/03\/pomoc_drugiej_osobie.jpg 720w, http:\/\/pedagog.zsme.pl\/wp-content\/uploads\/2017\/03\/pomoc_drugiej_osobie-300x261.jpg 300w\" sizes=\"(max-width: 720px) 85vw, 720px\" \/><\/h6>\n<h6>Zaj\u0119cia graficzne<\/h6>\n<p>Uczniowie si\u00f3dmej klasy Zespo\u0142u Szkolno \u2013 Przedszkolnego nr 8 w Rybniku wzi\u0119li udzia\u0142 w zaj\u0119ciach prowadzonych przez pana Marka \u0141yko. Na zaj\u0119ciach poznali podstawy projektowania gier 3D w \u015brodowisku Unity.\u00a0Ka\u017cdy stworzy\u0142 swoj\u0105 w\u0142asn\u0105 plansz\u0119 gry. Edytuj\u0105c teren generowali g\u00f3ry, pag\u00f3rki, wg\u0142\u0119bienia i niecki wype\u0142nione wod\u0105, drzewa i palmy. Dodali te\u017c gracza pierwszoplanowego, by swobodnie porusza\u0107 si\u0119 po utworzonej planszy. Om\u00f3wione zosta\u0142y r\u00f3wnie\u017c podstawowe zagadnienia z fizyki gry. Na ka\u017cdej ze scen pojawi\u0142 si\u0119 dodatkowy obiekt spadaj\u0105cy pod dzia\u0142aniem si\u0142y grawitacji. Zabawa by\u0142a fantastyczna! W maju m\u0142odzie\u017c we\u017amie udzia\u0142 w nast\u0119pnych warsztatach graficznych.<\/p>\n<div id='gallery-13' class='gallery galleryid-203 gallery-columns-3 gallery-size-thumbnail'><figure class='gallery-item'>\n\t\t\t<div class='gallery-icon landscape'>\n\t\t\t\t<a href='http:\/\/pedagog.zsme.pl\/wp-content\/uploads\/2017\/03\/grafika-1.jpg'><img loading=\"lazy\" decoding=\"async\" width=\"150\" height=\"150\" src=\"http:\/\/pedagog.zsme.pl\/wp-content\/uploads\/2017\/03\/grafika-1-150x150.jpg\" class=\"attachment-thumbnail size-thumbnail\" alt=\"\" srcset=\"http:\/\/pedagog.zsme.pl\/wp-content\/uploads\/2017\/03\/grafika-1-150x150.jpg 150w, http:\/\/pedagog.zsme.pl\/wp-content\/uploads\/2017\/03\/grafika-1-100x100.jpg 100w\" sizes=\"(max-width: 150px) 85vw, 150px\" \/><\/a>\n\t\t\t<\/div><\/figure><figure class='gallery-item'>\n\t\t\t<div class='gallery-icon landscape'>\n\t\t\t\t<a href='http:\/\/pedagog.zsme.pl\/wp-content\/uploads\/2017\/03\/grafika-2.jpg'><img loading=\"lazy\" decoding=\"async\" width=\"150\" height=\"150\" src=\"http:\/\/pedagog.zsme.pl\/wp-content\/uploads\/2017\/03\/grafika-2-150x150.jpg\" class=\"attachment-thumbnail size-thumbnail\" alt=\"\" srcset=\"http:\/\/pedagog.zsme.pl\/wp-content\/uploads\/2017\/03\/grafika-2-150x150.jpg 150w, http:\/\/pedagog.zsme.pl\/wp-content\/uploads\/2017\/03\/grafika-2-100x100.jpg 100w\" sizes=\"(max-width: 150px) 85vw, 150px\" \/><\/a>\n\t\t\t<\/div><\/figure><figure class='gallery-item'>\n\t\t\t<div class='gallery-icon landscape'>\n\t\t\t\t<a href='http:\/\/pedagog.zsme.pl\/wp-content\/uploads\/2017\/03\/grafika-3.jpg'><img loading=\"lazy\" decoding=\"async\" width=\"150\" height=\"150\" src=\"http:\/\/pedagog.zsme.pl\/wp-content\/uploads\/2017\/03\/grafika-3-150x150.jpg\" class=\"attachment-thumbnail size-thumbnail\" alt=\"\" srcset=\"http:\/\/pedagog.zsme.pl\/wp-content\/uploads\/2017\/03\/grafika-3-150x150.jpg 150w, http:\/\/pedagog.zsme.pl\/wp-content\/uploads\/2017\/03\/grafika-3-100x100.jpg 100w\" sizes=\"(max-width: 150px) 85vw, 150px\" \/><\/a>\n\t\t\t<\/div><\/figure><figure class='gallery-item'>\n\t\t\t<div class='gallery-icon landscape'>\n\t\t\t\t<a href='http:\/\/pedagog.zsme.pl\/wp-content\/uploads\/2017\/03\/grafika-4.jpg'><img loading=\"lazy\" decoding=\"async\" width=\"150\" height=\"150\" src=\"http:\/\/pedagog.zsme.pl\/wp-content\/uploads\/2017\/03\/grafika-4-150x150.jpg\" class=\"attachment-thumbnail size-thumbnail\" alt=\"\" srcset=\"http:\/\/pedagog.zsme.pl\/wp-content\/uploads\/2017\/03\/grafika-4-150x150.jpg 150w, http:\/\/pedagog.zsme.pl\/wp-content\/uploads\/2017\/03\/grafika-4-100x100.jpg 100w\" sizes=\"(max-width: 150px) 85vw, 150px\" \/><\/a>\n\t\t\t<\/div><\/figure><figure class='gallery-item'>\n\t\t\t<div class='gallery-icon landscape'>\n\t\t\t\t<a href='http:\/\/pedagog.zsme.pl\/wp-content\/uploads\/2017\/03\/grafika-5.jpg'><img loading=\"lazy\" decoding=\"async\" width=\"150\" height=\"150\" src=\"http:\/\/pedagog.zsme.pl\/wp-content\/uploads\/2017\/03\/grafika-5-150x150.jpg\" class=\"attachment-thumbnail size-thumbnail\" alt=\"\" srcset=\"http:\/\/pedagog.zsme.pl\/wp-content\/uploads\/2017\/03\/grafika-5-150x150.jpg 150w, http:\/\/pedagog.zsme.pl\/wp-content\/uploads\/2017\/03\/grafika-5-100x100.jpg 100w\" sizes=\"(max-width: 150px) 85vw, 150px\" \/><\/a>\n\t\t\t<\/div><\/figure><figure class='gallery-item'>\n\t\t\t<div class='gallery-icon landscape'>\n\t\t\t\t<a href='http:\/\/pedagog.zsme.pl\/wp-content\/uploads\/2017\/03\/grafika-6.jpg'><img loading=\"lazy\" decoding=\"async\" width=\"150\" height=\"150\" src=\"http:\/\/pedagog.zsme.pl\/wp-content\/uploads\/2017\/03\/grafika-6-150x150.jpg\" class=\"attachment-thumbnail size-thumbnail\" alt=\"\" srcset=\"http:\/\/pedagog.zsme.pl\/wp-content\/uploads\/2017\/03\/grafika-6-150x150.jpg 150w, http:\/\/pedagog.zsme.pl\/wp-content\/uploads\/2017\/03\/grafika-6-100x100.jpg 100w\" sizes=\"(max-width: 150px) 85vw, 150px\" \/><\/a>\n\t\t\t<\/div><\/figure><figure class='gallery-item'>\n\t\t\t<div class='gallery-icon landscape'>\n\t\t\t\t<a href='http:\/\/pedagog.zsme.pl\/wp-content\/uploads\/2017\/03\/grafika-7.jpg'><img loading=\"lazy\" decoding=\"async\" width=\"150\" height=\"150\" src=\"http:\/\/pedagog.zsme.pl\/wp-content\/uploads\/2017\/03\/grafika-7-150x150.jpg\" class=\"attachment-thumbnail size-thumbnail\" alt=\"\" srcset=\"http:\/\/pedagog.zsme.pl\/wp-content\/uploads\/2017\/03\/grafika-7-150x150.jpg 150w, http:\/\/pedagog.zsme.pl\/wp-content\/uploads\/2017\/03\/grafika-7-100x100.jpg 100w\" sizes=\"(max-width: 150px) 85vw, 150px\" \/><\/a>\n\t\t\t<\/div><\/figure><figure class='gallery-item'>\n\t\t\t<div class='gallery-icon landscape'>\n\t\t\t\t<a href='http:\/\/pedagog.zsme.pl\/wp-content\/uploads\/2017\/03\/grafika-8.jpg'><img loading=\"lazy\" decoding=\"async\" width=\"150\" height=\"150\" src=\"http:\/\/pedagog.zsme.pl\/wp-content\/uploads\/2017\/03\/grafika-8-150x150.jpg\" class=\"attachment-thumbnail size-thumbnail\" alt=\"\" srcset=\"http:\/\/pedagog.zsme.pl\/wp-content\/uploads\/2017\/03\/grafika-8-150x150.jpg 150w, http:\/\/pedagog.zsme.pl\/wp-content\/uploads\/2017\/03\/grafika-8-100x100.jpg 100w\" sizes=\"(max-width: 150px) 85vw, 150px\" \/><\/a>\n\t\t\t<\/div><\/figure>\n\t\t<\/div>\n\n<h6>\u201e\u015ar\u00f3dmie\u015bcie reWITA \u2013 w\u0142\u0105cz si\u0119!\u201d &#8211; Akademia M\u0142odego Technika<\/h6>\n<h6>Wsp\u00f3\u0142praca ze Stowarzyszeniem Inicjatyw Spo\u0142ecznych CRIS w Rybniku<\/h6>\n<p>Zaj\u0119cia Akademii M\u0142odego Technika odbywaj\u0105 si\u0119 w salach Zespo\u0142u Szk\u00f3\u0142 Mechaniczno \u2013 Elektrycznych w Rybniku. W zaj\u0119ciach bierze udzia\u0142 10 uczni\u00f3w Szko\u0142y Podstawowej nr 1\u00a0 z Oddzia\u0142ami Integracyjnymi im. Janusza Korczaka w Rybniku. Ka\u017cdy ucze\u0144 dostaje indeks Akademii M\u0142odego Technika, gdzie otrzymuje piecz\u0105tk\u0119 zaliczenia danego warsztatu. Nauczyciele prowadz\u0105 zaj\u0119cia w ramach wolontariatu. Warsztaty z m\u0142odzie\u017c\u0105 maj\u0105 na celu przybli\u017cenie rozwi\u0105za\u0144 technicznych wykorzystywanych w \u017cyciu codziennym, jak r\u00f3wnie\u017c w zastosowaniu komercyjnym. Uczniowie i uczennice maj\u0105 okazj\u0119 spojrze\u0107 na nauk\u0119 nie tylko z pozycji ucznia w klasie, lecz r\u00f3wnie\u017c dotkn\u0105\u0107, prze\u0107wiczy\u0107 i zobaczy\u0107, jak dzia\u0142a wsp\u00f3\u0142czesny \u015bwiat.<\/p>\n<p>Tematyka warsztat\u00f3w:<\/p>\n<ol>\n<li>Instalacje elektryczne z bliska &#8211; nie powinni\u015bmy si\u0119 ich ba\u0107. \u2013 prowadz\u0105cy Bartosz Ostrowski.<\/li>\n<li>Monitoring, TV przemys\u0142owa \u2013 co\u015b, co widzimy dooko\u0142a, czyli jak to dzia\u0142a \u2013 prowadz\u0105cy Piotr Smusz.<\/li>\n<li>K\u00f3\u0142ko graficzne Gry 3D \u2013 jak to wygl\u0105da z drugiej strony \u2013 prowadz\u0105cy Marek \u0141yko.<\/li>\n<li>Teleinformatyka &#8211; jak naprawd\u0119 dzia\u0142a \u0142\u0105czno\u015b\u0107 \u2013 prowadz\u0105cy Damian Niesobski.<\/li>\n<li>Technologia i j\u0119zyk naszych s\u0105siad\u00f3w \u2013 j\u0119zyk niemiecki zabawnie i technicznie \u2013 prowadz\u0105cy Beata \u0141abuda.<\/li>\n<li>Nie sam\u0105 technologi\u0105 \u017cyje cz\u0142owiek &#8211; wf na luzie \u2013 prowadz\u0105ca Ma\u0142gorzata Ochmann i Karina Mestenhauser \u2013 Bury.<\/li>\n<\/ol>\n<p>W prac\u0119 zaanga\u017cowani s\u0105 cz\u0142onkowie Szkolnego Ko\u0142a Wolontariatu Mechanika.<\/p>\n<p>Zaj\u0119cia prowadzone s\u0105 w formie warsztatowej\u00a0 przez nauczycieli r\u00f3\u017cnych specjalno\u015bci dla dzieci ze szko\u0142y podstawowej, by:<\/p>\n<ol>\n<li>wzbudzi\u0107 ciekawo\u015b\u0107 \u015bwiata,<\/li>\n<li>zach\u0119ca\u0107 do aktywnego sp\u0119dzania wolnego czasu,<\/li>\n<li>szerzy\u0107 wiedz\u0119 techniczn\u0105 w\u015br\u00f3d m\u0142odzie\u017cy \u2013 ukazuj\u0105c, \u017ce dziewcz\u0119ta r\u00f3wnie\u017c mog\u0105 rozwija\u0107 zainteresowania techniczne.<\/li>\n<\/ol>\n<p>Dzi\u0119ki\u00a0 temu projektowi\u00a0 promujemy ide\u0119 wolontariatu w\u015br\u00f3d m\u0142odzie\u017cy oraz\u00a0 integrujemy \u015brodowisko szkolne. Uczniowie wsp\u00f3lnie z ich nauczycielami po\u015bwi\u0119c\u0105 sw\u00f3j wolny czas, by pracowa\u0107 na rzecz \u015brodowiska lokalnego, maj\u0105 okazj\u0119, by zaprezentowa\u0107 swoje pasje i zainteresowania oraz wskaza\u0107 m\u0142odszym kolegom i kole\u017cankom pomys\u0142y na ciekawe sp\u0119dzenie wolnego czasu z dala od zachowa\u0144 ryzykownych.<\/p>\n<div id='gallery-14' class='gallery galleryid-203 gallery-columns-3 gallery-size-thumbnail'><figure class='gallery-item'>\n\t\t\t<div class='gallery-icon landscape'>\n\t\t\t\t<a href='http:\/\/pedagog.zsme.pl\/wp-content\/uploads\/2017\/11\/IMG_20171113_141123.jpg'><img loading=\"lazy\" decoding=\"async\" width=\"150\" height=\"150\" src=\"http:\/\/pedagog.zsme.pl\/wp-content\/uploads\/2017\/11\/IMG_20171113_141123-150x150.jpg\" class=\"attachment-thumbnail size-thumbnail\" alt=\"\" srcset=\"http:\/\/pedagog.zsme.pl\/wp-content\/uploads\/2017\/11\/IMG_20171113_141123-150x150.jpg 150w, http:\/\/pedagog.zsme.pl\/wp-content\/uploads\/2017\/11\/IMG_20171113_141123-100x100.jpg 100w\" sizes=\"(max-width: 150px) 85vw, 150px\" \/><\/a>\n\t\t\t<\/div><\/figure><figure class='gallery-item'>\n\t\t\t<div class='gallery-icon landscape'>\n\t\t\t\t<a href='http:\/\/pedagog.zsme.pl\/wp-content\/uploads\/2017\/11\/IMG_20171113_154344.jpg'><img loading=\"lazy\" decoding=\"async\" width=\"150\" height=\"150\" src=\"http:\/\/pedagog.zsme.pl\/wp-content\/uploads\/2017\/11\/IMG_20171113_154344-150x150.jpg\" class=\"attachment-thumbnail size-thumbnail\" alt=\"\" srcset=\"http:\/\/pedagog.zsme.pl\/wp-content\/uploads\/2017\/11\/IMG_20171113_154344-150x150.jpg 150w, http:\/\/pedagog.zsme.pl\/wp-content\/uploads\/2017\/11\/IMG_20171113_154344-100x100.jpg 100w\" sizes=\"(max-width: 150px) 85vw, 150px\" \/><\/a>\n\t\t\t<\/div><\/figure><figure class='gallery-item'>\n\t\t\t<div class='gallery-icon landscape'>\n\t\t\t\t<a href='http:\/\/pedagog.zsme.pl\/wp-content\/uploads\/2017\/11\/IMG_20171113_141536.jpg'><img loading=\"lazy\" decoding=\"async\" width=\"150\" height=\"150\" src=\"http:\/\/pedagog.zsme.pl\/wp-content\/uploads\/2017\/11\/IMG_20171113_141536-150x150.jpg\" class=\"attachment-thumbnail size-thumbnail\" alt=\"\" srcset=\"http:\/\/pedagog.zsme.pl\/wp-content\/uploads\/2017\/11\/IMG_20171113_141536-150x150.jpg 150w, http:\/\/pedagog.zsme.pl\/wp-content\/uploads\/2017\/11\/IMG_20171113_141536-100x100.jpg 100w\" sizes=\"(max-width: 150px) 85vw, 150px\" \/><\/a>\n\t\t\t<\/div><\/figure><figure class='gallery-item'>\n\t\t\t<div class='gallery-icon landscape'>\n\t\t\t\t<a href='http:\/\/pedagog.zsme.pl\/wp-content\/uploads\/2017\/11\/IMG_20171113_155552_1.jpg'><img loading=\"lazy\" decoding=\"async\" width=\"150\" height=\"150\" src=\"http:\/\/pedagog.zsme.pl\/wp-content\/uploads\/2017\/11\/IMG_20171113_155552_1-150x150.jpg\" class=\"attachment-thumbnail size-thumbnail\" alt=\"\" srcset=\"http:\/\/pedagog.zsme.pl\/wp-content\/uploads\/2017\/11\/IMG_20171113_155552_1-150x150.jpg 150w, http:\/\/pedagog.zsme.pl\/wp-content\/uploads\/2017\/11\/IMG_20171113_155552_1-100x100.jpg 100w\" sizes=\"(max-width: 150px) 85vw, 150px\" \/><\/a>\n\t\t\t<\/div><\/figure><figure class='gallery-item'>\n\t\t\t<div class='gallery-icon landscape'>\n\t\t\t\t<a href='http:\/\/pedagog.zsme.pl\/wp-content\/uploads\/2017\/11\/IMG_20171114_120215.jpg'><img loading=\"lazy\" decoding=\"async\" width=\"150\" height=\"150\" src=\"http:\/\/pedagog.zsme.pl\/wp-content\/uploads\/2017\/11\/IMG_20171114_120215-150x150.jpg\" class=\"attachment-thumbnail size-thumbnail\" alt=\"\" srcset=\"http:\/\/pedagog.zsme.pl\/wp-content\/uploads\/2017\/11\/IMG_20171114_120215-150x150.jpg 150w, http:\/\/pedagog.zsme.pl\/wp-content\/uploads\/2017\/11\/IMG_20171114_120215-100x100.jpg 100w\" sizes=\"(max-width: 150px) 85vw, 150px\" \/><\/a>\n\t\t\t<\/div><\/figure><figure class='gallery-item'>\n\t\t\t<div class='gallery-icon landscape'>\n\t\t\t\t<a href='http:\/\/pedagog.zsme.pl\/wp-content\/uploads\/2017\/11\/IMG_20171114_120203_1.jpg'><img loading=\"lazy\" decoding=\"async\" width=\"150\" height=\"150\" src=\"http:\/\/pedagog.zsme.pl\/wp-content\/uploads\/2017\/11\/IMG_20171114_120203_1-150x150.jpg\" class=\"attachment-thumbnail size-thumbnail\" alt=\"\" srcset=\"http:\/\/pedagog.zsme.pl\/wp-content\/uploads\/2017\/11\/IMG_20171114_120203_1-150x150.jpg 150w, http:\/\/pedagog.zsme.pl\/wp-content\/uploads\/2017\/11\/IMG_20171114_120203_1-100x100.jpg 100w\" sizes=\"(max-width: 150px) 85vw, 150px\" \/><\/a>\n\t\t\t<\/div><\/figure><figure class='gallery-item'>\n\t\t\t<div class='gallery-icon landscape'>\n\t\t\t\t<a href='http:\/\/pedagog.zsme.pl\/wp-content\/uploads\/2017\/11\/IMG_20171114_125920.jpg'><img loading=\"lazy\" decoding=\"async\" width=\"150\" height=\"150\" src=\"http:\/\/pedagog.zsme.pl\/wp-content\/uploads\/2017\/11\/IMG_20171114_125920-150x150.jpg\" class=\"attachment-thumbnail size-thumbnail\" alt=\"\" srcset=\"http:\/\/pedagog.zsme.pl\/wp-content\/uploads\/2017\/11\/IMG_20171114_125920-150x150.jpg 150w, http:\/\/pedagog.zsme.pl\/wp-content\/uploads\/2017\/11\/IMG_20171114_125920-100x100.jpg 100w\" sizes=\"(max-width: 150px) 85vw, 150px\" \/><\/a>\n\t\t\t<\/div><\/figure><figure class='gallery-item'>\n\t\t\t<div class='gallery-icon landscape'>\n\t\t\t\t<a href='http:\/\/pedagog.zsme.pl\/wp-content\/uploads\/2017\/11\/IMG_20171114_125932.jpg'><img loading=\"lazy\" decoding=\"async\" width=\"150\" height=\"150\" src=\"http:\/\/pedagog.zsme.pl\/wp-content\/uploads\/2017\/11\/IMG_20171114_125932-150x150.jpg\" class=\"attachment-thumbnail size-thumbnail\" alt=\"\" srcset=\"http:\/\/pedagog.zsme.pl\/wp-content\/uploads\/2017\/11\/IMG_20171114_125932-150x150.jpg 150w, http:\/\/pedagog.zsme.pl\/wp-content\/uploads\/2017\/11\/IMG_20171114_125932-100x100.jpg 100w\" sizes=\"(max-width: 150px) 85vw, 150px\" \/><\/a>\n\t\t\t<\/div><\/figure><figure class='gallery-item'>\n\t\t\t<div class='gallery-icon landscape'>\n\t\t\t\t<a href='http:\/\/pedagog.zsme.pl\/wp-content\/uploads\/2017\/11\/IMG_20171114_120218.jpg'><img loading=\"lazy\" decoding=\"async\" width=\"150\" height=\"150\" src=\"http:\/\/pedagog.zsme.pl\/wp-content\/uploads\/2017\/11\/IMG_20171114_120218-150x150.jpg\" class=\"attachment-thumbnail size-thumbnail\" alt=\"\" srcset=\"http:\/\/pedagog.zsme.pl\/wp-content\/uploads\/2017\/11\/IMG_20171114_120218-150x150.jpg 150w, http:\/\/pedagog.zsme.pl\/wp-content\/uploads\/2017\/11\/IMG_20171114_120218-100x100.jpg 100w\" sizes=\"(max-width: 150px) 85vw, 150px\" \/><\/a>\n\t\t\t<\/div><\/figure>\n\t\t<\/div>\n\n<h6>Stowarzyszenie OLIGOS<\/h6>\n<p>Dnia 25.10.2017 r. nasze stowarzyszenie podpisa\u0142o Porozumienie o wsp\u00f3\u0142pracy wolontariackiej z Zespo\u0142em Szk\u00f3\u0142 Mechaniczno \u2013 Elektrycznych. W ka\u017cd\u0105 \u015brod\u0119 b\u0119d\u0105 prz<span class=\"text_exposed_show\">ychodzi\u0107 uczniowie na wizyt\u0119 studyjn\u0105. Cel : promocja idei wolontariatu, integracja ze \u015brodowiskiem ON.<br \/>\nPodczas wsp\u00f3lnych zaj\u0119\u0107 m\u0142odzie\u017c \u201eod kuchni\u201d zapozna si\u0119 z ON i ich potencja\u0142em.<br \/>\nDzisiaj by\u0142y zaj\u0119cia w dw\u00f3ch grupach \u2013 zaj\u0119cia plastyczne i w Akademii Dobrego Wygl\u0105du.<\/span><\/p>\n<div id='gallery-15' class='gallery galleryid-203 gallery-columns-3 gallery-size-thumbnail'><figure class='gallery-item'>\n\t\t\t<div class='gallery-icon landscape'>\n\t\t\t\t<a href='http:\/\/pedagog.zsme.pl\/aktualnosci\/2017\/11\/porozumienie-o-wspolpracy-wolontariackiej\/1-20\/'><img loading=\"lazy\" decoding=\"async\" width=\"150\" height=\"150\" src=\"http:\/\/pedagog.zsme.pl\/wp-content\/uploads\/2017\/11\/1-150x150.jpg\" class=\"attachment-thumbnail size-thumbnail\" alt=\"\" srcset=\"http:\/\/pedagog.zsme.pl\/wp-content\/uploads\/2017\/11\/1-150x150.jpg 150w, http:\/\/pedagog.zsme.pl\/wp-content\/uploads\/2017\/11\/1-100x100.jpg 100w\" sizes=\"(max-width: 150px) 85vw, 150px\" \/><\/a>\n\t\t\t<\/div><\/figure><figure class='gallery-item'>\n\t\t\t<div class='gallery-icon landscape'>\n\t\t\t\t<a href='http:\/\/pedagog.zsme.pl\/aktualnosci\/2017\/11\/porozumienie-o-wspolpracy-wolontariackiej\/2-15\/'><img loading=\"lazy\" decoding=\"async\" width=\"150\" height=\"150\" src=\"http:\/\/pedagog.zsme.pl\/wp-content\/uploads\/2017\/11\/2-150x150.jpg\" class=\"attachment-thumbnail size-thumbnail\" alt=\"\" srcset=\"http:\/\/pedagog.zsme.pl\/wp-content\/uploads\/2017\/11\/2-150x150.jpg 150w, http:\/\/pedagog.zsme.pl\/wp-content\/uploads\/2017\/11\/2-100x100.jpg 100w\" sizes=\"(max-width: 150px) 85vw, 150px\" \/><\/a>\n\t\t\t<\/div><\/figure><figure class='gallery-item'>\n\t\t\t<div class='gallery-icon landscape'>\n\t\t\t\t<a href='http:\/\/pedagog.zsme.pl\/aktualnosci\/2017\/11\/porozumienie-o-wspolpracy-wolontariackiej\/3-9\/'><img loading=\"lazy\" decoding=\"async\" width=\"150\" height=\"150\" src=\"http:\/\/pedagog.zsme.pl\/wp-content\/uploads\/2017\/11\/3-150x150.jpg\" class=\"attachment-thumbnail size-thumbnail\" alt=\"\" srcset=\"http:\/\/pedagog.zsme.pl\/wp-content\/uploads\/2017\/11\/3-150x150.jpg 150w, http:\/\/pedagog.zsme.pl\/wp-content\/uploads\/2017\/11\/3-100x100.jpg 100w\" sizes=\"(max-width: 150px) 85vw, 150px\" \/><\/a>\n\t\t\t<\/div><\/figure><figure class='gallery-item'>\n\t\t\t<div class='gallery-icon landscape'>\n\t\t\t\t<a href='http:\/\/pedagog.zsme.pl\/aktualnosci\/2017\/11\/porozumienie-o-wspolpracy-wolontariackiej\/4-8\/'><img loading=\"lazy\" decoding=\"async\" width=\"150\" height=\"150\" src=\"http:\/\/pedagog.zsme.pl\/wp-content\/uploads\/2017\/11\/4-150x150.jpg\" class=\"attachment-thumbnail size-thumbnail\" alt=\"\" srcset=\"http:\/\/pedagog.zsme.pl\/wp-content\/uploads\/2017\/11\/4-150x150.jpg 150w, http:\/\/pedagog.zsme.pl\/wp-content\/uploads\/2017\/11\/4-100x100.jpg 100w\" sizes=\"(max-width: 150px) 85vw, 150px\" \/><\/a>\n\t\t\t<\/div><\/figure><figure class='gallery-item'>\n\t\t\t<div class='gallery-icon portrait'>\n\t\t\t\t<a href='http:\/\/pedagog.zsme.pl\/aktualnosci\/2017\/11\/porozumienie-o-wspolpracy-wolontariackiej\/5-7\/'><img loading=\"lazy\" decoding=\"async\" width=\"150\" height=\"150\" src=\"http:\/\/pedagog.zsme.pl\/wp-content\/uploads\/2017\/11\/5-150x150.jpg\" class=\"attachment-thumbnail size-thumbnail\" alt=\"\" srcset=\"http:\/\/pedagog.zsme.pl\/wp-content\/uploads\/2017\/11\/5-150x150.jpg 150w, http:\/\/pedagog.zsme.pl\/wp-content\/uploads\/2017\/11\/5-100x100.jpg 100w\" sizes=\"(max-width: 150px) 85vw, 150px\" \/><\/a>\n\t\t\t<\/div><\/figure><figure class='gallery-item'>\n\t\t\t<div class='gallery-icon landscape'>\n\t\t\t\t<a href='http:\/\/pedagog.zsme.pl\/aktualnosci\/2017\/11\/porozumienie-o-wspolpracy-wolontariackiej\/6-7\/'><img loading=\"lazy\" decoding=\"async\" width=\"150\" height=\"150\" src=\"http:\/\/pedagog.zsme.pl\/wp-content\/uploads\/2017\/11\/6-150x150.jpg\" class=\"attachment-thumbnail size-thumbnail\" alt=\"\" srcset=\"http:\/\/pedagog.zsme.pl\/wp-content\/uploads\/2017\/11\/6-150x150.jpg 150w, http:\/\/pedagog.zsme.pl\/wp-content\/uploads\/2017\/11\/6-100x100.jpg 100w\" sizes=\"(max-width: 150px) 85vw, 150px\" \/><\/a>\n\t\t\t<\/div><\/figure><figure class='gallery-item'>\n\t\t\t<div class='gallery-icon landscape'>\n\t\t\t\t<a href='http:\/\/pedagog.zsme.pl\/aktualnosci\/2017\/11\/porozumienie-o-wspolpracy-wolontariackiej\/7-4\/'><img loading=\"lazy\" decoding=\"async\" width=\"150\" height=\"150\" src=\"http:\/\/pedagog.zsme.pl\/wp-content\/uploads\/2017\/11\/7-150x150.jpg\" class=\"attachment-thumbnail size-thumbnail\" alt=\"\" srcset=\"http:\/\/pedagog.zsme.pl\/wp-content\/uploads\/2017\/11\/7-150x150.jpg 150w, http:\/\/pedagog.zsme.pl\/wp-content\/uploads\/2017\/11\/7-100x100.jpg 100w\" sizes=\"(max-width: 150px) 85vw, 150px\" \/><\/a>\n\t\t\t<\/div><\/figure><figure class='gallery-item'>\n\t\t\t<div class='gallery-icon portrait'>\n\t\t\t\t<a href='http:\/\/pedagog.zsme.pl\/aktualnosci\/2017\/11\/porozumienie-o-wspolpracy-wolontariackiej\/8-3\/'><img loading=\"lazy\" decoding=\"async\" width=\"150\" height=\"150\" src=\"http:\/\/pedagog.zsme.pl\/wp-content\/uploads\/2017\/11\/8-150x150.jpg\" class=\"attachment-thumbnail size-thumbnail\" alt=\"\" srcset=\"http:\/\/pedagog.zsme.pl\/wp-content\/uploads\/2017\/11\/8-150x150.jpg 150w, http:\/\/pedagog.zsme.pl\/wp-content\/uploads\/2017\/11\/8-100x100.jpg 100w\" sizes=\"(max-width: 150px) 85vw, 150px\" \/><\/a>\n\t\t\t<\/div><\/figure><figure class='gallery-item'>\n\t\t\t<div class='gallery-icon landscape'>\n\t\t\t\t<a href='http:\/\/pedagog.zsme.pl\/aktualnosci\/2017\/11\/porozumienie-o-wspolpracy-wolontariackiej\/9-3\/'><img loading=\"lazy\" decoding=\"async\" width=\"150\" height=\"150\" src=\"http:\/\/pedagog.zsme.pl\/wp-content\/uploads\/2017\/11\/9-150x150.jpg\" class=\"attachment-thumbnail size-thumbnail\" alt=\"\" srcset=\"http:\/\/pedagog.zsme.pl\/wp-content\/uploads\/2017\/11\/9-150x150.jpg 150w, http:\/\/pedagog.zsme.pl\/wp-content\/uploads\/2017\/11\/9-100x100.jpg 100w\" sizes=\"(max-width: 150px) 85vw, 150px\" \/><\/a>\n\t\t\t<\/div><\/figure><figure class='gallery-item'>\n\t\t\t<div class='gallery-icon landscape'>\n\t\t\t\t<a href='http:\/\/pedagog.zsme.pl\/aktualnosci\/2017\/11\/porozumienie-o-wspolpracy-wolontariackiej\/10-2\/'><img loading=\"lazy\" decoding=\"async\" width=\"150\" height=\"150\" src=\"http:\/\/pedagog.zsme.pl\/wp-content\/uploads\/2017\/11\/10-150x150.jpg\" class=\"attachment-thumbnail size-thumbnail\" alt=\"\" srcset=\"http:\/\/pedagog.zsme.pl\/wp-content\/uploads\/2017\/11\/10-150x150.jpg 150w, http:\/\/pedagog.zsme.pl\/wp-content\/uploads\/2017\/11\/10-100x100.jpg 100w\" sizes=\"(max-width: 150px) 85vw, 150px\" \/><\/a>\n\t\t\t<\/div><\/figure><figure class='gallery-item'>\n\t\t\t<div class='gallery-icon landscape'>\n\t\t\t\t<a href='http:\/\/pedagog.zsme.pl\/aktualnosci\/2017\/11\/porozumienie-o-wspolpracy-wolontariackiej\/11-2\/'><img loading=\"lazy\" decoding=\"async\" width=\"150\" height=\"150\" src=\"http:\/\/pedagog.zsme.pl\/wp-content\/uploads\/2017\/11\/11-150x150.jpg\" class=\"attachment-thumbnail size-thumbnail\" alt=\"\" srcset=\"http:\/\/pedagog.zsme.pl\/wp-content\/uploads\/2017\/11\/11-150x150.jpg 150w, http:\/\/pedagog.zsme.pl\/wp-content\/uploads\/2017\/11\/11-100x100.jpg 100w\" sizes=\"(max-width: 150px) 85vw, 150px\" \/><\/a>\n\t\t\t<\/div><\/figure><figure class='gallery-item'>\n\t\t\t<div class='gallery-icon landscape'>\n\t\t\t\t<a href='http:\/\/pedagog.zsme.pl\/aktualnosci\/2017\/11\/porozumienie-o-wspolpracy-wolontariackiej\/12-2\/'><img loading=\"lazy\" decoding=\"async\" width=\"150\" height=\"150\" src=\"http:\/\/pedagog.zsme.pl\/wp-content\/uploads\/2017\/11\/12-150x150.jpg\" class=\"attachment-thumbnail size-thumbnail\" alt=\"\" srcset=\"http:\/\/pedagog.zsme.pl\/wp-content\/uploads\/2017\/11\/12-150x150.jpg 150w, http:\/\/pedagog.zsme.pl\/wp-content\/uploads\/2017\/11\/12-100x100.jpg 100w\" sizes=\"(max-width: 150px) 85vw, 150px\" \/><\/a>\n\t\t\t<\/div><\/figure><figure class='gallery-item'>\n\t\t\t<div class='gallery-icon portrait'>\n\t\t\t\t<a href='http:\/\/pedagog.zsme.pl\/aktualnosci\/2017\/11\/porozumienie-o-wspolpracy-wolontariackiej\/13-2\/'><img loading=\"lazy\" decoding=\"async\" width=\"150\" height=\"150\" src=\"http:\/\/pedagog.zsme.pl\/wp-content\/uploads\/2017\/11\/13-150x150.jpg\" class=\"attachment-thumbnail size-thumbnail\" alt=\"\" srcset=\"http:\/\/pedagog.zsme.pl\/wp-content\/uploads\/2017\/11\/13-150x150.jpg 150w, http:\/\/pedagog.zsme.pl\/wp-content\/uploads\/2017\/11\/13-100x100.jpg 100w\" sizes=\"(max-width: 150px) 85vw, 150px\" \/><\/a>\n\t\t\t<\/div><\/figure><figure class='gallery-item'>\n\t\t\t<div class='gallery-icon landscape'>\n\t\t\t\t<a href='http:\/\/pedagog.zsme.pl\/aktualnosci\/2017\/11\/porozumienie-o-wspolpracy-wolontariackiej\/14-2\/'><img loading=\"lazy\" decoding=\"async\" width=\"150\" height=\"150\" src=\"http:\/\/pedagog.zsme.pl\/wp-content\/uploads\/2017\/11\/14-150x150.jpg\" class=\"attachment-thumbnail size-thumbnail\" alt=\"\" srcset=\"http:\/\/pedagog.zsme.pl\/wp-content\/uploads\/2017\/11\/14-150x150.jpg 150w, http:\/\/pedagog.zsme.pl\/wp-content\/uploads\/2017\/11\/14-100x100.jpg 100w\" sizes=\"(max-width: 150px) 85vw, 150px\" \/><\/a>\n\t\t\t<\/div><\/figure><figure class='gallery-item'>\n\t\t\t<div class='gallery-icon landscape'>\n\t\t\t\t<a href='http:\/\/pedagog.zsme.pl\/aktualnosci\/2017\/11\/porozumienie-o-wspolpracy-wolontariackiej\/15-2\/'><img loading=\"lazy\" decoding=\"async\" width=\"150\" height=\"150\" src=\"http:\/\/pedagog.zsme.pl\/wp-content\/uploads\/2017\/11\/15-150x150.jpg\" class=\"attachment-thumbnail size-thumbnail\" alt=\"\" srcset=\"http:\/\/pedagog.zsme.pl\/wp-content\/uploads\/2017\/11\/15-150x150.jpg 150w, http:\/\/pedagog.zsme.pl\/wp-content\/uploads\/2017\/11\/15-100x100.jpg 100w\" sizes=\"(max-width: 150px) 85vw, 150px\" \/><\/a>\n\t\t\t<\/div><\/figure><figure class='gallery-item'>\n\t\t\t<div class='gallery-icon portrait'>\n\t\t\t\t<a href='http:\/\/pedagog.zsme.pl\/aktualnosci\/2017\/11\/porozumienie-o-wspolpracy-wolontariackiej\/16-2\/'><img loading=\"lazy\" decoding=\"async\" width=\"150\" height=\"150\" src=\"http:\/\/pedagog.zsme.pl\/wp-content\/uploads\/2017\/11\/16-150x150.jpg\" class=\"attachment-thumbnail size-thumbnail\" alt=\"\" srcset=\"http:\/\/pedagog.zsme.pl\/wp-content\/uploads\/2017\/11\/16-150x150.jpg 150w, http:\/\/pedagog.zsme.pl\/wp-content\/uploads\/2017\/11\/16-100x100.jpg 100w\" sizes=\"(max-width: 150px) 85vw, 150px\" \/><\/a>\n\t\t\t<\/div><\/figure><figure class='gallery-item'>\n\t\t\t<div class='gallery-icon portrait'>\n\t\t\t\t<a href='http:\/\/pedagog.zsme.pl\/aktualnosci\/2017\/11\/porozumienie-o-wspolpracy-wolontariackiej\/17-2\/'><img loading=\"lazy\" decoding=\"async\" width=\"150\" height=\"150\" src=\"http:\/\/pedagog.zsme.pl\/wp-content\/uploads\/2017\/11\/17-150x150.jpg\" class=\"attachment-thumbnail size-thumbnail\" alt=\"\" srcset=\"http:\/\/pedagog.zsme.pl\/wp-content\/uploads\/2017\/11\/17-150x150.jpg 150w, http:\/\/pedagog.zsme.pl\/wp-content\/uploads\/2017\/11\/17-100x100.jpg 100w\" sizes=\"(max-width: 150px) 85vw, 150px\" \/><\/a>\n\t\t\t<\/div><\/figure><figure class='gallery-item'>\n\t\t\t<div class='gallery-icon portrait'>\n\t\t\t\t<a href='http:\/\/pedagog.zsme.pl\/aktualnosci\/2017\/11\/porozumienie-o-wspolpracy-wolontariackiej\/19-3\/'><img loading=\"lazy\" decoding=\"async\" width=\"150\" height=\"150\" src=\"http:\/\/pedagog.zsme.pl\/wp-content\/uploads\/2017\/11\/19-150x150.jpg\" class=\"attachment-thumbnail size-thumbnail\" alt=\"\" srcset=\"http:\/\/pedagog.zsme.pl\/wp-content\/uploads\/2017\/11\/19-150x150.jpg 150w, http:\/\/pedagog.zsme.pl\/wp-content\/uploads\/2017\/11\/19-100x100.jpg 100w\" sizes=\"(max-width: 150px) 85vw, 150px\" \/><\/a>\n\t\t\t<\/div><\/figure><figure class='gallery-item'>\n\t\t\t<div class='gallery-icon landscape'>\n\t\t\t\t<a href='http:\/\/pedagog.zsme.pl\/aktualnosci\/2017\/11\/porozumienie-o-wspolpracy-wolontariackiej\/18-2\/'><img loading=\"lazy\" decoding=\"async\" width=\"150\" height=\"150\" src=\"http:\/\/pedagog.zsme.pl\/wp-content\/uploads\/2017\/11\/18-150x150.jpg\" class=\"attachment-thumbnail size-thumbnail\" alt=\"\" srcset=\"http:\/\/pedagog.zsme.pl\/wp-content\/uploads\/2017\/11\/18-150x150.jpg 150w, http:\/\/pedagog.zsme.pl\/wp-content\/uploads\/2017\/11\/18-100x100.jpg 100w\" sizes=\"(max-width: 150px) 85vw, 150px\" \/><\/a>\n\t\t\t<\/div><\/figure>\n\t\t<\/div>\n\n<h6><\/h6>\n<h6>Festyn Rodzin Zast\u0119pczych<\/h6>\n<p><a href=\"http:\/\/pedagog.zsme.pl\/wp-content\/uploads\/2017\/03\/8_title.jpg\"><img loading=\"lazy\" decoding=\"async\" class=\"alignnone size-full wp-image-483\" src=\"http:\/\/pedagog.zsme.pl\/wp-content\/uploads\/2017\/03\/8_title.jpg\" alt=\"\" width=\"960\" height=\"640\" srcset=\"http:\/\/pedagog.zsme.pl\/wp-content\/uploads\/2017\/03\/8_title.jpg 960w, http:\/\/pedagog.zsme.pl\/wp-content\/uploads\/2017\/03\/8_title-300x200.jpg 300w, http:\/\/pedagog.zsme.pl\/wp-content\/uploads\/2017\/03\/8_title-768x512.jpg 768w\" sizes=\"(max-width: 709px) 85vw, (max-width: 909px) 67vw, (max-width: 1362px) 62vw, 840px\" \/><\/a><\/p>\n<p>&nbsp;<\/p>\n<p style=\"text-align: justify;\">W parku przy Domu Kultury w Rybniku \u2013 Chwa\u0142owicach odby\u0142 si\u0119 Festyn Rodzin Zast\u0119pczych. Celem tej imprezy by\u0142a integracja \u015brodowiska rodzin zast\u0119pczych i promocja adopcji. Atrakcji by\u0142o wiele, mi\u0119dzy innymi stan\u0119\u0142y tam Bajkowe Namioty, w kt\u00f3rych najm\u0142odsi i nieco starsi brali udzia\u0142 w r\u00f3\u017cnego rodzaju zabawach. Dzieci ze Stowarzyszenia Rodzin Zast\u0119pczych \u201eSerduchowo\u201d wystawi\u0142y musical \u201eKr\u00f3lewna \u015bnie\u017cka\u201d, na scenie odby\u0142 si\u0119 r\u00f3wnie\u017c fina\u0142 Festiwalu Piosenki Dzieci\u0119cej imienia Tadeusza Paprotnego. Cz\u0142onkowie Szkolnego Ko\u0142a Wolontariatu Mechanika sp\u0119dzili ca\u0142y dzie\u0144 pomagaj\u0105c w organizacji tego przedsi\u0119wzi\u0119cia. Stawiali namioty i urz\u0105dzali miejsca zabaw dla dzieci. W bajkowych przebraniach zajmowali si\u0119 dzie\u0107mi, przeprowadzali konkursy, umilali czas rodzinom zast\u0119pczym. Na buziach dzieci nieustannie wida\u0107 by\u0142o u\u015bmiech. Wszyscy wolontariusze wspaniale si\u0119 spisali! Dzieci bardzo cz\u0119sto tuli\u0142y si\u0119 do naszego Melka, kt\u00f3ry przechadza\u0142 si\u0119 alejkami parku. Pani Teresa Gabry\u015b \u2013 organizatorka festynu jest bardzo wdzi\u0119czna za ofiarowana pomoc naszych wolontariuszy i ju\u017c rysuj\u0105 si\u0119 nast\u0119pne plany wsp\u00f3\u0142pracy naszego ko\u0142a wolontariatu ze \u201eStowarzyszeniem Serduchowo\u201d. Dzi\u0119kuj\u0119 wszystkim za tak wspania\u0142\u0105 postaw\u0119, zaanga\u017cowanie i serce.<\/p>\n<div id='gallery-16' class='gallery galleryid-203 gallery-columns-3 gallery-size-thumbnail'><figure class='gallery-item'>\n\t\t\t<div class='gallery-icon landscape'>\n\t\t\t\t<a href='http:\/\/pedagog.zsme.pl\/wp-content\/uploads\/2017\/03\/1-15.jpg'><img loading=\"lazy\" decoding=\"async\" width=\"150\" height=\"150\" src=\"http:\/\/pedagog.zsme.pl\/wp-content\/uploads\/2017\/03\/1-15-150x150.jpg\" class=\"attachment-thumbnail size-thumbnail\" alt=\"\" srcset=\"http:\/\/pedagog.zsme.pl\/wp-content\/uploads\/2017\/03\/1-15-150x150.jpg 150w, http:\/\/pedagog.zsme.pl\/wp-content\/uploads\/2017\/03\/1-15-100x100.jpg 100w\" sizes=\"(max-width: 150px) 85vw, 150px\" \/><\/a>\n\t\t\t<\/div><\/figure><figure class='gallery-item'>\n\t\t\t<div class='gallery-icon landscape'>\n\t\t\t\t<a href='http:\/\/pedagog.zsme.pl\/wp-content\/uploads\/2017\/03\/2-11.jpg'><img loading=\"lazy\" decoding=\"async\" width=\"150\" height=\"150\" src=\"http:\/\/pedagog.zsme.pl\/wp-content\/uploads\/2017\/03\/2-11-150x150.jpg\" class=\"attachment-thumbnail size-thumbnail\" alt=\"\" srcset=\"http:\/\/pedagog.zsme.pl\/wp-content\/uploads\/2017\/03\/2-11-150x150.jpg 150w, http:\/\/pedagog.zsme.pl\/wp-content\/uploads\/2017\/03\/2-11-100x100.jpg 100w\" sizes=\"(max-width: 150px) 85vw, 150px\" \/><\/a>\n\t\t\t<\/div><\/figure><figure class='gallery-item'>\n\t\t\t<div class='gallery-icon landscape'>\n\t\t\t\t<a href='http:\/\/pedagog.zsme.pl\/wp-content\/uploads\/2017\/03\/3-5.jpg'><img loading=\"lazy\" decoding=\"async\" width=\"150\" height=\"150\" src=\"http:\/\/pedagog.zsme.pl\/wp-content\/uploads\/2017\/03\/3-5-150x150.jpg\" class=\"attachment-thumbnail size-thumbnail\" alt=\"\" srcset=\"http:\/\/pedagog.zsme.pl\/wp-content\/uploads\/2017\/03\/3-5-150x150.jpg 150w, http:\/\/pedagog.zsme.pl\/wp-content\/uploads\/2017\/03\/3-5-100x100.jpg 100w\" sizes=\"(max-width: 150px) 85vw, 150px\" \/><\/a>\n\t\t\t<\/div><\/figure><figure class='gallery-item'>\n\t\t\t<div class='gallery-icon portrait'>\n\t\t\t\t<a href='http:\/\/pedagog.zsme.pl\/wp-content\/uploads\/2017\/03\/4-5.jpg'><img loading=\"lazy\" decoding=\"async\" width=\"150\" height=\"150\" src=\"http:\/\/pedagog.zsme.pl\/wp-content\/uploads\/2017\/03\/4-5-150x150.jpg\" class=\"attachment-thumbnail size-thumbnail\" alt=\"\" srcset=\"http:\/\/pedagog.zsme.pl\/wp-content\/uploads\/2017\/03\/4-5-150x150.jpg 150w, http:\/\/pedagog.zsme.pl\/wp-content\/uploads\/2017\/03\/4-5-100x100.jpg 100w\" sizes=\"(max-width: 150px) 85vw, 150px\" \/><\/a>\n\t\t\t<\/div><\/figure><figure class='gallery-item'>\n\t\t\t<div class='gallery-icon landscape'>\n\t\t\t\t<a href='http:\/\/pedagog.zsme.pl\/wp-content\/uploads\/2017\/03\/5-4.jpg'><img loading=\"lazy\" decoding=\"async\" width=\"150\" height=\"150\" src=\"http:\/\/pedagog.zsme.pl\/wp-content\/uploads\/2017\/03\/5-4-150x150.jpg\" class=\"attachment-thumbnail size-thumbnail\" alt=\"\" srcset=\"http:\/\/pedagog.zsme.pl\/wp-content\/uploads\/2017\/03\/5-4-150x150.jpg 150w, http:\/\/pedagog.zsme.pl\/wp-content\/uploads\/2017\/03\/5-4-100x100.jpg 100w\" sizes=\"(max-width: 150px) 85vw, 150px\" \/><\/a>\n\t\t\t<\/div><\/figure><figure class='gallery-item'>\n\t\t\t<div class='gallery-icon portrait'>\n\t\t\t\t<a href='http:\/\/pedagog.zsme.pl\/wp-content\/uploads\/2017\/03\/6-5.jpg'><img loading=\"lazy\" decoding=\"async\" width=\"150\" height=\"150\" src=\"http:\/\/pedagog.zsme.pl\/wp-content\/uploads\/2017\/03\/6-5-150x150.jpg\" class=\"attachment-thumbnail size-thumbnail\" alt=\"\" srcset=\"http:\/\/pedagog.zsme.pl\/wp-content\/uploads\/2017\/03\/6-5-150x150.jpg 150w, http:\/\/pedagog.zsme.pl\/wp-content\/uploads\/2017\/03\/6-5-100x100.jpg 100w\" sizes=\"(max-width: 150px) 85vw, 150px\" \/><\/a>\n\t\t\t<\/div><\/figure><figure class='gallery-item'>\n\t\t\t<div class='gallery-icon portrait'>\n\t\t\t\t<a href='http:\/\/pedagog.zsme.pl\/wp-content\/uploads\/2017\/03\/7-2.jpg'><img loading=\"lazy\" decoding=\"async\" width=\"150\" height=\"150\" src=\"http:\/\/pedagog.zsme.pl\/wp-content\/uploads\/2017\/03\/7-2-150x150.jpg\" class=\"attachment-thumbnail size-thumbnail\" alt=\"\" srcset=\"http:\/\/pedagog.zsme.pl\/wp-content\/uploads\/2017\/03\/7-2-150x150.jpg 150w, http:\/\/pedagog.zsme.pl\/wp-content\/uploads\/2017\/03\/7-2-100x100.jpg 100w\" sizes=\"(max-width: 150px) 85vw, 150px\" \/><\/a>\n\t\t\t<\/div><\/figure><figure class='gallery-item'>\n\t\t\t<div class='gallery-icon landscape'>\n\t\t\t\t<a href='http:\/\/pedagog.zsme.pl\/wp-content\/uploads\/2017\/03\/9-1.jpg'><img loading=\"lazy\" decoding=\"async\" width=\"150\" height=\"150\" src=\"http:\/\/pedagog.zsme.pl\/wp-content\/uploads\/2017\/03\/9-1-150x150.jpg\" class=\"attachment-thumbnail size-thumbnail\" alt=\"\" srcset=\"http:\/\/pedagog.zsme.pl\/wp-content\/uploads\/2017\/03\/9-1-150x150.jpg 150w, http:\/\/pedagog.zsme.pl\/wp-content\/uploads\/2017\/03\/9-1-100x100.jpg 100w\" sizes=\"(max-width: 150px) 85vw, 150px\" \/><\/a>\n\t\t\t<\/div><\/figure><figure class='gallery-item'>\n\t\t\t<div class='gallery-icon landscape'>\n\t\t\t\t<a href='http:\/\/pedagog.zsme.pl\/wp-content\/uploads\/2017\/03\/10.jpg'><img loading=\"lazy\" decoding=\"async\" width=\"150\" height=\"150\" src=\"http:\/\/pedagog.zsme.pl\/wp-content\/uploads\/2017\/03\/10-150x150.jpg\" class=\"attachment-thumbnail size-thumbnail\" alt=\"\" srcset=\"http:\/\/pedagog.zsme.pl\/wp-content\/uploads\/2017\/03\/10-150x150.jpg 150w, http:\/\/pedagog.zsme.pl\/wp-content\/uploads\/2017\/03\/10-100x100.jpg 100w\" sizes=\"(max-width: 150px) 85vw, 150px\" \/><\/a>\n\t\t\t<\/div><\/figure><figure class='gallery-item'>\n\t\t\t<div class='gallery-icon portrait'>\n\t\t\t\t<a href='http:\/\/pedagog.zsme.pl\/wp-content\/uploads\/2017\/03\/11.jpg'><img loading=\"lazy\" decoding=\"async\" width=\"150\" height=\"150\" src=\"http:\/\/pedagog.zsme.pl\/wp-content\/uploads\/2017\/03\/11-150x150.jpg\" class=\"attachment-thumbnail size-thumbnail\" alt=\"\" srcset=\"http:\/\/pedagog.zsme.pl\/wp-content\/uploads\/2017\/03\/11-150x150.jpg 150w, http:\/\/pedagog.zsme.pl\/wp-content\/uploads\/2017\/03\/11-100x100.jpg 100w\" sizes=\"(max-width: 150px) 85vw, 150px\" \/><\/a>\n\t\t\t<\/div><\/figure><figure class='gallery-item'>\n\t\t\t<div class='gallery-icon landscape'>\n\t\t\t\t<a href='http:\/\/pedagog.zsme.pl\/wp-content\/uploads\/2017\/03\/12.jpg'><img loading=\"lazy\" decoding=\"async\" width=\"150\" height=\"150\" src=\"http:\/\/pedagog.zsme.pl\/wp-content\/uploads\/2017\/03\/12-150x150.jpg\" class=\"attachment-thumbnail size-thumbnail\" alt=\"\" srcset=\"http:\/\/pedagog.zsme.pl\/wp-content\/uploads\/2017\/03\/12-150x150.jpg 150w, http:\/\/pedagog.zsme.pl\/wp-content\/uploads\/2017\/03\/12-100x100.jpg 100w\" sizes=\"(max-width: 150px) 85vw, 150px\" \/><\/a>\n\t\t\t<\/div><\/figure><figure class='gallery-item'>\n\t\t\t<div class='gallery-icon landscape'>\n\t\t\t\t<a href='http:\/\/pedagog.zsme.pl\/wp-content\/uploads\/2017\/03\/13.jpg'><img loading=\"lazy\" decoding=\"async\" width=\"150\" height=\"150\" src=\"http:\/\/pedagog.zsme.pl\/wp-content\/uploads\/2017\/03\/13-150x150.jpg\" class=\"attachment-thumbnail size-thumbnail\" alt=\"\" srcset=\"http:\/\/pedagog.zsme.pl\/wp-content\/uploads\/2017\/03\/13-150x150.jpg 150w, http:\/\/pedagog.zsme.pl\/wp-content\/uploads\/2017\/03\/13-100x100.jpg 100w\" sizes=\"(max-width: 150px) 85vw, 150px\" \/><\/a>\n\t\t\t<\/div><\/figure><figure class='gallery-item'>\n\t\t\t<div class='gallery-icon landscape'>\n\t\t\t\t<a href='http:\/\/pedagog.zsme.pl\/wp-content\/uploads\/2017\/03\/14.jpg'><img loading=\"lazy\" decoding=\"async\" width=\"150\" height=\"150\" src=\"http:\/\/pedagog.zsme.pl\/wp-content\/uploads\/2017\/03\/14-150x150.jpg\" class=\"attachment-thumbnail size-thumbnail\" alt=\"\" srcset=\"http:\/\/pedagog.zsme.pl\/wp-content\/uploads\/2017\/03\/14-150x150.jpg 150w, http:\/\/pedagog.zsme.pl\/wp-content\/uploads\/2017\/03\/14-100x100.jpg 100w\" sizes=\"(max-width: 150px) 85vw, 150px\" \/><\/a>\n\t\t\t<\/div><\/figure><figure class='gallery-item'>\n\t\t\t<div class='gallery-icon landscape'>\n\t\t\t\t<a href='http:\/\/pedagog.zsme.pl\/wp-content\/uploads\/2017\/03\/15.jpg'><img loading=\"lazy\" decoding=\"async\" width=\"150\" height=\"150\" src=\"http:\/\/pedagog.zsme.pl\/wp-content\/uploads\/2017\/03\/15-150x150.jpg\" class=\"attachment-thumbnail size-thumbnail\" alt=\"\" srcset=\"http:\/\/pedagog.zsme.pl\/wp-content\/uploads\/2017\/03\/15-150x150.jpg 150w, http:\/\/pedagog.zsme.pl\/wp-content\/uploads\/2017\/03\/15-100x100.jpg 100w\" sizes=\"(max-width: 150px) 85vw, 150px\" \/><\/a>\n\t\t\t<\/div><\/figure><figure class='gallery-item'>\n\t\t\t<div class='gallery-icon landscape'>\n\t\t\t\t<a href='http:\/\/pedagog.zsme.pl\/wp-content\/uploads\/2017\/03\/16.jpg'><img loading=\"lazy\" decoding=\"async\" width=\"150\" height=\"150\" src=\"http:\/\/pedagog.zsme.pl\/wp-content\/uploads\/2017\/03\/16-150x150.jpg\" class=\"attachment-thumbnail size-thumbnail\" alt=\"\" srcset=\"http:\/\/pedagog.zsme.pl\/wp-content\/uploads\/2017\/03\/16-150x150.jpg 150w, http:\/\/pedagog.zsme.pl\/wp-content\/uploads\/2017\/03\/16-100x100.jpg 100w\" sizes=\"(max-width: 150px) 85vw, 150px\" \/><\/a>\n\t\t\t<\/div><\/figure><figure class='gallery-item'>\n\t\t\t<div class='gallery-icon portrait'>\n\t\t\t\t<a href='http:\/\/pedagog.zsme.pl\/wp-content\/uploads\/2017\/03\/17.jpg'><img loading=\"lazy\" decoding=\"async\" width=\"150\" height=\"150\" src=\"http:\/\/pedagog.zsme.pl\/wp-content\/uploads\/2017\/03\/17-150x150.jpg\" class=\"attachment-thumbnail size-thumbnail\" alt=\"\" srcset=\"http:\/\/pedagog.zsme.pl\/wp-content\/uploads\/2017\/03\/17-150x150.jpg 150w, http:\/\/pedagog.zsme.pl\/wp-content\/uploads\/2017\/03\/17-100x100.jpg 100w\" sizes=\"(max-width: 150px) 85vw, 150px\" \/><\/a>\n\t\t\t<\/div><\/figure><figure class='gallery-item'>\n\t\t\t<div class='gallery-icon landscape'>\n\t\t\t\t<a href='http:\/\/pedagog.zsme.pl\/wp-content\/uploads\/2017\/03\/18.jpg'><img loading=\"lazy\" decoding=\"async\" width=\"150\" height=\"150\" src=\"http:\/\/pedagog.zsme.pl\/wp-content\/uploads\/2017\/03\/18-150x150.jpg\" class=\"attachment-thumbnail size-thumbnail\" alt=\"\" srcset=\"http:\/\/pedagog.zsme.pl\/wp-content\/uploads\/2017\/03\/18-150x150.jpg 150w, http:\/\/pedagog.zsme.pl\/wp-content\/uploads\/2017\/03\/18-100x100.jpg 100w\" sizes=\"(max-width: 150px) 85vw, 150px\" \/><\/a>\n\t\t\t<\/div><\/figure><figure class='gallery-item'>\n\t\t\t<div class='gallery-icon portrait'>\n\t\t\t\t<a href='http:\/\/pedagog.zsme.pl\/wp-content\/uploads\/2017\/03\/19-1.jpg'><img loading=\"lazy\" decoding=\"async\" width=\"150\" height=\"150\" src=\"http:\/\/pedagog.zsme.pl\/wp-content\/uploads\/2017\/03\/19-1-150x150.jpg\" class=\"attachment-thumbnail size-thumbnail\" alt=\"\" srcset=\"http:\/\/pedagog.zsme.pl\/wp-content\/uploads\/2017\/03\/19-1-150x150.jpg 150w, http:\/\/pedagog.zsme.pl\/wp-content\/uploads\/2017\/03\/19-1-100x100.jpg 100w\" sizes=\"(max-width: 150px) 85vw, 150px\" \/><\/a>\n\t\t\t<\/div><\/figure><figure class='gallery-item'>\n\t\t\t<div class='gallery-icon portrait'>\n\t\t\t\t<a href='http:\/\/pedagog.zsme.pl\/wp-content\/uploads\/2017\/03\/20-1.jpg'><img loading=\"lazy\" decoding=\"async\" width=\"150\" height=\"150\" src=\"http:\/\/pedagog.zsme.pl\/wp-content\/uploads\/2017\/03\/20-1-150x150.jpg\" class=\"attachment-thumbnail size-thumbnail\" alt=\"\" srcset=\"http:\/\/pedagog.zsme.pl\/wp-content\/uploads\/2017\/03\/20-1-150x150.jpg 150w, http:\/\/pedagog.zsme.pl\/wp-content\/uploads\/2017\/03\/20-1-100x100.jpg 100w\" sizes=\"(max-width: 150px) 85vw, 150px\" \/><\/a>\n\t\t\t<\/div><\/figure><figure class='gallery-item'>\n\t\t\t<div class='gallery-icon portrait'>\n\t\t\t\t<a href='http:\/\/pedagog.zsme.pl\/wp-content\/uploads\/2017\/03\/21.jpg'><img loading=\"lazy\" decoding=\"async\" width=\"150\" height=\"150\" src=\"http:\/\/pedagog.zsme.pl\/wp-content\/uploads\/2017\/03\/21-150x150.jpg\" class=\"attachment-thumbnail size-thumbnail\" alt=\"\" srcset=\"http:\/\/pedagog.zsme.pl\/wp-content\/uploads\/2017\/03\/21-150x150.jpg 150w, http:\/\/pedagog.zsme.pl\/wp-content\/uploads\/2017\/03\/21-100x100.jpg 100w\" sizes=\"(max-width: 150px) 85vw, 150px\" \/><\/a>\n\t\t\t<\/div><\/figure><figure class='gallery-item'>\n\t\t\t<div class='gallery-icon landscape'>\n\t\t\t\t<a href='http:\/\/pedagog.zsme.pl\/wp-content\/uploads\/2017\/03\/22.jpg'><img loading=\"lazy\" decoding=\"async\" width=\"150\" height=\"150\" src=\"http:\/\/pedagog.zsme.pl\/wp-content\/uploads\/2017\/03\/22-150x150.jpg\" class=\"attachment-thumbnail size-thumbnail\" alt=\"\" srcset=\"http:\/\/pedagog.zsme.pl\/wp-content\/uploads\/2017\/03\/22-150x150.jpg 150w, http:\/\/pedagog.zsme.pl\/wp-content\/uploads\/2017\/03\/22-100x100.jpg 100w\" sizes=\"(max-width: 150px) 85vw, 150px\" \/><\/a>\n\t\t\t<\/div><\/figure>\n\t\t<\/div>\n\n<p>&nbsp;<\/p>\n<hr \/>\n<h6>Grupa wolontariuszy bior\u0105ca udzia\u0142 w festynie rodzin zast\u0119pczych w Rybniku-Chwa\u0142owicach<\/h6>\n<p><a href=\"http:\/\/pedagog.zsme.pl\/wp-content\/uploads\/2017\/05\/1-1.jpg\"><img loading=\"lazy\" decoding=\"async\" class=\"alignnone size-full wp-image-392\" src=\"http:\/\/pedagog.zsme.pl\/wp-content\/uploads\/2017\/05\/1-1.jpg\" alt=\"\" width=\"3264\" height=\"1836\" srcset=\"http:\/\/pedagog.zsme.pl\/wp-content\/uploads\/2017\/05\/1-1.jpg 3264w, http:\/\/pedagog.zsme.pl\/wp-content\/uploads\/2017\/05\/1-1-300x169.jpg 300w, http:\/\/pedagog.zsme.pl\/wp-content\/uploads\/2017\/05\/1-1-768x432.jpg 768w, http:\/\/pedagog.zsme.pl\/wp-content\/uploads\/2017\/05\/1-1-1024x576.jpg 1024w\" sizes=\"(max-width: 709px) 85vw, (max-width: 909px) 67vw, (max-width: 1362px) 62vw, 840px\" \/><\/a><\/p>\n<hr \/>\n<h6 class=\"fonter\" style=\"text-align: justify;\">Lider Dobroczynno\u015bci 2017<\/h6>\n<h6><a href=\"http:\/\/pedagog.zsme.pl\/wolontariat\/lider-dyplom\/\" rel=\"attachment wp-att-397\">Dyplom lidera dobroczynno\u015bci<\/a><\/h6>\n<p style=\"text-align: justify;\">W dniu 25 kwietnia 2017 roku w Kolegium Pracownik\u00f3w S\u0142u\u017cb Spo\u0142ecznych w Czeladzi odby\u0142o si\u0119 podsumowanie konkursu dla szk\u00f3\u0142 ponadgimnazjalnych wojew\u00f3dztwa \u015bl\u0105skiego na najlepiej zorganizowan\u0105 akcj\u0119 spo\u0142eczn\u0105 w latach 2015-2016 pod has\u0142em\u00a0\u201e<strong>Lider Dobroczynno\u015bci\u201d.<\/strong>\u00a0Celem konkursu by\u0142o promowanie wolontariatu w\u015br\u00f3d m\u0142odzie\u017cy, wszelkich akcji charytatywnych oraz uhonorowanie m\u0142odych ludzi o dobrych sercach \u00a0i wyj\u0105tkowej wra\u017cliwo\u015bci. Otrzymali\u015bmy pierwsze miejsce w\u015br\u00f3d szk\u00f3\u0142 ponadgimnazjalnych wojew\u00f3dztwa \u015bl\u0105skiego za nasz\u0105 \u201e\u015awi\u0105teczn\u0105 paczk\u0119 Mechanika\u201d,\u00a0 promowanie i szerzenie wiedzy o transplantacji narz\u0105d\u00f3w oraz wsp\u00f3\u0142prac\u0119 ze stowarzyszeniami promuj\u0105cymi prac\u0119 wolontariatu. Doceniono nasz wk\u0142ad w promowanie wolontariatu, dobroczynno\u015bci, prowadzeniu akcji charytatywnych organizowanych przez m\u0142odych ludzi, dla kt\u00f3rych niesienie pomocy jest naturaln\u0105 dzia\u0142alno\u015bci\u0105. W ocenie prac jury uwzgl\u0119dnia\u0142o nast\u0119puj\u0105ce kryteria: pomys\u0142owo\u015b\u0107, innowacyjno\u015b\u0107 akcji i jej zasi\u0119g, efekt i wp\u0142yw zrealizowanych dzia\u0142a\u0144 na \u015brodowisko lokalne, a tak\u017ce wsp\u00f3\u0142prac\u0119 z innymi instytucjami.\u00a0Mieli\u015bmy okazj\u0119 zaprezentowa\u0107 swoje dzia\u0142ania i przybli\u017cy\u0107 efekty dzia\u0142alno\u015bci na rzecz innych, potrzebuj\u0105cych ludzi. W imieniu swoim i naszych wolontariuszy dzi\u0119kuj\u0119 Dyrekcji, nauczycielom, pracownikom administracji i obs\u0142ugi, uczniom, rodzicom oraz Samorz\u0105dowi Szkolnemu za pomoc i wsparcie w naszych akcjach charytatywnych. Mamy nadziej\u0119, \u017ce w nast\u0119pnych latach naszej dzia\u0142alno\u015bci b\u0119dziemy pomaga\u0107 nadal z takim zaanga\u017cowaniem jak dotychczas.<\/p>\n<p style=\"text-align: justify;\">Bo\u017cena Paniczek \u2013 pedagog szkolny.<\/p>\n<div id='gallery-17' class='gallery galleryid-203 gallery-columns-3 gallery-size-thumbnail'><figure class='gallery-item'>\n\t\t\t<div class='gallery-icon landscape'>\n\t\t\t\t<a href='http:\/\/pedagog.zsme.pl\/wp-content\/uploads\/2017\/03\/2-9.jpg'><img loading=\"lazy\" decoding=\"async\" width=\"150\" height=\"150\" src=\"http:\/\/pedagog.zsme.pl\/wp-content\/uploads\/2017\/03\/2-9-150x150.jpg\" class=\"attachment-thumbnail size-thumbnail\" alt=\"\" srcset=\"http:\/\/pedagog.zsme.pl\/wp-content\/uploads\/2017\/03\/2-9-150x150.jpg 150w, http:\/\/pedagog.zsme.pl\/wp-content\/uploads\/2017\/03\/2-9-100x100.jpg 100w\" sizes=\"(max-width: 150px) 85vw, 150px\" \/><\/a>\n\t\t\t<\/div><\/figure><figure class='gallery-item'>\n\t\t\t<div class='gallery-icon landscape'>\n\t\t\t\t<a href='http:\/\/pedagog.zsme.pl\/wp-content\/uploads\/2017\/03\/DSC_9093-1.jpg'><img loading=\"lazy\" decoding=\"async\" width=\"150\" height=\"150\" src=\"http:\/\/pedagog.zsme.pl\/wp-content\/uploads\/2017\/03\/DSC_9093-1-150x150.jpg\" class=\"attachment-thumbnail size-thumbnail\" alt=\"\" srcset=\"http:\/\/pedagog.zsme.pl\/wp-content\/uploads\/2017\/03\/DSC_9093-1-150x150.jpg 150w, http:\/\/pedagog.zsme.pl\/wp-content\/uploads\/2017\/03\/DSC_9093-1-100x100.jpg 100w\" sizes=\"(max-width: 150px) 85vw, 150px\" \/><\/a>\n\t\t\t<\/div><\/figure><figure class='gallery-item'>\n\t\t\t<div class='gallery-icon landscape'>\n\t\t\t\t<a href='http:\/\/pedagog.zsme.pl\/wp-content\/uploads\/2017\/03\/DSC_9131-1.jpg'><img loading=\"lazy\" decoding=\"async\" width=\"150\" height=\"150\" src=\"http:\/\/pedagog.zsme.pl\/wp-content\/uploads\/2017\/03\/DSC_9131-1-150x150.jpg\" class=\"attachment-thumbnail size-thumbnail\" alt=\"\" srcset=\"http:\/\/pedagog.zsme.pl\/wp-content\/uploads\/2017\/03\/DSC_9131-1-150x150.jpg 150w, http:\/\/pedagog.zsme.pl\/wp-content\/uploads\/2017\/03\/DSC_9131-1-100x100.jpg 100w\" sizes=\"(max-width: 150px) 85vw, 150px\" \/><\/a>\n\t\t\t<\/div><\/figure><figure class='gallery-item'>\n\t\t\t<div class='gallery-icon landscape'>\n\t\t\t\t<a href='http:\/\/pedagog.zsme.pl\/wp-content\/uploads\/2017\/03\/DSC_9135.jpg'><img loading=\"lazy\" decoding=\"async\" width=\"150\" height=\"150\" src=\"http:\/\/pedagog.zsme.pl\/wp-content\/uploads\/2017\/03\/DSC_9135-150x150.jpg\" class=\"attachment-thumbnail size-thumbnail\" alt=\"\" srcset=\"http:\/\/pedagog.zsme.pl\/wp-content\/uploads\/2017\/03\/DSC_9135-150x150.jpg 150w, http:\/\/pedagog.zsme.pl\/wp-content\/uploads\/2017\/03\/DSC_9135-100x100.jpg 100w\" sizes=\"(max-width: 150px) 85vw, 150px\" \/><\/a>\n\t\t\t<\/div><\/figure><figure class='gallery-item'>\n\t\t\t<div class='gallery-icon landscape'>\n\t\t\t\t<a href='http:\/\/pedagog.zsme.pl\/wp-content\/uploads\/2017\/03\/DSC_9150.jpg'><img loading=\"lazy\" decoding=\"async\" width=\"150\" height=\"150\" src=\"http:\/\/pedagog.zsme.pl\/wp-content\/uploads\/2017\/03\/DSC_9150-150x150.jpg\" class=\"attachment-thumbnail size-thumbnail\" alt=\"\" srcset=\"http:\/\/pedagog.zsme.pl\/wp-content\/uploads\/2017\/03\/DSC_9150-150x150.jpg 150w, http:\/\/pedagog.zsme.pl\/wp-content\/uploads\/2017\/03\/DSC_9150-100x100.jpg 100w\" sizes=\"(max-width: 150px) 85vw, 150px\" \/><\/a>\n\t\t\t<\/div><\/figure>\n\t\t<\/div>\n\n<hr \/>\n<p class=\"fonter\" style=\"text-align: justify;\"><a href=\"http:\/\/pedagog.zsme.pl\/wolontariat\/wom\/\" target=\"_blank\" rel=\"attachment wp-att-234 noopener noreferrer\">Wojew\u00f3dzki O\u015brodek Metodyczny w Rybniku &#8211; konferencja<\/a><\/p>\n<p class=\"fonter\" style=\"text-align: justify;\">W latach 2011 i 2012 Ko\u0142o Wolontariatu Zespo\u0142u Szk\u00f3\u0142 Mechaniczno &#8211; Elektrycznych przy\u0142\u0105czy\u0142o si\u0119 do krajowej akcji &#8222;Szlachetna paczka&#8221;. Wybrano rodziny, kt\u00f3rym postanowili\u015bmy pom\u00f3c. Zainspirowani tak\u0105 form\u0105 pomoc\u0105 stworzyli\u015bmy w\u0142asn\u0105 akcj\u0119 &#8222;\u015awi\u0105teczna paczka Mechanika&#8221;. Codzienne \u017cycie pokaza\u0142o naszej spo\u0142eczno\u015bci szkolnej, \u017ce w\u015br\u00f3d nas \u017cyj\u0105 ludzie, kt\u00f3rzy potrzebuj\u0105 pomocy, wsparcia i okazania serca. Uczniowie, nauczyciele, rodzice oraz pracownicy administracji wyrazili ch\u0119\u0107 przyst\u0105pienia do szkolnej akcji dobroczynnej organizowanej przez nasze ko\u0142o wolontariatu. &#8222;\u015awi\u0105teczna paczka Mechanika&#8221;, to projekt, kt\u00f3ry ma charakter pedagogiczny &#8211; uczy spo\u0142eczno\u015b\u0107 szkoln\u0105 m\u0105drego pomagania i przyjmowania wsparcia. Od 2013 roku w okresie od pa\u017adziernika do grudnia prowadzona jest ta akcja charytatywna. Co roku widzimy coraz wi\u0119ksze zaanga\u017cowanie naszej spo\u0142eczno\u015bci w niesieniu pomocy innym, wra\u017cliwo\u015bci na problemy innych.<\/p>\n<p class=\"fonter\" style=\"text-align: justify;\">Przygotowania do akcji &#8222;\u015awi\u0105teczna paczka Mechanika&#8221; rozpoczynamy od gromadzenia informacji na temat potrzebuj\u0105cych os\u00f3b, rodzin i analizy ich sytuacji \u017cyciowej (zg\u0142oszenia od uczni\u00f3w, rodzic\u00f3w, nauczycieli, pracownik\u00f3w administracji). Nast\u0119pnie wy\u0142aniamy osoby, kt\u00f3re zostan\u0105 obj\u0119te pomoc\u0105 i przedstawiamy Dyrektorowi szko\u0142y do akceptacji. Potem sporz\u0105dzany jest plakat &#8211; og\u0142oszenie dotycz\u0105ce akcji &#8211; komu pomagamy, w jakiej sytuacji ta osoba\/ rodzina si\u0119 znalaz\u0142a (zachowuj\u0105c anonimowo\u015b\u0107 tych os\u00f3b), kt\u00f3re przesy\u0142ane jest droga mailow\u0105 do wychowawc\u00f3w klas. Wychowawcy proszeni s\u0105 o zapoznanie uczni\u00f3w na lekcjach wychowawczych i ich rodzic\u00f3w na wywiad\u00f3wkach z tre\u015bci\u0105 og\u0142oszenia &#8211; KOMU POMAGAMY I DLACZEGO. Wolontariusze zbieraj\u0105 pieni\u0105dze w klasach. Samorz\u0105d uczniowski, rodzice i wolontariusze organizuj\u0105 andrzejkowy kiermasz ciast. Doch\u00f3d ze sprzeda\u017cy ciast w ca\u0142o\u015bci przekazany jest na \u015awi\u0105teczn\u0105 paczk\u0119. Co roku w t\u0119 akcj\u0119 w\u0142\u0105cza si\u0119 Rada Rodzic\u00f3w, kt\u00f3ra przeznacza pewn\u0105 kwot\u0119 na pomoc danemu uczniowi i jego rodzinie. Zebrane pieni\u0105dze s\u0105 zliczane i sporz\u0105dzony jest protok\u00f3\u0142. W zale\u017cno\u015bci od potrzeb dokonuje si\u0119 zakup\u00f3w b\u0105d\u017a przekazywane s\u0105 pieni\u0105dze na leczenie czy rehabilitacj\u0119. Wolontariusze pakuj\u0105 zebrane rzeczy w papier \u015bwi\u0105teczny. Zawsze zachowujemy dyskrecj\u0119 &#8211; je\u015bli rodziny nie chc\u0105 ujawnia\u0107 swoich wizerunk\u00f3w i danych osobowych. Zespo\u0142y klasowe najbardziej zaanga\u017cowane w akcj\u0119 nagradzane s\u0105 podczas corocznej szkolnej gali &#8222;Ucze\u0144 na medal&#8221;.<\/p>\n<p class=\"fonter\" style=\"text-align: justify;\">Od 2013 roku pomogli\u015bmy:<\/p>\n<ul class=\"fonter\" style=\"text-align: justify;\">\n<li>Matce z dzie\u0107mi (ojciec zmar\u0142 w wyniku ci\u0119\u017ckiej choroby), kt\u00f3ra straci\u0142a sw\u00f3j dobytek w po\u017carze domu jednorodzinnego: zakupiono sprz\u0119t gospodarstwa domowego, meble, \u017cywno\u015b\u0107, odzie\u017c.<\/li>\n<li>Rodzinie ucznia, kt\u00f3ra zosta\u0142a bezdomna, gdy\u017c zosta\u0142a eksmitowana z w\u0142asnego mieszkania. Zgromadzono niezb\u0119dne przedmioty pierwszej potrzeby &#8211; \u017cywno\u015b\u0107, meble i wiele innych artyku\u0142\u00f3w. Zorganizowano \u015brodki finansowe na pokrycie op\u0142at w wynaj\u0119tym mieszkaniu. Dzi\u0119ki pomocy rodzina odzyska\u0142a spok\u00f3j i r\u00f3wnowag\u0119 \u017cyciow\u0105, a matka ucznia znalaz\u0142a prac\u0119.<\/li>\n<li>Rodzinom, kt\u00f3re straci\u0142y \u017ar\u00f3d\u0142o dochod\u00f3w i boryka\u0142y si\u0119 z wieloma problemami. Zakupiono lekarstwa, odzie\u017c, \u017cywno\u015b\u0107 i op\u0142acono czynsz.<\/li>\n<\/ul>\n<p class=\"fonter\" style=\"text-align: justify;\"><b><i><u>POMOC CHARYTATYWNA W LATACH 2015-2017<\/u><\/i><\/b><\/p>\n<ul class=\"fonter\" style=\"text-align: justify;\">\n<li>W akcji dobroczynnej &#8222;\u015awi\u0105teczna paczka 2015&#8221;. Zebrali\u015bmy 3366,40 z\u0142otych! Z zebranych pieni\u0119dzy zakupiono: odzie\u017c, obuwie, \u015brodki czysto\u015bci, \u017cywno\u015b\u0107, lekarstwa. Ponadto op\u0142acono rachunki za pr\u0105d. Tym razem pomogli\u015bmy 2 rodzinom uczni\u00f3w naszej spo\u0142eczno\u015bci. Rodzice tych uczni\u00f3w ci\u0119\u017cko zachorowali, dlatego znale\u017ali si\u0119 w trudnej sytuacji finansowej. Dzi\u0119ki darczy\u0144com rodziny te mog\u0142y w rado\u015bci sp\u0119dzi\u0107 \u015awi\u0119ta Bo\u017cego Narodzenia. Spotykaj\u0105c si\u0119 z tymi rodzinami widzieli\u015bmy w ich oczach rado\u015b\u0107 i wzruszenie oraz wdzi\u0119czno\u015b\u0107.<\/li>\n<li>W roku 2016 w akcji &#8222;\u015awi\u0105teczna paczka&#8221; uda\u0142o si\u0119 zebra\u0107 4.297,30 z\u0142otych. Dzi\u0119ki hojnej postawie spo\u0142eczno\u015bci &#8222;Mechanika&#8221; mogli\u015bmy wesprze\u0107 ludzi, kt\u00f3rzy znale\u017ali si\u0119 w bardzo trudnej sytuacji z uwagi na problemy zdrowotne.\n<ul class=\"fonter\">\n<li>Zbierali\u015bmy pieni\u0105dze dla Moniki, siostry jednego z naszych uczni\u00f3w \/ koleg\u00f3w, kt\u00f3ra nie tak dawno wygra\u0142a walk\u0119 z rakiem, a teraz walczy o to, aby wsta\u0107 z w\u00f3zka inwalidzkiego. Odwiedzili\u015bmy Monik\u0119, aby wr\u0119czy\u0107 jej uzbieran\u0105 kwot\u0119, potrzebn\u0105 na turnus rehabilitacyjny. To, co zobaczyli\u015bmy na d\u0142ugo pozostanie w naszej pami\u0119ci &#8211; \u015bliczna, m\u0142odziutka dziewczyna dzi\u015b walczy o powr\u00f3t do normalnego \u017cycia. Na co dzie\u0144 mieszka sama, praktycznie uwi\u0119ziona w pokoiku na czwartym pi\u0119trze, marzy o tym, \u017ceby samodzielnie wyj\u015b\u0107 na podw\u00f3rko. Szans\u0105 na to, \u017ce Monika kiedykolwiek b\u0119dzie chodzi\u0107, s\u0105 d\u0142ugie turnusy rehabilitacyjne i to w\u0142a\u015bnie na ten cel zbierali\u015bmy pieni\u0105dze. Uda\u0142o nam si\u0119 r\u00f3wnie\u017c pozyska\u0107 dodatkowo sponsora, kt\u00f3ry sfinansowa\u0142 dostosowanie \u0142azienki do osoby niepe\u0142nosprawnej. Teraz Monika mo\u017ce ju\u017c sama wzi\u0105\u0107 prysznic nie czekaj\u0105c na pomoc piel\u0119gniarki. Dodatkowo ucze\u0144 naszej szko\u0142y &#8211; wolontariusz, kt\u00f3ry jest niepe\u0142nosprawny b\u0119dzie uczy\u0142 Monik\u0119 prowadzenia bloga.<\/li>\n<li>Wsparli\u015bmy r\u00f3wnie\u017c Dawida, ucznia pierwszej klasy ZSZ i jego brata. Obaj ch\u0142opcy choruj\u0105 na raka. Ojciec odbieraj\u0105c pieni\u0105dze prosi\u0142 ze wzruszeniem, by podzi\u0119kowa\u0107 wszystkim za ten dar i pami\u0119\u0107. Mie\u0107 dwoje dzieci tak ci\u0119\u017cko chorych to naprawd\u0119 dramat. Pieni\u0105dze pokryj\u0105 koszt dojazd\u00f3w do kliniki.<\/li>\n<\/ul>\n<\/li>\n<li>Pan Staszek ze \u0142zami w oczach odebra\u0142 pieni\u0105dze i paczk\u0119 z zabawkami dla swojego chorego trzyletniego wnuka Patryka. Podzi\u0119kowa\u0142 wszystkim za wsparcie i gest w imieniu swoim, c\u00f3rki i wnuka.<\/li>\n<\/ul>\n<p class=\"fonter\" style=\"text-align: justify;\">&#8222;\u015awi\u0105teczna paczka Mechanika&#8221; \u0142\u0105czy osoby darczy\u0144c\u00f3w i rodziny. G\u0142\u00f3wnym za\u0142o\u017ceniem naszej akcji jest idea przekazywania bezpo\u015bredniej pomocy &#8211; by by\u0142a skuteczna i odpowiada\u0142a na konkretne potrzeby. Jest to nie tylko pomoc materialna, ale przede wszystkim impuls i si\u0142a do dzia\u0142ania, przezwyci\u0119\u017cania beznadziejno\u015bci \u017cycia codziennego i sygna\u0142, \u017ce rodziny nie s\u0105 same. M\u0142odzie\u017c uczy si\u0119 wsp\u00f3lnoty, ch\u0119ci niesienia pomocy i wyzwala potrzeb\u0119 dzielenia si\u0119 z innymi oraz czerpania z tego faktu satysfakcji i szcz\u0119\u015bcia. &#8222;Cz\u0142owiek jest wielki nie przez to, co ma, nie przez to kim jest, lecz przez to, czym dzieli si\u0119 z innymi&#8221;. S\u0105 to pi\u0119kne s\u0142owa, kt\u00f3rymi powinni\u015bmy si\u0119 kierowa\u0107 w \u017cyciu. Pomoc ludziom, mno\u017cy dobro i si\u0142y w naszym sercu, daje nam satysfakcji i nagrod\u0119 w postaci u\u015bmiechu obdarowanego. Zwyk\u0142e &#8222;dzi\u0119kuj\u0119&#8221; staje si\u0119 niezwyk\u0142ym s\u0142owem.<\/p>\n<p class=\"fonter\" style=\"text-align: justify;\">W celu krzewienia idei wolontariatu wsp\u00f3\u0142pracujemy z organizacjami, kt\u00f3re prowadz\u0105 w naszej szkole warsztaty i prelekcje. Pracownicy Centrum Rozwoju Inicjatyw Spo\u0142ecznych CRIS w Rybniku organizuj\u0105 szkolenia dla m\u0142odzie\u017cy: &#8222;Dlaczego warto by\u0107 wolontariuszem&#8221;, w kt\u00f3rych zostaj\u0105 poruszone m.in. aspekty prawne &#8211; przywileje i obowi\u0105zki wolontariusza. Podj\u0119li\u015bmy r\u00f3wnie\u017c wsp\u00f3\u0142prac\u0119 z Niemedycznym Hospicjum Domowym im. \u015bw. Rafa\u0142a Kalinowskiego w Rybniku. Wolontariusze hospicjum opowiadaj\u0105 i zach\u0119caj\u0105 m\u0142odzie\u017c do po\u015bwi\u0119cenia swojego czasu dla ci\u0119\u017cko chorego cz\u0142owieka w jego w\u0142asnym domu by pomaga\u0107 nie tylko choremu, ale i jego rodzinie w tak trudnej sytuacji. W ramach Ko\u0142a wolontariatu ZSM-E co roku klasy pierwsze Zasadniczej Szko\u0142y Zawodowej i Technikum spotykaj\u0105 si\u0119 z wolontariuszami i lud\u017ami po przeszczepach narz\u0105d\u00f3w ze &#8222;Stowarzyszenia Nefros&#8221; i &#8222;Centrum Organizacyjno &#8211; Koordynacyjnym do spraw Transplantacji Poltransplant&#8221;. Spotkania pod has\u0142em: &#8222;Nie zabierajcie swoich narz\u0105d\u00f3w do nieba &#8211; one potrzebne s\u0105 tu na ziemi&#8221; uzmys\u0142awiaj\u0105 m\u0142odym ludziom, \u017ce przeszczep jest bezcennym darem i mo\u017cemy sobie pomaga\u0107, aby ratowa\u0107 to, co jest jeszcze do uratowania. Wolontariusze rozdaj\u0105 w szkole &#8222;O\u015bwiadczenia woli&#8221;.<\/p>\n<hr \/>\n<p class=\"fonter\" style=\"text-align: justify;\">W ramach dzia\u0142alno\u015bci &#8222;Ko\u0142a wolontariatu ZSM-E&#8221; m\u0142odzie\u017c spotka\u0142a si\u0119 z panem Markiem \u015apiewakiem i Paw\u0142em Gardzi\u0144skim &#8211; wolontariuszami Niemedycznego Hospicjum Domowego im. \u015bw. Rafa\u0142a Kalinowskiego. Hospicjum to powsta\u0142o z inicjatywy Duszpasterstwa akademickiego w Rybniku. Jego cz\u0142onkami s\u0105 wolontariusze, kt\u00f3rzy nie posiadaj\u0105 wykszta\u0142cenia medycznego, s\u0105 to ludzie czynni i bierni zawodowo, studenci, uczniowie szk\u00f3\u0142 \u015brednich. Osoby te zdecydowa\u0142y si\u0119 po\u015bwi\u0119ci\u0107 prywatny czas, by bezinteresownie towarzyszy\u0107 chorym i ich rodzinom. Zasad\u0105 hospicjum domowego jest opieka nad chorymi w terminalnej fazie choroby nowotworowej w jego domu. Wolontariusze, to ludzie dobrej woli, dysponuj\u0105cy czasem i chc\u0105cy pomaga\u0107 nie tylko choremu, ale i jego rodzinie w tak trudnej sytuacji. Wolontariuszem mo\u017ce zosta\u0107 ka\u017cdy, kto uko\u0144czy\u0142 16 lat i chce pomaga\u0107 innym. Je\u017celi kto\u015b nie widzi si\u0119 u boku chorego mo\u017ce pomaga\u0107 w sprawach organizacyjnych Hospicjum, czy w szerzeniu idei hospicyjnej w r\u00f3\u017cnych \u015brodowiskach. Wolontariusze zach\u0119cali m\u0142odzie\u017c, by zaanga\u017cowa\u0142a si\u0119 w prac\u0119 na rzecz chorych: &#8222;Czekamy na Ciebie w \u015brody o godzinie 18.00 w siedzibie Duszpasterstwa Akademickiego w Rybniku przy ul. Brudnioka 5 lub w naszym lokalu ul. Zebrzydowicka 30&#8221;. Warto zapami\u0119ta\u0107 z prelekcji, \u017ce: \u017conkil jest symbolem nadziei na nowe \u017cycie &#8211; odrodzenie. W tradycji chrze\u015bcija\u0144skiej wed\u0142ug &#8222;S\u0142ownika Symboli&#8221; W. Kopali\u0144skiego symbolizuje triumf po\u015bwi\u0119cenia nad egoizmem, mi\u0142o\u015bci nad \u015bmierci\u0105, mi\u0142o\u015bci niebia\u0144skiej nad ziemsk\u0105. Kwiat poprzez swoj\u0105 subtelno\u015b\u0107, barw\u0119 i zapach u\u015bwiadamia nam wy\u017csze cele istnienia, symbolizuj\u0105c krucho\u015b\u0107 i ulotno\u015b\u0107 \u017cycia, przemijanie &#8211; sta\u0142\u0105 metamorfoz\u0119. &#8222;Pola Nadziei&#8221; to program stworzony przez Fundacj\u0119 Marie Curie Cancer Care z Edynburga w Wielkiej Brytanii, pomagaj\u0105c\u0105 nieuleczalnie chorym na raka. Cele &#8222;P\u00f3l Nadziei&#8221; to: pozyskiwanie \u015brodk\u00f3w finansowych potrzebnych dla bie\u017c\u0105cego funkcjonowania Niemedycznego Hospicjum Domowego, edukacja dotycz\u0105ca metod pracy z nieuleczalnie chorymi lud\u017ami oraz propagowanie w spo\u0142ecze\u0144stwie postaw altruistycznych, otwartych na drugiego, zw\u0142aszcza cierpi\u0105cego cz\u0142owieka a tak\u017ce zach\u0119canie m\u0142odzie\u017cy do praktycznego zaanga\u017cowania w pomoc dla ludzi cierpi\u0105cych.<\/p>\n<hr \/>\n<div id='gallery-18' class='gallery galleryid-203 gallery-columns-2 gallery-size-large'><figure class='gallery-item'>\n\t\t\t<div class='gallery-icon portrait'>\n\t\t\t\t<a href='http:\/\/pedagog.zsme.pl\/wp-content\/uploads\/2017\/03\/wolplakat1.jpg'><img loading=\"lazy\" decoding=\"async\" width=\"576\" height=\"1024\" src=\"http:\/\/pedagog.zsme.pl\/wp-content\/uploads\/2017\/03\/wolplakat1-576x1024.jpg\" class=\"attachment-large size-large\" alt=\"\" srcset=\"http:\/\/pedagog.zsme.pl\/wp-content\/uploads\/2017\/03\/wolplakat1-576x1024.jpg 576w, http:\/\/pedagog.zsme.pl\/wp-content\/uploads\/2017\/03\/wolplakat1-169x300.jpg 169w, http:\/\/pedagog.zsme.pl\/wp-content\/uploads\/2017\/03\/wolplakat1.jpg 750w\" sizes=\"(max-width: 576px) 85vw, 576px\" \/><\/a>\n\t\t\t<\/div><\/figure><figure class='gallery-item'>\n\t\t\t<div class='gallery-icon portrait'>\n\t\t\t\t<a href='http:\/\/pedagog.zsme.pl\/wp-content\/uploads\/2017\/03\/wolplakat2.jpg'><img loading=\"lazy\" decoding=\"async\" width=\"576\" height=\"1024\" src=\"http:\/\/pedagog.zsme.pl\/wp-content\/uploads\/2017\/03\/wolplakat2-576x1024.jpg\" class=\"attachment-large size-large\" alt=\"\" srcset=\"http:\/\/pedagog.zsme.pl\/wp-content\/uploads\/2017\/03\/wolplakat2-576x1024.jpg 576w, http:\/\/pedagog.zsme.pl\/wp-content\/uploads\/2017\/03\/wolplakat2-169x300.jpg 169w, http:\/\/pedagog.zsme.pl\/wp-content\/uploads\/2017\/03\/wolplakat2.jpg 750w\" sizes=\"(max-width: 576px) 85vw, 576px\" \/><\/a>\n\t\t\t<\/div><\/figure>\n\t\t<\/div>\n\n<h6 class=\"fonter\" style=\"text-align: justify;\">Szkolne Ko\u0142o Wolontariatu<\/h6>\n<p class=\"fonter\" style=\"text-align: justify;\">W ramach &#8222;Szkolnego ko\u0142a wolontariatu&#8221; regularnie w naszej szkole odbywaj\u0105 si\u0119 warsztaty dotycz\u0105ce pracy wolontariusza. Zaj\u0119cia prowadzone s\u0105 przez pani\u0105 Ann\u0119 Bulend\u0119 z &#8222;Centrum Rozwoju Inicjatyw Spo\u0142ecznych CRIS&#8221;.<\/p>\n<p class=\"fonter\" style=\"text-align: justify;\">Szkolenie to obejmuje nast\u0119puj\u0105c\u0105 problematyk\u0119:<\/p>\n<ol style=\"text-align: justify;\">\n<li>Czym jest wolontariat, kim jest wolontariusz?<\/li>\n<li>Wolontariat w liczbach &#8211; ilu jest wolontariuszy w Polsce, kim najcz\u0119\u015bciej s\u0105 wolontariusze i dla kogo dzia\u0142aj\u0105.<\/li>\n<li>Czy ka\u017cdy z nas mo\u017ce by\u0107 wolontariuszem?<\/li>\n<li>Rodzaje wolontariatu<\/li>\n<li>Gdzie mo\u017cna by\u0107 wolontariuszem?<\/li>\n<li>Bezinteresowno\u015b\u0107 a wolontariat.<\/li>\n<\/ol>\n<p class=\"fonter\" style=\"text-align: justify;\">Uczniowie, kt\u00f3rzy chcieliby wzi\u0105\u0107 udzia\u0142 w warsztatach proszeni s\u0105 o zg\u0142oszenie si\u0119 do pedagoga szkolnego Bo\u017ceny Paniczek.<\/p>\n<div id='gallery-19' class='gallery galleryid-203 gallery-columns-4 gallery-size-thumbnail'><figure class='gallery-item'>\n\t\t\t<div class='gallery-icon landscape'>\n\t\t\t\t<a href='http:\/\/pedagog.zsme.pl\/wp-content\/uploads\/2017\/03\/wol1.jpg'><img loading=\"lazy\" decoding=\"async\" width=\"150\" height=\"150\" src=\"http:\/\/pedagog.zsme.pl\/wp-content\/uploads\/2017\/03\/wol1-150x150.jpg\" class=\"attachment-thumbnail size-thumbnail\" alt=\"\" srcset=\"http:\/\/pedagog.zsme.pl\/wp-content\/uploads\/2017\/03\/wol1-150x150.jpg 150w, http:\/\/pedagog.zsme.pl\/wp-content\/uploads\/2017\/03\/wol1-100x100.jpg 100w\" sizes=\"(max-width: 150px) 85vw, 150px\" \/><\/a>\n\t\t\t<\/div><\/figure><figure class='gallery-item'>\n\t\t\t<div class='gallery-icon portrait'>\n\t\t\t\t<a href='http:\/\/pedagog.zsme.pl\/wp-content\/uploads\/2017\/03\/wol2.jpg'><img loading=\"lazy\" decoding=\"async\" width=\"150\" height=\"150\" src=\"http:\/\/pedagog.zsme.pl\/wp-content\/uploads\/2017\/03\/wol2-150x150.jpg\" class=\"attachment-thumbnail size-thumbnail\" alt=\"\" srcset=\"http:\/\/pedagog.zsme.pl\/wp-content\/uploads\/2017\/03\/wol2-150x150.jpg 150w, http:\/\/pedagog.zsme.pl\/wp-content\/uploads\/2017\/03\/wol2-100x100.jpg 100w\" sizes=\"(max-width: 150px) 85vw, 150px\" \/><\/a>\n\t\t\t<\/div><\/figure><figure class='gallery-item'>\n\t\t\t<div class='gallery-icon landscape'>\n\t\t\t\t<a href='http:\/\/pedagog.zsme.pl\/wp-content\/uploads\/2017\/03\/wol3.jpg'><img loading=\"lazy\" decoding=\"async\" width=\"150\" height=\"150\" src=\"http:\/\/pedagog.zsme.pl\/wp-content\/uploads\/2017\/03\/wol3-150x150.jpg\" class=\"attachment-thumbnail size-thumbnail\" alt=\"\" srcset=\"http:\/\/pedagog.zsme.pl\/wp-content\/uploads\/2017\/03\/wol3-150x150.jpg 150w, http:\/\/pedagog.zsme.pl\/wp-content\/uploads\/2017\/03\/wol3-100x100.jpg 100w\" sizes=\"(max-width: 150px) 85vw, 150px\" \/><\/a>\n\t\t\t<\/div><\/figure><figure class='gallery-item'>\n\t\t\t<div class='gallery-icon landscape'>\n\t\t\t\t<a href='http:\/\/pedagog.zsme.pl\/wp-content\/uploads\/2017\/03\/wol4.jpg'><img loading=\"lazy\" decoding=\"async\" width=\"150\" height=\"150\" src=\"http:\/\/pedagog.zsme.pl\/wp-content\/uploads\/2017\/03\/wol4-150x150.jpg\" class=\"attachment-thumbnail size-thumbnail\" alt=\"\" srcset=\"http:\/\/pedagog.zsme.pl\/wp-content\/uploads\/2017\/03\/wol4-150x150.jpg 150w, http:\/\/pedagog.zsme.pl\/wp-content\/uploads\/2017\/03\/wol4-100x100.jpg 100w\" sizes=\"(max-width: 150px) 85vw, 150px\" \/><\/a>\n\t\t\t<\/div><\/figure>\n\t\t<\/div>\n\n<hr \/>\n<h6 style=\"text-align: justify;\">Wylosuj Anio\u0142a<\/h6>\n<p style=\"text-align: justify;\">Uczniowie klasy 3 TD wzi\u0119li udzia\u0142 w akcji &#8222;Zosta\u0144 Anio\u0142em Str\u00f3\u017cem dziecka onkologicznego&#8221;.<\/p>\n<p class=\"fonter\" style=\"text-align: justify;\">Akcja pisania Kartek-Wsparcia powsta\u0142a z inicjatywy rodzic\u00f3w dzieci leczonych na onkologii.<\/p>\n<p class=\"fonter\" style=\"text-align: justify;\">L\u0119k, b\u00f3l i niepewno\u015b\u0107 to wszystko towarzyszy dziecku i jego rodzinie podczas choroby. Inicjatywa pisania kartek dla dzieci ma na celu wsparcie dziecka podczas leczenia. Akcja jest bezterminowa, jak niestety bezterminowe s\u0105 zachorowania na raka w\u015br\u00f3d dzieci. Kartki zaprojektowane przez naszych grafik\u00f3w s\u0105 naprawd\u0119 pomys\u0142owe, pi\u0119kne i nios\u0105 ze sob\u0105 wiele pozytywnych my\u015bli &#8211; a o to chodzi w tej akcji. Dzi\u0119kujemy panu Adrianowi Szwedzie za zaanga\u017cowanie i inspiracj\u0119 m\u0142odzie\u017cy w tw\u00f3rcz\u0105 prac\u0119 .<\/p>\n<div id='gallery-20' class='gallery galleryid-203 gallery-columns-2 gallery-size-medium'><figure class='gallery-item'>\n\t\t\t<div class='gallery-icon landscape'>\n\t\t\t\t<a href='http:\/\/pedagog.zsme.pl\/wp-content\/uploads\/2017\/03\/1-12.jpg'><img loading=\"lazy\" decoding=\"async\" width=\"300\" height=\"169\" src=\"http:\/\/pedagog.zsme.pl\/wp-content\/uploads\/2017\/03\/1-12-300x169.jpg\" class=\"attachment-medium size-medium\" alt=\"\" srcset=\"http:\/\/pedagog.zsme.pl\/wp-content\/uploads\/2017\/03\/1-12-300x169.jpg 300w, http:\/\/pedagog.zsme.pl\/wp-content\/uploads\/2017\/03\/1-12-768x432.jpg 768w, http:\/\/pedagog.zsme.pl\/wp-content\/uploads\/2017\/03\/1-12-1024x576.jpg 1024w, http:\/\/pedagog.zsme.pl\/wp-content\/uploads\/2017\/03\/1-12.jpg 1280w\" sizes=\"(max-width: 300px) 85vw, 300px\" \/><\/a>\n\t\t\t<\/div><\/figure><figure class='gallery-item'>\n\t\t\t<div class='gallery-icon landscape'>\n\t\t\t\t<a href='http:\/\/pedagog.zsme.pl\/wp-content\/uploads\/2017\/03\/2-7.jpg'><img loading=\"lazy\" decoding=\"async\" width=\"300\" height=\"169\" src=\"http:\/\/pedagog.zsme.pl\/wp-content\/uploads\/2017\/03\/2-7-300x169.jpg\" class=\"attachment-medium size-medium\" alt=\"\" srcset=\"http:\/\/pedagog.zsme.pl\/wp-content\/uploads\/2017\/03\/2-7-300x169.jpg 300w, http:\/\/pedagog.zsme.pl\/wp-content\/uploads\/2017\/03\/2-7-768x432.jpg 768w, http:\/\/pedagog.zsme.pl\/wp-content\/uploads\/2017\/03\/2-7-1024x576.jpg 1024w, http:\/\/pedagog.zsme.pl\/wp-content\/uploads\/2017\/03\/2-7.jpg 1280w\" sizes=\"(max-width: 300px) 85vw, 300px\" \/><\/a>\n\t\t\t<\/div><\/figure><figure class='gallery-item'>\n\t\t\t<div class='gallery-icon portrait'>\n\t\t\t\t<a href='http:\/\/pedagog.zsme.pl\/wp-content\/uploads\/2017\/03\/3-2.jpg'><img loading=\"lazy\" decoding=\"async\" width=\"169\" height=\"300\" src=\"http:\/\/pedagog.zsme.pl\/wp-content\/uploads\/2017\/03\/3-2-169x300.jpg\" class=\"attachment-medium size-medium\" alt=\"\" srcset=\"http:\/\/pedagog.zsme.pl\/wp-content\/uploads\/2017\/03\/3-2-169x300.jpg 169w, http:\/\/pedagog.zsme.pl\/wp-content\/uploads\/2017\/03\/3-2.jpg 540w\" sizes=\"(max-width: 169px) 85vw, 169px\" \/><\/a>\n\t\t\t<\/div><\/figure><figure class='gallery-item'>\n\t\t\t<div class='gallery-icon portrait'>\n\t\t\t\t<a href='http:\/\/pedagog.zsme.pl\/wp-content\/uploads\/2017\/03\/4-2.jpg'><img loading=\"lazy\" decoding=\"async\" width=\"169\" height=\"300\" src=\"http:\/\/pedagog.zsme.pl\/wp-content\/uploads\/2017\/03\/4-2-169x300.jpg\" class=\"attachment-medium size-medium\" alt=\"\" srcset=\"http:\/\/pedagog.zsme.pl\/wp-content\/uploads\/2017\/03\/4-2-169x300.jpg 169w, http:\/\/pedagog.zsme.pl\/wp-content\/uploads\/2017\/03\/4-2.jpg 540w\" sizes=\"(max-width: 169px) 85vw, 169px\" \/><\/a>\n\t\t\t<\/div><\/figure><figure class='gallery-item'>\n\t\t\t<div class='gallery-icon portrait'>\n\t\t\t\t<a href='http:\/\/pedagog.zsme.pl\/wp-content\/uploads\/2017\/03\/5-1.jpg'><img loading=\"lazy\" decoding=\"async\" width=\"169\" height=\"300\" src=\"http:\/\/pedagog.zsme.pl\/wp-content\/uploads\/2017\/03\/5-1-169x300.jpg\" class=\"attachment-medium size-medium\" alt=\"\" srcset=\"http:\/\/pedagog.zsme.pl\/wp-content\/uploads\/2017\/03\/5-1-169x300.jpg 169w, http:\/\/pedagog.zsme.pl\/wp-content\/uploads\/2017\/03\/5-1.jpg 540w\" sizes=\"(max-width: 169px) 85vw, 169px\" \/><\/a>\n\t\t\t<\/div><\/figure><figure class='gallery-item'>\n\t\t\t<div class='gallery-icon portrait'>\n\t\t\t\t<a href='http:\/\/pedagog.zsme.pl\/wp-content\/uploads\/2017\/03\/6-2.jpg'><img loading=\"lazy\" decoding=\"async\" width=\"169\" height=\"300\" src=\"http:\/\/pedagog.zsme.pl\/wp-content\/uploads\/2017\/03\/6-2-169x300.jpg\" class=\"attachment-medium size-medium\" alt=\"\" srcset=\"http:\/\/pedagog.zsme.pl\/wp-content\/uploads\/2017\/03\/6-2-169x300.jpg 169w, http:\/\/pedagog.zsme.pl\/wp-content\/uploads\/2017\/03\/6-2.jpg 540w\" sizes=\"(max-width: 169px) 85vw, 169px\" \/><\/a>\n\t\t\t<\/div><\/figure><figure class='gallery-item'>\n\t\t\t<div class='gallery-icon portrait'>\n\t\t\t\t<a href='http:\/\/pedagog.zsme.pl\/wp-content\/uploads\/2017\/03\/7.jpg'><img loading=\"lazy\" decoding=\"async\" width=\"169\" height=\"300\" src=\"http:\/\/pedagog.zsme.pl\/wp-content\/uploads\/2017\/03\/7-169x300.jpg\" class=\"attachment-medium size-medium\" alt=\"\" srcset=\"http:\/\/pedagog.zsme.pl\/wp-content\/uploads\/2017\/03\/7-169x300.jpg 169w, http:\/\/pedagog.zsme.pl\/wp-content\/uploads\/2017\/03\/7.jpg 540w\" sizes=\"(max-width: 169px) 85vw, 169px\" \/><\/a>\n\t\t\t<\/div><\/figure><figure class='gallery-item'>\n\t\t\t<div class='gallery-icon portrait'>\n\t\t\t\t<a href='http:\/\/pedagog.zsme.pl\/wp-content\/uploads\/2017\/03\/8.jpg'><img loading=\"lazy\" decoding=\"async\" width=\"169\" height=\"300\" src=\"http:\/\/pedagog.zsme.pl\/wp-content\/uploads\/2017\/03\/8-169x300.jpg\" class=\"attachment-medium size-medium\" alt=\"\" srcset=\"http:\/\/pedagog.zsme.pl\/wp-content\/uploads\/2017\/03\/8-169x300.jpg 169w, http:\/\/pedagog.zsme.pl\/wp-content\/uploads\/2017\/03\/8.jpg 540w\" sizes=\"(max-width: 169px) 85vw, 169px\" \/><\/a>\n\t\t\t<\/div><\/figure><figure class='gallery-item'>\n\t\t\t<div class='gallery-icon portrait'>\n\t\t\t\t<a href='http:\/\/pedagog.zsme.pl\/wp-content\/uploads\/2017\/03\/9.jpg'><img loading=\"lazy\" decoding=\"async\" width=\"169\" height=\"300\" src=\"http:\/\/pedagog.zsme.pl\/wp-content\/uploads\/2017\/03\/9-169x300.jpg\" class=\"attachment-medium size-medium\" alt=\"\" srcset=\"http:\/\/pedagog.zsme.pl\/wp-content\/uploads\/2017\/03\/9-169x300.jpg 169w, http:\/\/pedagog.zsme.pl\/wp-content\/uploads\/2017\/03\/9.jpg 540w\" sizes=\"(max-width: 169px) 85vw, 169px\" \/><\/a>\n\t\t\t<\/div><\/figure>\n\t\t<\/div>\n\n<hr \/>\n<h6 style=\"text-align: justify;\">Hospicjum<\/h6>\n<p style=\"text-align: justify;\">W ramach dzia\u0142alno\u015bci &#8222;Ko\u0142a wolontariatu ZSM-E&#8221; m\u0142odzie\u017c spotka\u0142a si\u0119 z panem Markiem \u015apiewakiem i Paw\u0142em Gardzi\u0144skim &#8211; wolontariuszami Niemedycznego Hospicjum Domowego im. \u015bw. Rafa\u0142a Kalinowskiego. Hospicjum to powsta\u0142o z inicjatywy Duszpasterstwa akademickiego w Rybniku. Jego cz\u0142onkami s\u0105 wolontariusze, kt\u00f3rzy nie posiadaj\u0105 wykszta\u0142cenia medycznego, s\u0105 to ludzie czynni i bierni zawodowo, studenci, uczniowie szk\u00f3\u0142 \u015brednich. Osoby te zdecydowa\u0142y si\u0119 po\u015bwi\u0119ci\u0107 prywatny czas, by bezinteresownie towarzyszy\u0107 chorym i ich rodzinom. Zasad\u0105 hospicjum domowego jest opieka nad chorymi w terminalnej fazie choroby nowotworowej w jego domu. Wolontariusze, to ludzie dobrej woli, dysponuj\u0105cy czasem i chc\u0105cy pomaga\u0107 nie tylko choremu, ale i jego rodzinie w tak trudnej sytuacji. Wolontariuszem mo\u017ce zosta\u0107 ka\u017cdy, kto uko\u0144czy\u0142 16 lat i chce pomaga\u0107 innym. Je\u017celi kto\u015b nie widzi si\u0119 u boku chorego mo\u017ce pomaga\u0107 w sprawach organizacyjnych Hospicjum, czy w szerzeniu idei hospicyjnej w r\u00f3\u017cnych \u015brodowiskach. Wolontariusze zach\u0119cali m\u0142odzie\u017c, by zaanga\u017cowa\u0142a si\u0119 w prac\u0119 na rzecz chorych: &#8222;Czekamy na Ciebie w \u015brody o godzinie 18.00 w siedzibie Duszpasterstwa Akademickiego w Rybniku przy ul. Brudnioka 5 lub w naszym lokalu ul. Zebrzydowicka 30.&#8221; Warto zapami\u0119ta\u0107 z prelekcji, \u017ce: \u017conkil jest symbolem nadziei na nowe \u017cycie &#8211; odrodzenie. W tradycji chrze\u015bcija\u0144skiej wed\u0142ug &#8222;S\u0142ownika Symboli&#8221; W. Kopali\u0144skiego symbolizuje triumf po\u015bwi\u0119cenia nad egoizmem, mi\u0142o\u015bci nad \u015bmierci\u0105, mi\u0142o\u015bci niebia\u0144skiej nad ziemsk\u0105. Kwiat poprzez swoj\u0105 subtelno\u015b\u0107, barw\u0119 i zapach u\u015bwiadamia nam wy\u017csze cele istnienia, symbolizuj\u0105c krucho\u015b\u0107 i ulotno\u015b\u0107 \u017cycia, przemijanie &#8211; sta\u0142\u0105 metamorfoz\u0119. &#8222;Pola Nadziei&#8221; to program stworzony przez Fundacj\u0119 Marie Curie Cancer Care z Edynburga w Wielkiej Brytanii, pomagaj\u0105c\u0105 nieuleczalnie chorym na raka. Cele &#8222;P\u00f3l Nadziei&#8221; to: pozyskiwanie \u015brodk\u00f3w finansowych potrzebnych dla bie\u017c\u0105cego funkcjonowania Niemedycznego Hospicjum Domowego, edukacja dotycz\u0105ca metod pracy z nieuleczalnie chorymi lud\u017ami oraz propagowanie w spo\u0142ecze\u0144stwie postaw altruistycznych, otwartych na drugiego, zw\u0142aszcza cierpi\u0105cego cz\u0142owieka a tak\u017ce zach\u0119canie m\u0142odzie\u017cy do praktycznego zaanga\u017cowania w pomoc dla ludzi cierpi\u0105cych.<\/p>\n<div id='gallery-21' class='gallery galleryid-203 gallery-columns-3 gallery-size-thumbnail'><figure class='gallery-item'>\n\t\t\t<div class='gallery-icon portrait'>\n\t\t\t\t<a href='http:\/\/pedagog.zsme.pl\/wp-content\/uploads\/2017\/03\/1-13.jpg'><img loading=\"lazy\" decoding=\"async\" width=\"150\" height=\"150\" src=\"http:\/\/pedagog.zsme.pl\/wp-content\/uploads\/2017\/03\/1-13-150x150.jpg\" class=\"attachment-thumbnail size-thumbnail\" alt=\"\" srcset=\"http:\/\/pedagog.zsme.pl\/wp-content\/uploads\/2017\/03\/1-13-150x150.jpg 150w, http:\/\/pedagog.zsme.pl\/wp-content\/uploads\/2017\/03\/1-13-100x100.jpg 100w\" sizes=\"(max-width: 150px) 85vw, 150px\" \/><\/a>\n\t\t\t<\/div><\/figure><figure class='gallery-item'>\n\t\t\t<div class='gallery-icon portrait'>\n\t\t\t\t<a href='http:\/\/pedagog.zsme.pl\/wp-content\/uploads\/2017\/03\/2-8.jpg'><img loading=\"lazy\" decoding=\"async\" width=\"150\" height=\"150\" src=\"http:\/\/pedagog.zsme.pl\/wp-content\/uploads\/2017\/03\/2-8-150x150.jpg\" class=\"attachment-thumbnail size-thumbnail\" alt=\"\" srcset=\"http:\/\/pedagog.zsme.pl\/wp-content\/uploads\/2017\/03\/2-8-150x150.jpg 150w, http:\/\/pedagog.zsme.pl\/wp-content\/uploads\/2017\/03\/2-8-100x100.jpg 100w\" sizes=\"(max-width: 150px) 85vw, 150px\" \/><\/a>\n\t\t\t<\/div><\/figure><figure class='gallery-item'>\n\t\t\t<div class='gallery-icon landscape'>\n\t\t\t\t<a href='http:\/\/pedagog.zsme.pl\/wp-content\/uploads\/2017\/03\/3-3.jpg'><img loading=\"lazy\" decoding=\"async\" width=\"150\" height=\"150\" src=\"http:\/\/pedagog.zsme.pl\/wp-content\/uploads\/2017\/03\/3-3-150x150.jpg\" class=\"attachment-thumbnail size-thumbnail\" alt=\"\" srcset=\"http:\/\/pedagog.zsme.pl\/wp-content\/uploads\/2017\/03\/3-3-150x150.jpg 150w, http:\/\/pedagog.zsme.pl\/wp-content\/uploads\/2017\/03\/3-3-100x100.jpg 100w\" sizes=\"(max-width: 150px) 85vw, 150px\" \/><\/a>\n\t\t\t<\/div><\/figure><figure class='gallery-item'>\n\t\t\t<div class='gallery-icon portrait'>\n\t\t\t\t<a href='http:\/\/pedagog.zsme.pl\/wp-content\/uploads\/2017\/03\/4-3.jpg'><img loading=\"lazy\" decoding=\"async\" width=\"150\" height=\"150\" src=\"http:\/\/pedagog.zsme.pl\/wp-content\/uploads\/2017\/03\/4-3-150x150.jpg\" class=\"attachment-thumbnail size-thumbnail\" alt=\"\" srcset=\"http:\/\/pedagog.zsme.pl\/wp-content\/uploads\/2017\/03\/4-3-150x150.jpg 150w, http:\/\/pedagog.zsme.pl\/wp-content\/uploads\/2017\/03\/4-3-100x100.jpg 100w\" sizes=\"(max-width: 150px) 85vw, 150px\" \/><\/a>\n\t\t\t<\/div><\/figure><figure class='gallery-item'>\n\t\t\t<div class='gallery-icon landscape'>\n\t\t\t\t<a href='http:\/\/pedagog.zsme.pl\/wp-content\/uploads\/2017\/03\/5-2.jpg'><img loading=\"lazy\" decoding=\"async\" width=\"150\" height=\"150\" src=\"http:\/\/pedagog.zsme.pl\/wp-content\/uploads\/2017\/03\/5-2-150x150.jpg\" class=\"attachment-thumbnail size-thumbnail\" alt=\"\" srcset=\"http:\/\/pedagog.zsme.pl\/wp-content\/uploads\/2017\/03\/5-2-150x150.jpg 150w, http:\/\/pedagog.zsme.pl\/wp-content\/uploads\/2017\/03\/5-2-100x100.jpg 100w\" sizes=\"(max-width: 150px) 85vw, 150px\" \/><\/a>\n\t\t\t<\/div><\/figure><figure class='gallery-item'>\n\t\t\t<div class='gallery-icon landscape'>\n\t\t\t\t<a href='http:\/\/pedagog.zsme.pl\/wp-content\/uploads\/2017\/03\/6-3.jpg'><img loading=\"lazy\" decoding=\"async\" width=\"150\" height=\"150\" src=\"http:\/\/pedagog.zsme.pl\/wp-content\/uploads\/2017\/03\/6-3-150x150.jpg\" class=\"attachment-thumbnail size-thumbnail\" alt=\"\" srcset=\"http:\/\/pedagog.zsme.pl\/wp-content\/uploads\/2017\/03\/6-3-150x150.jpg 150w, http:\/\/pedagog.zsme.pl\/wp-content\/uploads\/2017\/03\/6-3-100x100.jpg 100w\" sizes=\"(max-width: 150px) 85vw, 150px\" \/><\/a>\n\t\t\t<\/div><\/figure>\n\t\t<\/div>\n\n","protected":false},"excerpt":{"rendered":"<p>Nie mo\u017ce zabrakn\u0105\u0107 nam czu\u0142o\u015bci, bezpiecznych gest\u00f3w, kt\u00f3re przekazuj\u0105 dobro. W czasie epidemii zara\u017caj dobrem. Realizujemy zdalnie projekt pt. \u201eIntegracja \u2013 wyczulenie na obecno\u015b\u0107 i potrzeby innych\u201d. Uczniowie Zespo\u0142u Szk\u00f3\u0142 Mechaniczno-Elektrycznych w Rybniku, ich bliscy, oraz uczennice Szko\u0142y Podstawowej nr 8 w Rybniku zdj\u0119ciami przywitali kwiecie\u0144 \u2013 miesi\u0105c wiedzy na temat autyzmu. Ubrali si\u0119 na &hellip; <a href=\"http:\/\/pedagog.zsme.pl\/aktualnosci\/wolontariat\/\" class=\"more-link\">Czytaj dalej<span class=\"screen-reader-text\"> Wolontariat<\/span><\/a><\/p>\n","protected":false},"author":2,"featured_media":0,"parent":0,"menu_order":0,"comment_status":"closed","ping_status":"closed","template":"","meta":{"footnotes":""},"_links":{"self":[{"href":"http:\/\/pedagog.zsme.pl\/aktualnosci\/wp-json\/wp\/v2\/pages\/203"}],"collection":[{"href":"http:\/\/pedagog.zsme.pl\/aktualnosci\/wp-json\/wp\/v2\/pages"}],"about":[{"href":"http:\/\/pedagog.zsme.pl\/aktualnosci\/wp-json\/wp\/v2\/types\/page"}],"author":[{"embeddable":true,"href":"http:\/\/pedagog.zsme.pl\/aktualnosci\/wp-json\/wp\/v2\/users\/2"}],"replies":[{"embeddable":true,"href":"http:\/\/pedagog.zsme.pl\/aktualnosci\/wp-json\/wp\/v2\/comments?post=203"}],"version-history":[{"count":73,"href":"http:\/\/pedagog.zsme.pl\/aktualnosci\/wp-json\/wp\/v2\/pages\/203\/revisions"}],"predecessor-version":[{"id":1193,"href":"http:\/\/pedagog.zsme.pl\/aktualnosci\/wp-json\/wp\/v2\/pages\/203\/revisions\/1193"}],"wp:attachment":[{"href":"http:\/\/pedagog.zsme.pl\/aktualnosci\/wp-json\/wp\/v2\/media?parent=203"}],"curies":[{"name":"wp","href":"https:\/\/api.w.org\/{rel}","templated":true}]}}