{"id":181,"date":"2017-03-30T08:26:00","date_gmt":"2017-03-30T07:26:00","guid":{"rendered":"http:\/\/pedagog.zsme.pl\/wordpress\/?page_id=181"},"modified":"2018-06-22T09:12:59","modified_gmt":"2018-06-22T08:12:59","slug":"uczen-na-medal","status":"publish","type":"page","link":"http:\/\/pedagog.zsme.pl\/aktualnosci\/profilaktyka\/uczen-na-medal\/","title":{"rendered":"Ucze\u0144 na medal"},"content":{"rendered":"<h6 style=\"text-align: justify;\">Ucze\u0144 na medal 2018<\/h6>\n<p>11 gala \u201eUcze\u0144 na medal\u201d ju\u017c za nami. Wsp\u00f3lne spotkanie wyr\u00f3\u017cnionych uczni\u00f3w,\u00a0 ich rodzic\u00f3w, Dyrektora i wychowawc\u00f3w przebiega\u0142o w bardzo podnios\u0142ej atmosferze. Swoj\u0105 obecno\u015bci\u0105 zaszczycili nas: dr hab. in\u017c. Stanis\u0142aw Kachel \u2013 dziekan oraz Zdzis\u0142aw Rochala prodziekan ds. studenckich Wydzia\u0142u Mechatroniki i Lotnictwa Wojskowej Akademii Technicznej w Warszawie. Go\u015bcili\u015bmy r\u00f3wnie\u017c pani\u0105 prezes Stowarzyszenia \u201eOligos\u201d El\u017cbiet\u0119 Piotrowsk\u0105 oraz jej zast\u0119pc\u0119 pana Jaros\u0142awa Tobiasza. Nagrodzono 21 uczni\u00f3w oraz Grup\u0119 Artystyczn\u0105 Paka Czika jak i Grup\u0119 Remontow\u0105 Mechanika: za bardzo dobre wyniki w nauce, wzorow\u0105 frekwencj\u0119, zaanga\u017cowanie w wolontariat i akcje spo\u0142eczne. Gala ta by\u0142a okazj\u0105 do podsumowania wielu dzia\u0142a\u0144 naszych wspania\u0142ych uczni\u00f3w, jak i docenienia trudu rodzicielskiego. Podczas Gali nast\u0105pi\u0142o wr\u0119czenie nagr\u00f3d trzeciej edycji konkursu \u201dSzkolny Edison\u201d organizowanego pod patronatem Wydzia\u0142u Mechatroniki i Lotnictwa Wojskowej Akademii Technicznej w Warszawie. Konkurs ten ma na celu pobudzenie zainteresowania wiedz\u0105 techniczn\u0105 oraz podnoszenie poziomu kultury technicznej, szczeg\u00f3lnie z zakresu mechaniki, informatyki, elektroniki, automatyki i telekomunikacji. Nagrody zwyci\u0119zcom wr\u0119cza\u0142 Dziekan wydzia\u0142u Mechatroniki i Lotnictwa dr hab. in\u017c. Stanis\u0142aw Kachel oraz Dyrektor szko\u0142y. Szczeg\u00f3lnie wyr\u00f3\u017cnili si\u0119 w tym konkursie Jaros\u0142aw Wyglenda oraz Mateusz Mika. Po cz\u0119\u015bci oficjalnej wys\u0142uchali\u015bmy wyst\u0119p\u00f3w naszej utalentowanej m\u0142odzie\u017cy. Podczas gali pani wicedyrektor Ewa Kuczy\u0144ska \u2013 Tomi\u0142o przedstawi\u0142a Projekt &#8222;Zaw\u00f3d z przysz\u0142o\u015bci\u0105&#8221; wsp\u00f3\u0142finansowany przez Uni\u0119 Europejsk\u0105 w ramach Regionalnego Programu Operacyjnego Wojew\u00f3dztwa \u015al\u0105skiego na lata 2014-2020, dzi\u0119ki kt\u00f3remu m\u0142odzie\u017c mi\u0119dzy innymi odby\u0142a wizyt\u0119 studyjn\u0105 w Wojskowej Akademii Technicznej w Warszawie. Dzi\u0119kujemy Radzie Rodzic\u00f3w i Polskiej Grupie G\u00f3rniczej za wsparcie finansowe naszego spotkania oraz wychowawcom za pyszne ciasta.<\/p>\n<h6 style=\"text-align: justify;\">Ucze\u0144 na medal 2017<\/h6>\n<p style=\"text-align: justify;\">To ju\u017c dziesi\u0105ty raz odby\u0142a si\u0119 gala \u201eUcze\u0144 na medal\u201d. W sali gimnastycznej spotkali si\u0119: Dyrektor, rodzice, uczniowie, wychowawcy, Rada Rodzic\u00f3w, by doceni\u0107 wysi\u0142ek naszych uczni\u00f3w. Mieli\u015bmy zaszczyt go\u015bci\u0107 dziekana Wydzia\u0142u Mechatroniki i Lotnictwa WAT dr hab. in\u017c. Stanis\u0142awa Kachla oraz prodziekana dr hab. in\u017c. Zbigniewa Leciejewskiego. W tym roku szkolnym nagrodzono 37 uczni\u00f3w: za bardzo dobre wyniki w nauce, wzorow\u0105 frekwencj\u0119, prac\u0119 w wolontariacie, zaanga\u017cowanie spo\u0142eczne i za wk\u0142ad na rzecz w\u0142asnego rozwoju. Dyrektor wr\u0119czy\u0142 rodzicom listy gratulacyjne, uczniom medale natomiast wychowawcy otrzymali dyplom uznania. Klasa 2 TD i jej wychowawczyni pani Beata \u0141abuda z r\u0105k Dyrektora otrzyma\u0142a podzi\u0119kowanie za prac\u0119 na rzecz wolontariatu i dzia\u0142ania charytatywne w roku szkolnym 2016\/2017. Gala ta by\u0142a okazj\u0105 do podsumowania wielu dzia\u0142a\u0144 naszych wspania\u0142ych uczni\u00f3w, jak i docenienia trudu rodzicielskiego. Podczas Gali nast\u0105pi\u0142o wr\u0119czenie nagr\u00f3d drugiej edycji konkursu \u201dSzkolny Edison\u201d organizowanego pod patronatem Wydzia\u0142u Mechatroniki i Lotnictwa Wojskowej Akademii Technicznej w Warszawie. Konkurs ma na celu pobudzenie zainteresowania wiedz\u0105 techniczn\u0105 oraz podnoszenie poziomu kultury technicznej, szczeg\u00f3lnie z zakresu mechaniki, informatyki, elektroniki, automatyki i telekomunikacji. Nagrody zwyci\u0119zcom wr\u0119cza\u0142 Dziekan wydzia\u0142u Mechatroniki i Lotnictwa dr hab. in\u017c. Stanis\u0142aw Kachel oraz Dyrektor szko\u0142y. Po cz\u0119\u015bci oficjalnej wys\u0142uchali\u015bmy wyst\u0119p\u00f3w wokalnych, gry na wiolonczeli oraz recytacji wiersza.<\/p>\n<div id='gallery-1' class='gallery galleryid-181 gallery-columns-3 gallery-size-thumbnail'><figure class='gallery-item'>\n\t\t\t<div class='gallery-icon landscape'>\n\t\t\t\t<a href='http:\/\/pedagog.zsme.pl\/wp-content\/uploads\/2017\/03\/1_17.jpg'><img loading=\"lazy\" decoding=\"async\" width=\"150\" height=\"150\" src=\"http:\/\/pedagog.zsme.pl\/wp-content\/uploads\/2017\/03\/1_17-150x150.jpg\" class=\"attachment-thumbnail size-thumbnail\" alt=\"\" srcset=\"http:\/\/pedagog.zsme.pl\/wp-content\/uploads\/2017\/03\/1_17-150x150.jpg 150w, http:\/\/pedagog.zsme.pl\/wp-content\/uploads\/2017\/03\/1_17-100x100.jpg 100w\" sizes=\"(max-width: 150px) 85vw, 150px\" \/><\/a>\n\t\t\t<\/div><\/figure><figure class='gallery-item'>\n\t\t\t<div class='gallery-icon landscape'>\n\t\t\t\t<a href='http:\/\/pedagog.zsme.pl\/wp-content\/uploads\/2017\/03\/2_17.jpg'><img loading=\"lazy\" decoding=\"async\" width=\"150\" height=\"150\" src=\"http:\/\/pedagog.zsme.pl\/wp-content\/uploads\/2017\/03\/2_17-150x150.jpg\" class=\"attachment-thumbnail size-thumbnail\" alt=\"\" srcset=\"http:\/\/pedagog.zsme.pl\/wp-content\/uploads\/2017\/03\/2_17-150x150.jpg 150w, http:\/\/pedagog.zsme.pl\/wp-content\/uploads\/2017\/03\/2_17-100x100.jpg 100w\" sizes=\"(max-width: 150px) 85vw, 150px\" \/><\/a>\n\t\t\t<\/div><\/figure><figure class='gallery-item'>\n\t\t\t<div class='gallery-icon landscape'>\n\t\t\t\t<a href='http:\/\/pedagog.zsme.pl\/wp-content\/uploads\/2017\/03\/3_17.jpg'><img loading=\"lazy\" decoding=\"async\" width=\"150\" height=\"150\" src=\"http:\/\/pedagog.zsme.pl\/wp-content\/uploads\/2017\/03\/3_17-150x150.jpg\" class=\"attachment-thumbnail size-thumbnail\" alt=\"\" srcset=\"http:\/\/pedagog.zsme.pl\/wp-content\/uploads\/2017\/03\/3_17-150x150.jpg 150w, http:\/\/pedagog.zsme.pl\/wp-content\/uploads\/2017\/03\/3_17-100x100.jpg 100w\" sizes=\"(max-width: 150px) 85vw, 150px\" \/><\/a>\n\t\t\t<\/div><\/figure><figure class='gallery-item'>\n\t\t\t<div class='gallery-icon portrait'>\n\t\t\t\t<a href='http:\/\/pedagog.zsme.pl\/wp-content\/uploads\/2017\/03\/4_17.jpg'><img loading=\"lazy\" decoding=\"async\" width=\"150\" height=\"150\" src=\"http:\/\/pedagog.zsme.pl\/wp-content\/uploads\/2017\/03\/4_17-150x150.jpg\" class=\"attachment-thumbnail size-thumbnail\" alt=\"\" srcset=\"http:\/\/pedagog.zsme.pl\/wp-content\/uploads\/2017\/03\/4_17-150x150.jpg 150w, http:\/\/pedagog.zsme.pl\/wp-content\/uploads\/2017\/03\/4_17-100x100.jpg 100w\" sizes=\"(max-width: 150px) 85vw, 150px\" \/><\/a>\n\t\t\t<\/div><\/figure><figure class='gallery-item'>\n\t\t\t<div class='gallery-icon landscape'>\n\t\t\t\t<a href='http:\/\/pedagog.zsme.pl\/wp-content\/uploads\/2017\/03\/5_17.jpg'><img loading=\"lazy\" decoding=\"async\" width=\"150\" height=\"150\" src=\"http:\/\/pedagog.zsme.pl\/wp-content\/uploads\/2017\/03\/5_17-150x150.jpg\" class=\"attachment-thumbnail size-thumbnail\" alt=\"\" srcset=\"http:\/\/pedagog.zsme.pl\/wp-content\/uploads\/2017\/03\/5_17-150x150.jpg 150w, http:\/\/pedagog.zsme.pl\/wp-content\/uploads\/2017\/03\/5_17-100x100.jpg 100w\" sizes=\"(max-width: 150px) 85vw, 150px\" \/><\/a>\n\t\t\t<\/div><\/figure><figure class='gallery-item'>\n\t\t\t<div class='gallery-icon landscape'>\n\t\t\t\t<a href='http:\/\/pedagog.zsme.pl\/wp-content\/uploads\/2017\/03\/6_17.jpg'><img loading=\"lazy\" decoding=\"async\" width=\"150\" height=\"150\" src=\"http:\/\/pedagog.zsme.pl\/wp-content\/uploads\/2017\/03\/6_17-150x150.jpg\" class=\"attachment-thumbnail size-thumbnail\" alt=\"\" srcset=\"http:\/\/pedagog.zsme.pl\/wp-content\/uploads\/2017\/03\/6_17-150x150.jpg 150w, http:\/\/pedagog.zsme.pl\/wp-content\/uploads\/2017\/03\/6_17-100x100.jpg 100w\" sizes=\"(max-width: 150px) 85vw, 150px\" \/><\/a>\n\t\t\t<\/div><\/figure><figure class='gallery-item'>\n\t\t\t<div class='gallery-icon landscape'>\n\t\t\t\t<a href='http:\/\/pedagog.zsme.pl\/wp-content\/uploads\/2017\/03\/7_17.jpg'><img loading=\"lazy\" decoding=\"async\" width=\"150\" height=\"150\" src=\"http:\/\/pedagog.zsme.pl\/wp-content\/uploads\/2017\/03\/7_17-150x150.jpg\" class=\"attachment-thumbnail size-thumbnail\" alt=\"\" srcset=\"http:\/\/pedagog.zsme.pl\/wp-content\/uploads\/2017\/03\/7_17-150x150.jpg 150w, http:\/\/pedagog.zsme.pl\/wp-content\/uploads\/2017\/03\/7_17-100x100.jpg 100w\" sizes=\"(max-width: 150px) 85vw, 150px\" \/><\/a>\n\t\t\t<\/div><\/figure><figure class='gallery-item'>\n\t\t\t<div class='gallery-icon landscape'>\n\t\t\t\t<a href='http:\/\/pedagog.zsme.pl\/wp-content\/uploads\/2017\/03\/8_17.jpg'><img loading=\"lazy\" decoding=\"async\" width=\"150\" height=\"150\" src=\"http:\/\/pedagog.zsme.pl\/wp-content\/uploads\/2017\/03\/8_17-150x150.jpg\" class=\"attachment-thumbnail size-thumbnail\" alt=\"\" srcset=\"http:\/\/pedagog.zsme.pl\/wp-content\/uploads\/2017\/03\/8_17-150x150.jpg 150w, http:\/\/pedagog.zsme.pl\/wp-content\/uploads\/2017\/03\/8_17-100x100.jpg 100w\" sizes=\"(max-width: 150px) 85vw, 150px\" \/><\/a>\n\t\t\t<\/div><\/figure><figure class='gallery-item'>\n\t\t\t<div class='gallery-icon landscape'>\n\t\t\t\t<a href='http:\/\/pedagog.zsme.pl\/wp-content\/uploads\/2017\/03\/9_17.jpg'><img loading=\"lazy\" decoding=\"async\" width=\"150\" height=\"150\" src=\"http:\/\/pedagog.zsme.pl\/wp-content\/uploads\/2017\/03\/9_17-150x150.jpg\" class=\"attachment-thumbnail size-thumbnail\" alt=\"\" srcset=\"http:\/\/pedagog.zsme.pl\/wp-content\/uploads\/2017\/03\/9_17-150x150.jpg 150w, http:\/\/pedagog.zsme.pl\/wp-content\/uploads\/2017\/03\/9_17-100x100.jpg 100w\" sizes=\"(max-width: 150px) 85vw, 150px\" \/><\/a>\n\t\t\t<\/div><\/figure><figure class='gallery-item'>\n\t\t\t<div class='gallery-icon landscape'>\n\t\t\t\t<a href='http:\/\/pedagog.zsme.pl\/wp-content\/uploads\/2017\/03\/10_17.jpg'><img loading=\"lazy\" decoding=\"async\" width=\"150\" height=\"150\" src=\"http:\/\/pedagog.zsme.pl\/wp-content\/uploads\/2017\/03\/10_17-150x150.jpg\" class=\"attachment-thumbnail size-thumbnail\" alt=\"\" srcset=\"http:\/\/pedagog.zsme.pl\/wp-content\/uploads\/2017\/03\/10_17-150x150.jpg 150w, http:\/\/pedagog.zsme.pl\/wp-content\/uploads\/2017\/03\/10_17-100x100.jpg 100w\" sizes=\"(max-width: 150px) 85vw, 150px\" \/><\/a>\n\t\t\t<\/div><\/figure><figure class='gallery-item'>\n\t\t\t<div class='gallery-icon landscape'>\n\t\t\t\t<a href='http:\/\/pedagog.zsme.pl\/wp-content\/uploads\/2017\/03\/11_17.jpg'><img loading=\"lazy\" decoding=\"async\" width=\"150\" height=\"150\" src=\"http:\/\/pedagog.zsme.pl\/wp-content\/uploads\/2017\/03\/11_17-150x150.jpg\" class=\"attachment-thumbnail size-thumbnail\" alt=\"\" srcset=\"http:\/\/pedagog.zsme.pl\/wp-content\/uploads\/2017\/03\/11_17-150x150.jpg 150w, http:\/\/pedagog.zsme.pl\/wp-content\/uploads\/2017\/03\/11_17-100x100.jpg 100w\" sizes=\"(max-width: 150px) 85vw, 150px\" \/><\/a>\n\t\t\t<\/div><\/figure><figure class='gallery-item'>\n\t\t\t<div class='gallery-icon portrait'>\n\t\t\t\t<a href='http:\/\/pedagog.zsme.pl\/wp-content\/uploads\/2017\/03\/12_17.jpg'><img loading=\"lazy\" decoding=\"async\" width=\"150\" height=\"150\" src=\"http:\/\/pedagog.zsme.pl\/wp-content\/uploads\/2017\/03\/12_17-150x150.jpg\" class=\"attachment-thumbnail size-thumbnail\" alt=\"\" srcset=\"http:\/\/pedagog.zsme.pl\/wp-content\/uploads\/2017\/03\/12_17-150x150.jpg 150w, http:\/\/pedagog.zsme.pl\/wp-content\/uploads\/2017\/03\/12_17-100x100.jpg 100w\" sizes=\"(max-width: 150px) 85vw, 150px\" \/><\/a>\n\t\t\t<\/div><\/figure><figure class='gallery-item'>\n\t\t\t<div class='gallery-icon portrait'>\n\t\t\t\t<a href='http:\/\/pedagog.zsme.pl\/wp-content\/uploads\/2017\/03\/13_17.jpg'><img loading=\"lazy\" decoding=\"async\" width=\"150\" height=\"150\" src=\"http:\/\/pedagog.zsme.pl\/wp-content\/uploads\/2017\/03\/13_17-150x150.jpg\" class=\"attachment-thumbnail size-thumbnail\" alt=\"\" srcset=\"http:\/\/pedagog.zsme.pl\/wp-content\/uploads\/2017\/03\/13_17-150x150.jpg 150w, http:\/\/pedagog.zsme.pl\/wp-content\/uploads\/2017\/03\/13_17-100x100.jpg 100w\" sizes=\"(max-width: 150px) 85vw, 150px\" \/><\/a>\n\t\t\t<\/div><\/figure>\n\t\t<\/div>\n\n<hr \/>\n<h6 style=\"text-align: justify;\">Ucze\u0144 na medal 2016<\/h6>\n<p style=\"text-align: justify;\">Tradycyjnie na koniec roku szkolnego w naszej szkole odbywa si\u0119 Gala &#8222;Ucze\u0144 na medal&#8221;. W tym roku to ju\u017c 9 edycja. Dzi\u0119ki tej uroczysto\u015bci corocznie doceniamy wysi\u0142ki naszej m\u0142odzie\u017cy: za wyniki w nauce, za wzorow\u0105 frekwencj\u0119, za dzia\u0142alno\u015b\u0107 spo\u0142eczn\u0105 i za prac\u0119 nad w\u0142asnym rozwojem. Podczas uroczysto\u015bci wyr\u00f3\u017cnili\u015bmy 35 uczni\u00f3w i uczennic. Na uwag\u0119 zas\u0142uguje fakt, \u017ce po raz pierwszy nagrodzono a\u017c 35 os\u00f3b. Wraz z uczniami w gali udzia\u0142 wzi\u0119li ich rodzice i bliscy (rodze\u0144stwo). Jak co roku, obecni byli wychowawcy wyr\u00f3\u017cnionych, a tak\u017ce inni nauczyciele &#8222;Mechanika&#8221;. Gala zawsze wprowadza wiele pozytywnych emocji. Przede wszystkim dlatego, \u017ce rodzice nagrodzonych uczni\u00f3w otrzymuj\u0105 te\u017c listy gratulacyjne z r\u0105k dyrektora szko\u0142y. Te chwile s\u0105 szczeg\u00f3lnie wzruszaj\u0105ce, gdy\u017c w\u0142a\u015bnie wtedy wida\u0107 dum\u0119 i rado\u015b\u0107 rodzic\u00f3w, kt\u00f3rzy przecie\u017c wspieraj\u0105 uczni\u00f3w przez ca\u0142y rok szkolny. Potwierdzeniem tego szcz\u0119\u015bcia jest przede wszystkim ich 100% obecno\u015b\u0107 w tym dniu. Nie zabrak\u0142o jak co roku nagrody dla samego dyrektora szko\u0142y, kt\u00f3remu przy okazji ka\u017cdej gali dzi\u0119kuje m\u0142odzie\u017c. W tym roku dyrektor otrzyma\u0142 od nich pi\u0119kny kryszta\u0142owy medal z napisem &#8222;Dyrektor na medal&#8221;. To bardzo mi\u0142y gest ze strony m\u0142odzie\u017cy.<br \/>\nW tym roku po raz pierwszy podczas Gali nast\u0105pi\u0142o wr\u0119czenie nagr\u00f3d w pierwszej edycji konkursu &#8222;Szkolny Edison&#8221; organizowanego w ramach patronatu nad szko\u0142\u0105 przez Wydzia\u0142 Mechatroniki i Lotnictwa Wojskowej Akademii Technicznej w Warszawie. Konkurs mia\u0142 na celu pobudzenie zainteresowania wiedz\u0105 techniczn\u0105 oraz podnoszenie poziomu kultury technicznej poprzez wykonanie uczniowskich prac aplikacyjnych z obszaru szeroko poj\u0119tej techniki, a szczeg\u00f3lnie z zakresu mechaniki, informatyki, elektroniki, automatyki, telekomunikacji, b\u0119d\u0105cych wynikiem realizacji ich zainteresowa\u0144. Najwi\u0119ksze uznanie w\u015br\u00f3d uczni\u00f3w podczas prezentacji prac, kt\u00f3ra odby\u0142a si\u0119 dwa tygodnie wcze\u015bniej zdoby\u0142 projekt &#8222;Interaktywny projekt kokpitu samochodowego&#8221; w wykonaniu Kamila Kie\u0142basy oraz Jana Marcalika. Poza tym komisja konkursowa nagrodzi\u0142a prace w sze\u015bciu kategoriach. Szczeg\u00f3\u0142owe wyniki znajduj\u0105 si\u0119 na stronie internetowej szko\u0142y w zak\u0142adce &#8222;Konkursy&#8221;. Nagrody zwyci\u0119zcom wr\u0119cza\u0142 Dyrektor szko\u0142y oraz prodziekan do spraw naukowych Wydzia\u0142u Mechatroniki i Lotnictwa WAT dr hab. in\u017c. Zbigniew Leciejewski fundator nagr\u00f3d oraz wsparcia finansowego dla wykonawc\u00f3w prac. Specjalne wyr\u00f3\u017cnienie podczas Gali otrzyma\u0142 ko\u0144cz\u0105cy trzyletnie przewodniczenie Radzie Rodzic\u00f3w Pan Marek Twardowski, kt\u00f3ry otrzyma\u0142 podzi\u0119kowania za pe\u0142n\u0105 po\u015bwi\u0119cenia i zaanga\u017cowania prac\u0119 na rzecz szko\u0142y oraz pami\u0105tkow\u0105 statuetk\u0119.<br \/>\nPo cz\u0119\u015bci oficjalnej, nast\u0105pi\u0142a cz\u0119\u015b\u0107 artystyczna. Tutaj niezwykle szeroki wachlarz talent\u00f3w zaprezentowali sami wyr\u00f3\u017cnieni. Pi\u0119kne wyst\u0119py wokalne, gra na wiolonczeli, recytacja &#8211; zachwyci\u0142y wszystkich. Nie zabrak\u0142o te\u017c pozdrowie\u0144 od Rady Pedagogicznej dla rodzic\u00f3w, kt\u00f3re zaprezentowano w postaci ciekawego filmiku, nagranego w tym celu. Wszystko zwie\u0144czy\u0142a sympatyczna biesiada i smaczny pocz\u0119stunek.<\/p>\n<p style=\"text-align: justify;\"><a href=\"http:\/\/pedagog.zsme.pl\/wp-content\/uploads\/2017\/03\/2_15-1.jpg\"><img loading=\"lazy\" decoding=\"async\" class=\"alignnone size-full wp-image-183\" src=\"http:\/\/pedagog.zsme.pl\/wp-content\/uploads\/2017\/03\/2_15-1.jpg\" alt=\"\" width=\"960\" height=\"639\" srcset=\"http:\/\/pedagog.zsme.pl\/wp-content\/uploads\/2017\/03\/2_15-1.jpg 960w, http:\/\/pedagog.zsme.pl\/wp-content\/uploads\/2017\/03\/2_15-1-300x200.jpg 300w, http:\/\/pedagog.zsme.pl\/wp-content\/uploads\/2017\/03\/2_15-1-768x511.jpg 768w\" sizes=\"(max-width: 709px) 85vw, (max-width: 909px) 67vw, (max-width: 1362px) 62vw, 840px\" \/><\/a><\/p>\n<p style=\"text-align: justify;\"><a href=\"http:\/\/pedagog.zsme.pl\/wp-content\/uploads\/2017\/03\/3_15.jpg\"><img loading=\"lazy\" decoding=\"async\" class=\"alignnone size-full wp-image-184\" src=\"http:\/\/pedagog.zsme.pl\/wp-content\/uploads\/2017\/03\/3_15.jpg\" alt=\"\" width=\"960\" height=\"640\" srcset=\"http:\/\/pedagog.zsme.pl\/wp-content\/uploads\/2017\/03\/3_15.jpg 960w, http:\/\/pedagog.zsme.pl\/wp-content\/uploads\/2017\/03\/3_15-300x200.jpg 300w, http:\/\/pedagog.zsme.pl\/wp-content\/uploads\/2017\/03\/3_15-768x512.jpg 768w\" sizes=\"(max-width: 709px) 85vw, (max-width: 909px) 67vw, (max-width: 1362px) 62vw, 840px\" \/><\/a><\/p>\n","protected":false},"excerpt":{"rendered":"<p>Ucze\u0144 na medal 2018 11 gala \u201eUcze\u0144 na medal\u201d ju\u017c za nami. Wsp\u00f3lne spotkanie wyr\u00f3\u017cnionych uczni\u00f3w,\u00a0 ich rodzic\u00f3w, Dyrektora i wychowawc\u00f3w przebiega\u0142o w bardzo podnios\u0142ej atmosferze. Swoj\u0105 obecno\u015bci\u0105 zaszczycili nas: dr hab. in\u017c. Stanis\u0142aw Kachel \u2013 dziekan oraz Zdzis\u0142aw Rochala prodziekan ds. studenckich Wydzia\u0142u Mechatroniki i Lotnictwa Wojskowej Akademii Technicznej w Warszawie. Go\u015bcili\u015bmy r\u00f3wnie\u017c pani\u0105 &hellip; <a href=\"http:\/\/pedagog.zsme.pl\/aktualnosci\/profilaktyka\/uczen-na-medal\/\" class=\"more-link\">Czytaj dalej<span class=\"screen-reader-text\"> Ucze\u0144 na medal<\/span><\/a><\/p>\n","protected":false},"author":2,"featured_media":182,"parent":40,"menu_order":0,"comment_status":"closed","ping_status":"closed","template":"","meta":{"footnotes":""},"_links":{"self":[{"href":"http:\/\/pedagog.zsme.pl\/aktualnosci\/wp-json\/wp\/v2\/pages\/181"}],"collection":[{"href":"http:\/\/pedagog.zsme.pl\/aktualnosci\/wp-json\/wp\/v2\/pages"}],"about":[{"href":"http:\/\/pedagog.zsme.pl\/aktualnosci\/wp-json\/wp\/v2\/types\/page"}],"author":[{"embeddable":true,"href":"http:\/\/pedagog.zsme.pl\/aktualnosci\/wp-json\/wp\/v2\/users\/2"}],"replies":[{"embeddable":true,"href":"http:\/\/pedagog.zsme.pl\/aktualnosci\/wp-json\/wp\/v2\/comments?post=181"}],"version-history":[{"count":12,"href":"http:\/\/pedagog.zsme.pl\/aktualnosci\/wp-json\/wp\/v2\/pages\/181\/revisions"}],"predecessor-version":[{"id":902,"href":"http:\/\/pedagog.zsme.pl\/aktualnosci\/wp-json\/wp\/v2\/pages\/181\/revisions\/902"}],"up":[{"embeddable":true,"href":"http:\/\/pedagog.zsme.pl\/aktualnosci\/wp-json\/wp\/v2\/pages\/40"}],"wp:featuredmedia":[{"embeddable":true,"href":"http:\/\/pedagog.zsme.pl\/aktualnosci\/wp-json\/wp\/v2\/media\/182"}],"wp:attachment":[{"href":"http:\/\/pedagog.zsme.pl\/aktualnosci\/wp-json\/wp\/v2\/media?parent=181"}],"curies":[{"name":"wp","href":"https:\/\/api.w.org\/{rel}","templated":true}]}}