{"id":158,"date":"2017-03-30T07:50:31","date_gmt":"2017-03-30T06:50:31","guid":{"rendered":"http:\/\/pedagog.zsme.pl\/wordpress\/?page_id=158"},"modified":"2019-01-04T10:13:10","modified_gmt":"2019-01-04T09:13:10","slug":"swiateczna-paczka","status":"publish","type":"page","link":"http:\/\/pedagog.zsme.pl\/aktualnosci\/profilaktyka\/swiateczna-paczka\/","title":{"rendered":"\u015awi\u0105teczna Paczka"},"content":{"rendered":"<p>\u015awi\u0119ta Bo\u017cego Narodzenia to wyj\u0105tkowy czas. Czas, w kt\u00f3rym odkrywamy nasze lepsze ja i szerzej otwieramy serce na drugiego cz\u0142owieka. Dzielimy si\u0119 tym co mamy, by potrzebuj\u0105cy pomocy r\u00f3wnie\u017c mogli poczu\u0107\u00a0<span class=\"highlightNode\">\u015bwi\u0105teczn\u0105\u00a0<\/span>atmosfer\u0119. Bywaj\u0105 trudne sytuacje \u017cyciowe, kt\u00f3re cz\u0119sto pojawiaj\u0105 si\u0119 w najmniej oczekiwanym momencie \u2013 wtedy w\u0142a\u015bnie pomoc ma najwi\u0119kszy sens. W tegorocznej edycji \u015awi\u0105tecznej\u00a0<span class=\"highlightNode\">Paczki<\/span>\u00a0Mechanika zebrali\u015bmy 3120 z\u0142otych. Rado\u015b\u0107 spra<span class=\"text_exposed_show\">wili\u015bmy pi\u0119ciu rodzinom. Dzi\u0119kujemy wszystkim za zaanga\u017cowanie i serce. Pami\u0119tajmy: Wi\u0119cej szcz\u0119\u015bcia jest w dawaniu, ani\u017celi w braniu. Dzi\u0119kujemy WSZYSTKIM za okazane serce i zaanga\u017cowanie w NASZ\u0104 WSP\u00d3LN\u0104 akcj\u0119!<br \/>\nNiech magiczna moc wigilijnego wieczoru przyniesie Wam spok\u00f3j i rado\u015b\u0107. Niech ka\u017cda chwila \u015bwi\u0105t Bo\u017cego Narodzenia \u017cyje w\u0142asnym pi\u0119knem, a Nowy Rok obdaruje Was pomy\u015blno\u015bci i szcz\u0119\u015bciem. Najpi\u0119kniejszych \u015bwi\u0105t Bo\u017cego Narodzenia \u017cyczy:<\/span><\/p>\n<div class=\"text_exposed_show\">\n<p>DRU\u017bYNA \u015aWI\u0104TECZNEJ\u00a0<span class=\"highlightNode\">PACZKI<\/span>\u00a0MECHANIKA<\/p>\n<p><img loading=\"lazy\" decoding=\"async\" class=\"alignnone size-medium wp-image-1045\" src=\"http:\/\/pedagog.zsme.pl\/wp-content\/uploads\/2019\/01\/1-300x136.jpg\" alt=\"\" width=\"300\" height=\"136\" srcset=\"http:\/\/pedagog.zsme.pl\/wp-content\/uploads\/2019\/01\/1-300x136.jpg 300w, http:\/\/pedagog.zsme.pl\/wp-content\/uploads\/2019\/01\/1-768x347.jpg 768w, http:\/\/pedagog.zsme.pl\/wp-content\/uploads\/2019\/01\/1.jpg 960w\" sizes=\"(max-width: 300px) 85vw, 300px\" \/><\/p>\n<\/div>\n<p>&nbsp;<\/p>\n<p>Szanowni Darczy\u0144cy,<\/p>\n<p>Jeste\u015bmy bardzo wzruszeni Wasz\u0105 postaw\u0105. W tegorocznej edycji \u015awi\u0105tecznej paczki Mechanika pobili\u015bmy rekord! Zebrali\u015bmy 5225 z\u0142otych! Dzi\u0119ki Waszej hojno\u015bci zakupili\u015bmy dla chorego Patryka odzie\u017c z ulubionymi postaciami bajkowymi. Bardzo si\u0119 cieszy\u0142 rozpakowuj\u0105c torby z podarunkami. Pomoc dotar\u0142a r\u00f3wnie\u017c do os\u00f3b, kt\u00f3re dotkni\u0119te zosta\u0142y chorob\u0105, nieszcz\u0119\u015bciami i trudn\u0105 sytuacj\u0105 \u017cyciow\u0105. Zgodzicie si\u0119 z nami, \u017ce: Wi\u0119cej szcz\u0119\u015bcia jest w dawaniu, ani\u017celi w braniu. Dzi\u0119kujemy WSZYSTKIM za okazane serce i zaanga\u017cowanie w NASZ\u0104 WSP\u00d3LN\u0104 akcj\u0119!<\/p>\n<p>Niech magiczna moc wigilijnego wieczoru przyniesie Wam spok\u00f3j i rado\u015b\u0107. Niech ka\u017cda chwila \u015bwi\u0105t Bo\u017cego Narodzenia \u017cyje w\u0142asnym pi\u0119knem, a Nowy Rok obdaruje Was pomy\u015blno\u015bci i szcz\u0119\u015bciem. Najpi\u0119kniejszych \u015bwi\u0105t Bo\u017cego Narodzenia \u017cyczy:<\/p>\n<p>DRU\u017bYNA \u015aWI\u0104TECZNEJ PACZKI MECHANIKA<\/p>\n<div id='gallery-1' class='gallery galleryid-158 gallery-columns-3 gallery-size-thumbnail'><figure class='gallery-item'>\n\t\t\t<div class='gallery-icon landscape'>\n\t\t\t\t<a href='http:\/\/pedagog.zsme.pl\/wp-content\/uploads\/2017\/03\/paczka-1-1.jpg'><img loading=\"lazy\" decoding=\"async\" width=\"150\" height=\"150\" src=\"http:\/\/pedagog.zsme.pl\/wp-content\/uploads\/2017\/03\/paczka-1-1-150x150.jpg\" class=\"attachment-thumbnail size-thumbnail\" alt=\"\" srcset=\"http:\/\/pedagog.zsme.pl\/wp-content\/uploads\/2017\/03\/paczka-1-1-150x150.jpg 150w, http:\/\/pedagog.zsme.pl\/wp-content\/uploads\/2017\/03\/paczka-1-1-100x100.jpg 100w\" sizes=\"(max-width: 150px) 85vw, 150px\" \/><\/a>\n\t\t\t<\/div><\/figure><figure class='gallery-item'>\n\t\t\t<div class='gallery-icon landscape'>\n\t\t\t\t<a href='http:\/\/pedagog.zsme.pl\/wp-content\/uploads\/2017\/03\/paczka-2-1.jpg'><img loading=\"lazy\" decoding=\"async\" width=\"150\" height=\"150\" src=\"http:\/\/pedagog.zsme.pl\/wp-content\/uploads\/2017\/03\/paczka-2-1-150x150.jpg\" class=\"attachment-thumbnail size-thumbnail\" alt=\"\" srcset=\"http:\/\/pedagog.zsme.pl\/wp-content\/uploads\/2017\/03\/paczka-2-1-150x150.jpg 150w, http:\/\/pedagog.zsme.pl\/wp-content\/uploads\/2017\/03\/paczka-2-1-100x100.jpg 100w\" sizes=\"(max-width: 150px) 85vw, 150px\" \/><\/a>\n\t\t\t<\/div><\/figure><figure class='gallery-item'>\n\t\t\t<div class='gallery-icon landscape'>\n\t\t\t\t<a href='http:\/\/pedagog.zsme.pl\/wp-content\/uploads\/2017\/03\/paczka-3-1.jpg'><img loading=\"lazy\" decoding=\"async\" width=\"150\" height=\"150\" src=\"http:\/\/pedagog.zsme.pl\/wp-content\/uploads\/2017\/03\/paczka-3-1-150x150.jpg\" class=\"attachment-thumbnail size-thumbnail\" alt=\"\" srcset=\"http:\/\/pedagog.zsme.pl\/wp-content\/uploads\/2017\/03\/paczka-3-1-150x150.jpg 150w, http:\/\/pedagog.zsme.pl\/wp-content\/uploads\/2017\/03\/paczka-3-1-100x100.jpg 100w\" sizes=\"(max-width: 150px) 85vw, 150px\" \/><\/a>\n\t\t\t<\/div><\/figure><figure class='gallery-item'>\n\t\t\t<div class='gallery-icon landscape'>\n\t\t\t\t<a href='http:\/\/pedagog.zsme.pl\/wp-content\/uploads\/2017\/03\/paczka-4-1.jpg'><img loading=\"lazy\" decoding=\"async\" width=\"150\" height=\"150\" src=\"http:\/\/pedagog.zsme.pl\/wp-content\/uploads\/2017\/03\/paczka-4-1-150x150.jpg\" class=\"attachment-thumbnail size-thumbnail\" alt=\"\" srcset=\"http:\/\/pedagog.zsme.pl\/wp-content\/uploads\/2017\/03\/paczka-4-1-150x150.jpg 150w, http:\/\/pedagog.zsme.pl\/wp-content\/uploads\/2017\/03\/paczka-4-1-100x100.jpg 100w\" sizes=\"(max-width: 150px) 85vw, 150px\" \/><\/a>\n\t\t\t<\/div><\/figure><figure class='gallery-item'>\n\t\t\t<div class='gallery-icon landscape'>\n\t\t\t\t<a href='http:\/\/pedagog.zsme.pl\/wp-content\/uploads\/2017\/03\/paczka-5-1.jpg'><img loading=\"lazy\" decoding=\"async\" width=\"150\" height=\"150\" src=\"http:\/\/pedagog.zsme.pl\/wp-content\/uploads\/2017\/03\/paczka-5-1-150x150.jpg\" class=\"attachment-thumbnail size-thumbnail\" alt=\"\" srcset=\"http:\/\/pedagog.zsme.pl\/wp-content\/uploads\/2017\/03\/paczka-5-1-150x150.jpg 150w, http:\/\/pedagog.zsme.pl\/wp-content\/uploads\/2017\/03\/paczka-5-1-100x100.jpg 100w\" sizes=\"(max-width: 150px) 85vw, 150px\" \/><\/a>\n\t\t\t<\/div><\/figure><figure class='gallery-item'>\n\t\t\t<div class='gallery-icon landscape'>\n\t\t\t\t<a href='http:\/\/pedagog.zsme.pl\/wp-content\/uploads\/2017\/03\/paczka-6-1.jpg'><img loading=\"lazy\" decoding=\"async\" width=\"150\" height=\"150\" src=\"http:\/\/pedagog.zsme.pl\/wp-content\/uploads\/2017\/03\/paczka-6-1-150x150.jpg\" class=\"attachment-thumbnail size-thumbnail\" alt=\"\" srcset=\"http:\/\/pedagog.zsme.pl\/wp-content\/uploads\/2017\/03\/paczka-6-1-150x150.jpg 150w, http:\/\/pedagog.zsme.pl\/wp-content\/uploads\/2017\/03\/paczka-6-1-100x100.jpg 100w\" sizes=\"(max-width: 150px) 85vw, 150px\" \/><\/a>\n\t\t\t<\/div><\/figure><figure class='gallery-item'>\n\t\t\t<div class='gallery-icon portrait'>\n\t\t\t\t<a href='http:\/\/pedagog.zsme.pl\/wp-content\/uploads\/2017\/03\/paczka-7-1.jpg'><img loading=\"lazy\" decoding=\"async\" width=\"150\" height=\"150\" src=\"http:\/\/pedagog.zsme.pl\/wp-content\/uploads\/2017\/03\/paczka-7-1-150x150.jpg\" class=\"attachment-thumbnail size-thumbnail\" alt=\"\" srcset=\"http:\/\/pedagog.zsme.pl\/wp-content\/uploads\/2017\/03\/paczka-7-1-150x150.jpg 150w, http:\/\/pedagog.zsme.pl\/wp-content\/uploads\/2017\/03\/paczka-7-1-100x100.jpg 100w\" sizes=\"(max-width: 150px) 85vw, 150px\" \/><\/a>\n\t\t\t<\/div><\/figure><figure class='gallery-item'>\n\t\t\t<div class='gallery-icon portrait'>\n\t\t\t\t<a href='http:\/\/pedagog.zsme.pl\/wp-content\/uploads\/2017\/03\/paczka-8-1.jpg'><img loading=\"lazy\" decoding=\"async\" width=\"150\" height=\"150\" src=\"http:\/\/pedagog.zsme.pl\/wp-content\/uploads\/2017\/03\/paczka-8-1-150x150.jpg\" class=\"attachment-thumbnail size-thumbnail\" alt=\"\" srcset=\"http:\/\/pedagog.zsme.pl\/wp-content\/uploads\/2017\/03\/paczka-8-1-150x150.jpg 150w, http:\/\/pedagog.zsme.pl\/wp-content\/uploads\/2017\/03\/paczka-8-1-100x100.jpg 100w\" sizes=\"(max-width: 150px) 85vw, 150px\" \/><\/a>\n\t\t\t<\/div><\/figure>\n\t\t<\/div>\n\n<h6 style=\"text-align: justify;\">Wszyscy jeste\u015bmy \u015awi\u0119tymi Miko\u0142ajami<\/h6>\n<p style=\"text-align: justify;\">Ju\u017c od kilku lat chlubnym zwyczajem naszej szko\u0142y jest zbi\u00f3rka pieni\u0119dzy na &#8222;\u015awi\u0105teczn\u0105 Paczk\u0119&#8221;. To rodzaj akcji na miar\u0119 tej, kt\u00f3r\u0105 znamy pod has\u0142em og\u00f3lnopolskiej &#8222;Szlachetnej Paczki&#8221;. My jednak zbieramy dla tych, kt\u00f3ry s\u0105 blisko nas &#8211; potrzebuj\u0105cych uczni\u00f3w naszej szko\u0142y lub ich rodzin.<\/p>\n<p style=\"text-align: justify;\">Jeste\u015bmy niezmiernie wzruszeni, \u017ce w tym roku tak hojnie wsparli\u015bcie <b><u>nasz\u0105 szkoln\u0105<\/u><\/b> akcj\u0119 &#8222;\u015awi\u0105teczna paczka&#8221;! Uda\u0142o NAM si\u0119 zebra\u0107 <b><u><i>4.297,30 z\u0142otych<\/i><\/u><\/b>. Dzi\u0119ki WASZEJ postawie mogli\u015bmy wesprze\u0107 ludzi, kt\u00f3rzy znale\u017ali si\u0119 w bardzo trudnej sytuacji z uwagi na problemy zdrowotne.<\/p>\n<p class=\"fonter\" style=\"text-align: justify;\">Zbierali\u015bmy pieni\u0105dze dla <b>Moniki<\/b>, siostry jednego z naszych uczni\u00f3w \/ koleg\u00f3w, kt\u00f3ra nie tak dawno wygra\u0142a walk\u0119 z rakiem, a teraz walczy o to, aby wsta\u0107 z w\u00f3zka inwalidzkiego.<\/p>\n<p class=\"fonter\" style=\"text-align: justify;\">We wtorek, 20 grudnia, odwiedzili\u015bmy Monik\u0119, aby wr\u0119czy\u0107 jej uzbieran\u0105 kwot\u0119, potrzebn\u0105 na turnus rehabilitacyjny. To, co zobaczyli\u015bmy na d\u0142ugo pozostanie w naszej pami\u0119ci &#8211; \u015bliczna, m\u0142odziutka dziewczyna (przed chorob\u0105 pi\u0119kna blondynka o d\u0142ugich w\u0142osach) dzi\u015b walczy o powr\u00f3t do normalnego \u017cycia. Na co dzie\u0144 praktycznie uwi\u0119ziona w pokoiku na czwartym pi\u0119trze, marzy o tym, \u017ceby samodzielnie wyj\u015b\u0107 na podw\u00f3rko. Szans\u0105 na to, \u017ce Monika kiedykolwiek b\u0119dzie chodzi\u0107, s\u0105 d\u0142ugie turnusy rehabilitacyjne i to w\u0142a\u015bnie na ten cel zbierali\u015bmy pieni\u0105dze.<\/p>\n<p class=\"fonter\" style=\"text-align: justify;\">Wsparli\u015bmy r\u00f3wnie\u017c <b>Dawida<\/b>, ucznia pierwszej klasy ZSZ i jego brata. Obaj ch\u0142opcy choruj\u0105 na raka. Ojciec odbieraj\u0105c pieni\u0105dze prosi\u0142 ze wzruszeniem, by podzi\u0119kowa\u0107 wszystkim za ten dar i pami\u0119\u0107. Mie\u0107 dwoje dzieci tak ci\u0119\u017cko chorych to naprawd\u0119 dramat.<\/p>\n<p class=\"fonter\" style=\"text-align: justify;\"><b>Pan Staszek<\/b> ze \u0142zami w oczach odebra\u0142 pieni\u0105dze i paczk\u0119 z zabawkami dla swojego chorego wnuka. Dzi\u0119kuje Wam wszystkim za wsparcie i gest w imieniu swoim, c\u00f3rki i wnuka.<\/p>\n<p class=\"fonter\" style=\"text-align: justify;\">Za Wasz\u0105 ogromn\u0105 hojno\u015b\u0107 &#8211; serdecznie dzi\u0119kujemy.<\/p>\n<p class=\"fonter\" style=\"text-align: justify;\">Gabrysia i Bo\u017cena<\/p>\n<hr \/>\n<p class=\"fonter\" style=\"text-align: justify;\">Drodzy Wychowawcy,<br \/>\nZgodnie z nasz\u0105 tradycj\u0105 corocznie organizujemy \u015awi\u0105teczn\u0105 paczk\u0119 na szczeg\u00f3lnie potrzebuj\u0105cych. W tym roku zwracamy si\u0119 z pro\u015bb\u0105 o zaanga\u017cowanie w zbi\u00f3rce pieni\u0119dzy na rzecz m\u0142odej dziewczyny (siostry naszego ucznia), kt\u00f3ra zmaga si\u0119 z choroba nowotworow\u0105. Monika &#8211; wychowanica rodziny zast\u0119pczej &#8211; jest po operacji usuni\u0119cia nowotworu kr\u0119gos\u0142upa &#8211; tylko cz\u0119\u015bciowo, gdy\u017c guz ulokowany jest za blisko rdzenia kr\u0119gowego i lekarze boj\u0105 si\u0119 podj\u0105\u0107 ryzyka jego ca\u0142kowitego wyci\u0119cia. Choroba Moniki zbieg\u0142a si\u0119 z etapem uzyskania przez dziewczyn\u0119 pe\u0142noletno\u015bci i po operacji, zamiast z powrotem do rodziny zast\u0119pczej, Monika trafi\u0142a do hospicjum. Utrzymuje si\u0119 z renty socjalnej, kt\u00f3ra nie wystarczaj\u0105 na pokrycie bie\u017c\u0105cych potrzeb, a co dopiero na \u015brodki medyczne. Monika przez d\u0142u\u017cszy okres czasu le\u017ca\u0142a ob\u0142o\u017cnie chora, w tej chwili porusza si\u0119 przy pomocy balkonika (ma niedow\u0142ad ko\u0144czyn). Jedyn\u0105 pomoc\u0105 fizyczn\u0105 &#8211; zakupy, sprz\u0105tanie, pomoc w poruszaniu si\u0119, ale i materialn\u0105 stanowi jej brat, kt\u00f3ry codziennie po lekcjach je\u017adzi do siostry i opiekuje si\u0119 ni\u0105 do p\u00f3\u017anych godzin wieczornych. Z rozmowy z opiekunem zast\u0119pczym wynika te\u017c, \u017ce ch\u0142opiec wspiera swoj\u0105 siostr\u0119 finansowo &#8211; swoje kieszonkowe przeznacza na potrzeby bie\u017c\u0105ce i rehabilitacyjne siostry.<br \/>\nChcia\u0142yby\u015bmy, aby spo\u0142eczno\u015b\u0107 szkolna swoim gestem da\u0142a wyraz temu, \u017ce ucze\u0144 nie jest osamotniony w wysi\u0142ku o ratowanie zdrowia siostry. Traumatyczne prze\u017cycia z dzieci\u0144stwa (\u015bmier\u0107 matki, niew\u0142a\u015bciwa opieka pierwszej rodziny zast\u0119pczej) spowodowa\u0142y, \u017ce ch\u0142opiec straci\u0142 wiar\u0119 w szczero\u015b\u0107 \u015bwiata ludzi doros\u0142ych.<\/p>\n<p class=\"fonter\" style=\"text-align: justify;\">Z wyrazami szacunku<\/p>\n<p class=\"fonter\" style=\"text-align: justify;\">Gabriela \u015aliwi\u0144ska i Bo\u017cena Paniczek<\/p>\n<div id='gallery-2' class='gallery galleryid-158 gallery-columns-1 gallery-size-full'><figure class='gallery-item'>\n\t\t\t<div class='gallery-icon landscape'>\n\t\t\t\t<a href='http:\/\/pedagog.zsme.pl\/aktualnosci\/profilaktyka\/swiateczna-paczka\/1_13-2\/'><img loading=\"lazy\" decoding=\"async\" width=\"640\" height=\"480\" src=\"http:\/\/pedagog.zsme.pl\/wp-content\/uploads\/2017\/03\/1_13-1.jpg\" class=\"attachment-full size-full\" alt=\"\" srcset=\"http:\/\/pedagog.zsme.pl\/wp-content\/uploads\/2017\/03\/1_13-1.jpg 640w, http:\/\/pedagog.zsme.pl\/wp-content\/uploads\/2017\/03\/1_13-1-300x225.jpg 300w\" sizes=\"(max-width: 640px) 85vw, 640px\" \/><\/a>\n\t\t\t<\/div><\/figure><figure class='gallery-item'>\n\t\t\t<div class='gallery-icon landscape'>\n\t\t\t\t<a href='http:\/\/pedagog.zsme.pl\/aktualnosci\/profilaktyka\/swiateczna-paczka\/2_13\/'><img loading=\"lazy\" decoding=\"async\" width=\"640\" height=\"480\" src=\"http:\/\/pedagog.zsme.pl\/wp-content\/uploads\/2017\/03\/2_13.jpg\" class=\"attachment-full size-full\" alt=\"\" srcset=\"http:\/\/pedagog.zsme.pl\/wp-content\/uploads\/2017\/03\/2_13.jpg 640w, http:\/\/pedagog.zsme.pl\/wp-content\/uploads\/2017\/03\/2_13-300x225.jpg 300w\" sizes=\"(max-width: 640px) 85vw, 640px\" \/><\/a>\n\t\t\t<\/div><\/figure><figure class='gallery-item'>\n\t\t\t<div class='gallery-icon landscape'>\n\t\t\t\t<a href='http:\/\/pedagog.zsme.pl\/aktualnosci\/profilaktyka\/swiateczna-paczka\/3_13\/'><img loading=\"lazy\" decoding=\"async\" width=\"640\" height=\"480\" src=\"http:\/\/pedagog.zsme.pl\/wp-content\/uploads\/2017\/03\/3_13.jpg\" class=\"attachment-full size-full\" alt=\"\" srcset=\"http:\/\/pedagog.zsme.pl\/wp-content\/uploads\/2017\/03\/3_13.jpg 640w, http:\/\/pedagog.zsme.pl\/wp-content\/uploads\/2017\/03\/3_13-300x225.jpg 300w\" sizes=\"(max-width: 640px) 85vw, 640px\" \/><\/a>\n\t\t\t<\/div><\/figure>\n\t\t<\/div>\n\n<hr \/>\n<p style=\"text-align: justify;\">W imieniu rodzin obdarowanych dzi\u0119kuj\u0119 Wam za w\u0142\u0105czenie si\u0119 w tegoroczn\u0105 akcj\u0119 &#8222;\u015awi\u0105tecznej paczki&#8221;. Zebrali\u015bmy 3366,4 z\u0142otych!!! Dzi\u0119kuj\u0119 Gronu Pedagogicznemu, uczniom, pracownikom administracji szko\u0142y, Radzie Rodzic\u00f3w, Samorz\u0105dowi Uczniowskiemu za okazanie serca. Z zebranych pieni\u0119dzy zakupiono: odzie\u017c, obuwie, \u015brodki czysto\u015bci, \u017cywno\u015b\u0107, lekarstwa. Ponadto op\u0142acono rachunki za pr\u0105d. Tym razem pomogli\u015bcie 2 rodzinom uczni\u00f3w naszej spo\u0142eczno\u015bci &#8211; SZKO\u0141Y. Rodzice tych uczni\u00f3w ci\u0119\u017cko zachorowali, dlatego znale\u017ali si\u0119 w trudnej sytuacji finansowej. Dzi\u0119ki WAM mog\u0105 w rado\u015bci sp\u0119dzi\u0107 \u015awi\u0119ta Bo\u017cego Narodzenia. Spotykaj\u0105c si\u0119 z tymi rodzinami widzia\u0142am w ich oczach rado\u015b\u0107 i wzruszenie oraz wdzi\u0119czno\u015b\u0107.<br \/>\nBo\u017cena Paniczek &#8211; pedagog szkolny<\/p>\n<hr \/>\n<p style=\"text-align: justify;\"><b><i>Najbardziej niezmiennym i wa\u017cnym pytaniem \u017cycia jest: &#8222;Co robisz dla innych?&#8221;<\/i><\/b> &#8211; Martin Luther King Jr. Sk\u0142adamy serdeczne podzi\u0119kowania Spo\u0142eczno\u015bci Zespo\u0142u Szk\u00f3\u0142 Mechaniczno &#8211; Elektrycznych im. T. Ko\u015bciuszki za bezinteresown\u0105 pomoc i zebranie funduszy na zakup najbardziej potrzebnych rzeczy dla rodziny ucznia naszej szko\u0142y, kt\u00f3r\u0105 dotkn\u0119\u0142a tragedia &#8211; po\u017car, kt\u00f3ry poch\u0142on\u0105\u0142 wi\u0119kszo\u015b\u0107 dorobku ca\u0142ego \u017cycia. Dzi\u0119kujemy za okazane wsparcie finansowe, kt\u00f3re traktujemy jako wyraz dobroci i ch\u0119ci niesienia pomocy potrzebuj\u0105cym &#8211; co jest dowodem istnienia ludzi dobrej woli, na kt\u00f3rych mo\u017cna polega\u0107. Ten wielki dar serca pomo\u017ce zapewni\u0107 normalne warunki rodzinie w codziennym \u017cyciu. 17 grudnia 2013 roku \u015bwi\u0105teczne prezenty trafi\u0142y do rodziny. Kiedy\u015b Jan Pawe\u0142 II powiedzia\u0142 &#8222;Cz\u0142owiek jest wielki nie przez to, co ma, nie przez to kim jest, lecz przez to, czym dzieli si\u0119 z innymi&#8221;. S\u0105 to pi\u0119kne s\u0142owa, kt\u00f3rymi powinni\u015bmy si\u0119 kierowa\u0107 w \u017cyciu. Pomoc ludziom, a szczeg\u00f3lnie tym nieznanym mno\u017cy dobro i si\u0142y w naszym sercu, daje nam satysfakcj\u0119 i nagrod\u0119 w postaci u\u015bmiechu obdarowanego. To jest znacznie przyjemniejsze ni\u017c wyrzuty sumienia, \u017ce nic nie zrobili\u015bmy. Zwyk\u0142e &#8222;dzi\u0119kuj\u0119&#8221; staje si\u0119 niezwyk\u0142ym s\u0142owem.<\/p>\n<hr \/>\n<p style=\"text-align: justify;\"><strong>\u015awi\u0105teczna paczka<br \/>\n24 grudzie\u0144 2014<\/strong><\/p>\n<p style=\"text-align: justify;\">W imieniu obdarowanych rodzin sk\u0142adam podzi\u0119kowania za okazanie serca. W tegorocznej akcji \u015awi\u0105teczna paczka zebrali\u015bmy rekordow\u0105 ilo\u015b\u0107 pieni\u0119dzy &#8211; 3. 442 z\u0142otych! Zebran\u0105 kwot\u0119 przeznaczyli\u015bmy na zakup ciep\u0142ej odzie\u017cy, but\u00f3w zimowych, chemii gospodarczej, sprz\u0119tu AGD, bon\u00f3w \u017cywno\u015bciowych, po\u015bcieli i innych przedmiot\u00f3w codziennego u\u017cytku. Pomoc\u0105 obj\u0119li\u015bmy dwie rodziny uczni\u00f3w naszej szko\u0142y, kt\u00f3re znalaz\u0142y si\u0119 w bardzo ci\u0119\u017ckiej sytuacji \u017cyciowej. Robi\u0105c zakupy z cz\u0142onkami tych rodzin widzia\u0142am ich wzruszenie na twarzy. \u015awi\u0105teczna paczka to nie tylko pomoc materialna, ale przede wszystkim impuls i si\u0142a do dzia\u0142ania, przezwyci\u0119\u017cania beznadziejno\u015bci \u017cycia codziennego i sygna\u0142, \u017ce rodziny nie s\u0105 same. Szcz\u0119\u015bliwych, koj\u0105cych, prze\u017cytych w zgodzie ze \u015bwiatem i z sob\u0105 samym, pe\u0142nych serdeczno\u015bci i mi\u0142o\u015bci \u015bwi\u0105t Bo\u017cego Narodzenia \u017cyczy &#8222;zesp\u00f3\u0142 \u015awi\u0105tecznej Paczki&#8221;.<\/p>\n","protected":false},"excerpt":{"rendered":"<p>\u015awi\u0119ta Bo\u017cego Narodzenia to wyj\u0105tkowy czas. Czas, w kt\u00f3rym odkrywamy nasze lepsze ja i szerzej otwieramy serce na drugiego cz\u0142owieka. Dzielimy si\u0119 tym co mamy, by potrzebuj\u0105cy pomocy r\u00f3wnie\u017c mogli poczu\u0107\u00a0\u015bwi\u0105teczn\u0105\u00a0atmosfer\u0119. Bywaj\u0105 trudne sytuacje \u017cyciowe, kt\u00f3re cz\u0119sto pojawiaj\u0105 si\u0119 w najmniej oczekiwanym momencie \u2013 wtedy w\u0142a\u015bnie pomoc ma najwi\u0119kszy sens. W tegorocznej edycji \u015awi\u0105tecznej\u00a0Paczki\u00a0Mechanika zebrali\u015bmy &hellip; <a href=\"http:\/\/pedagog.zsme.pl\/aktualnosci\/profilaktyka\/swiateczna-paczka\/\" class=\"more-link\">Czytaj dalej<span class=\"screen-reader-text\"> \u015awi\u0105teczna Paczka<\/span><\/a><\/p>\n","protected":false},"author":2,"featured_media":163,"parent":40,"menu_order":0,"comment_status":"closed","ping_status":"closed","template":"","meta":{"footnotes":""},"_links":{"self":[{"href":"http:\/\/pedagog.zsme.pl\/aktualnosci\/wp-json\/wp\/v2\/pages\/158"}],"collection":[{"href":"http:\/\/pedagog.zsme.pl\/aktualnosci\/wp-json\/wp\/v2\/pages"}],"about":[{"href":"http:\/\/pedagog.zsme.pl\/aktualnosci\/wp-json\/wp\/v2\/types\/page"}],"author":[{"embeddable":true,"href":"http:\/\/pedagog.zsme.pl\/aktualnosci\/wp-json\/wp\/v2\/users\/2"}],"replies":[{"embeddable":true,"href":"http:\/\/pedagog.zsme.pl\/aktualnosci\/wp-json\/wp\/v2\/comments?post=158"}],"version-history":[{"count":8,"href":"http:\/\/pedagog.zsme.pl\/aktualnosci\/wp-json\/wp\/v2\/pages\/158\/revisions"}],"predecessor-version":[{"id":1047,"href":"http:\/\/pedagog.zsme.pl\/aktualnosci\/wp-json\/wp\/v2\/pages\/158\/revisions\/1047"}],"up":[{"embeddable":true,"href":"http:\/\/pedagog.zsme.pl\/aktualnosci\/wp-json\/wp\/v2\/pages\/40"}],"wp:featuredmedia":[{"embeddable":true,"href":"http:\/\/pedagog.zsme.pl\/aktualnosci\/wp-json\/wp\/v2\/media\/163"}],"wp:attachment":[{"href":"http:\/\/pedagog.zsme.pl\/aktualnosci\/wp-json\/wp\/v2\/media?parent=158"}],"curies":[{"name":"wp","href":"https:\/\/api.w.org\/{rel}","templated":true}]}}